{"id":7851,"date":"2022-04-15T09:21:56","date_gmt":"2022-04-15T08:21:56","guid":{"rendered":"https:\/\/artcircle.si\/gallery\/art-collections-2022\/"},"modified":"2022-04-15T09:21:56","modified_gmt":"2022-04-15T08:21:56","slug":"art-collections-2022","status":"publish","type":"page","link":"https:\/\/artcircle.si\/en\/gallery\/art-collections-2022\/","title":{"rendered":"Art Collections 2022"},"content":{"rendered":"[vc_row type=&#8221;in_container&#8221; full_screen_row_position=&#8221;middle&#8221; scene_position=&#8221;center&#8221; text_color=&#8221;dark&#8221; text_align=&#8221;left&#8221; overlay_strength=&#8221;0.3&#8243; shape_divider_position=&#8221;bottom&#8221; bg_image_animation=&#8221;none&#8221;][vc_column column_padding=&#8221;no-extra-padding&#8221; column_padding_position=&#8221;all&#8221; background_color_opacity=&#8221;1&#8243; background_hover_color_opacity=&#8221;1&#8243; column_link_target=&#8221;_self&#8221; column_shadow=&#8221;none&#8221; column_border_radius=&#8221;none&#8221; width=&#8221;1\/1&#8243; tablet_width_inherit=&#8221;default&#8221; tablet_text_alignment=&#8221;default&#8221; phone_text_alignment=&#8221;default&#8221; column_border_width=&#8221;none&#8221; column_border_style=&#8221;solid&#8221; bg_image_animation=&#8221;none&#8221;][vc_column_text]\n<h2>Art Collections 2022<\/h2>\n[\/vc_column_text][\/vc_column][\/vc_row][vc_row type=&#8221;in_container&#8221; full_screen_row_position=&#8221;middle&#8221; scene_position=&#8221;center&#8221; text_color=&#8221;dark&#8221; text_align=&#8221;left&#8221; overlay_strength=&#8221;0.3&#8243; shape_divider_position=&#8221;bottom&#8221; bg_image_animation=&#8221;none&#8221;][vc_column column_padding=&#8221;no-extra-padding&#8221; column_padding_position=&#8221;all&#8221; background_color_opacity=&#8221;1&#8243; background_hover_color_opacity=&#8221;1&#8243; column_link_target=&#8221;_self&#8221; column_shadow=&#8221;none&#8221; column_border_radius=&#8221;none&#8221; width=&#8221;1\/1&#8243; tablet_width_inherit=&#8221;default&#8221; tablet_text_alignment=&#8221;default&#8221; phone_text_alignment=&#8221;default&#8221; column_border_width=&#8221;none&#8221; column_border_style=&#8221;solid&#8221; bg_image_animation=&#8221;none&#8221;][vc_column_text]<div id=\"envira-gallery-wrap-7810\" class=\"envira-gallery-wrap envira-gallery-theme-base envira-lightbox-theme-base\" itemscope itemtype=\"https:\/\/schema.org\/ImageGallery\"><div data-row-height=\"150\" data-gallery-theme=\"normal\" id=\"envira-gallery-7810\" class=\"envira-gallery-public envira-gallery-justified-public envira-gallery-0-columns envira-clear enviratope envira-gallery-css-animations\" data-envira-columns=\"0\"><div id=\"envira-gallery-item-8668\" class=\"envira-gallery-item enviratope-item envira-gallery-item-1 envira-lazy-load\" style=\"padding-left: 5px; padding-bottom: 10px; padding-right: 5px;\"  itemscope itemtype=\"https:\/\/schema.org\/ImageObject\"><div class=\"envira-gallery-item-inner\"><div class=\"envira-gallery-position-overlay  envira-gallery-top-left\"><\/div><div class=\"envira-gallery-position-overlay  envira-gallery-top-right\"><\/div><div class=\"envira-gallery-position-overlay  envira-gallery-bottom-left\"><\/div><div class=\"envira-gallery-position-overlay  envira-gallery-bottom-right\"><\/div><a href=\"https:\/\/artcircle.si\/wp-content\/uploads\/2022\/04\/ANA-ZERJAL-SLOVENIA_ITALY-2022.jpg\" class=\"envira-gallery-7810 envira-gallery-link\" rel=\"enviragallery7810\" title=\"ANA \u017dERJAL, SLOVENIA ITALY, 2022\" data-envira-caption=\"ANA \u017dERJAL, SLOVENIA ITALY, 2022\" data-envira-retina=\"\" data-thumbnail=\"\"  itemprop=\"contentUrl\"><img id=\"envira-gallery-image-8668\" class=\"envira-gallery-image envira-gallery-image-1 envira-normal envira-lazy\" data-envira-index=\"1\" src=\"https:\/\/artcircle.si\/wp-content\/uploads\/2022\/04\/ANA-ZERJAL-SLOVENIA_ITALY-2022-1021x1024-640x480.jpg\" data-envira-src=\"https:\/\/artcircle.si\/wp-content\/uploads\/2022\/04\/ANA-ZERJAL-SLOVENIA_ITALY-2022-1021x1024-640x480.jpg\" data-envira-gallery-id=\"7810\" data-envira-item-id=\"8668\" data-envira-caption=\"ANA \u017dERJAL, SLOVENIA ITALY, 2022\" alt=\"\" title=\"ANA \u017dERJAL, SLOVENIA ITALY, 2022\"  itemprop=\"thumbnailUrl\" data-envira-srcset=\"https:\/\/artcircle.si\/wp-content\/uploads\/2022\/04\/ANA-ZERJAL-SLOVENIA_ITALY-2022-1021x1024-640x480.jpg 400w,https:\/\/artcircle.si\/wp-content\/uploads\/2022\/04\/ANA-ZERJAL-SLOVENIA_ITALY-2022-1021x1024-640x480.jpg 2x\" data-envira-width=\"300\" data-envira-height=\"300\" srcset=\"data:image\/gif;base64,R0lGODlhAQABAIAAAP\/\/\/\/\/\/\/yH5BAEKAAEALAAAAAABAAEAAAICTAEAOw==\" data-safe-src=\"data:image\/gif;base64,R0lGODlhAQABAIAAAP\/\/\/\/\/\/\/yH5BAEKAAEALAAAAAABAAEAAAICTAEAOw==\" \/><\/a><\/div><\/div><div id=\"envira-gallery-item-8670\" class=\"envira-gallery-item enviratope-item envira-gallery-item-2 envira-lazy-load\" style=\"padding-left: 5px; padding-bottom: 10px; padding-right: 5px;\"  itemscope itemtype=\"https:\/\/schema.org\/ImageObject\"><div class=\"envira-gallery-item-inner\"><div class=\"envira-gallery-position-overlay  envira-gallery-top-left\"><\/div><div class=\"envira-gallery-position-overlay  envira-gallery-top-right\"><\/div><div class=\"envira-gallery-position-overlay  envira-gallery-bottom-left\"><\/div><div class=\"envira-gallery-position-overlay  envira-gallery-bottom-right\"><\/div><a href=\"https:\/\/artcircle.si\/wp-content\/uploads\/2022\/04\/ANDREJ-PAVLIC-SLOVENIA_POLAND-2022.jpg\" class=\"envira-gallery-7810 envira-gallery-link\" rel=\"enviragallery7810\" title=\"ANDREJ PAVLI\u010c, SLOVENIA POLAND, 2022\" data-envira-caption=\"ANDREJ PAVLI\u010c, SLOVENIA POLAND, 2022\" data-envira-retina=\"\" data-thumbnail=\"\"  itemprop=\"contentUrl\"><img id=\"envira-gallery-image-8670\" class=\"envira-gallery-image envira-gallery-image-2 envira-normal envira-lazy\" data-envira-index=\"2\" src=\"https:\/\/artcircle.si\/wp-content\/uploads\/2022\/04\/ANDREJ-PAVLIC-SLOVENIA_POLAND-2022-895x1024-640x480.jpg\" data-envira-src=\"https:\/\/artcircle.si\/wp-content\/uploads\/2022\/04\/ANDREJ-PAVLIC-SLOVENIA_POLAND-2022-895x1024-640x480.jpg\" data-envira-gallery-id=\"7810\" data-envira-item-id=\"8670\" data-envira-caption=\"ANDREJ PAVLI\u010c, SLOVENIA POLAND, 2022\" alt=\"ANDREJ PAVLI\u010c, SLOVENIA POLAND, 2022\" title=\"ANDREJ PAVLI\u010c, SLOVENIA POLAND, 2022\"  itemprop=\"thumbnailUrl\" data-envira-srcset=\"https:\/\/artcircle.si\/wp-content\/uploads\/2022\/04\/ANDREJ-PAVLIC-SLOVENIA_POLAND-2022-895x1024-640x480.jpg 400w,https:\/\/artcircle.si\/wp-content\/uploads\/2022\/04\/ANDREJ-PAVLIC-SLOVENIA_POLAND-2022-895x1024-640x480.jpg 2x\" data-envira-width=\"262\" data-envira-height=\"300\" srcset=\"data:image\/gif;base64,R0lGODlhAQABAIAAAP\/\/\/\/\/\/\/yH5BAEKAAEALAAAAAABAAEAAAICTAEAOw==\" data-safe-src=\"data:image\/gif;base64,R0lGODlhAQABAIAAAP\/\/\/\/\/\/\/yH5BAEKAAEALAAAAAABAAEAAAICTAEAOw==\" \/><\/a><\/div><\/div><div id=\"envira-gallery-item-8672\" class=\"envira-gallery-item enviratope-item envira-gallery-item-3 envira-lazy-load\" style=\"padding-left: 5px; padding-bottom: 10px; padding-right: 5px;\"  itemscope itemtype=\"https:\/\/schema.org\/ImageObject\"><div class=\"envira-gallery-item-inner\"><div class=\"envira-gallery-position-overlay  envira-gallery-top-left\"><\/div><div class=\"envira-gallery-position-overlay  envira-gallery-top-right\"><\/div><div class=\"envira-gallery-position-overlay  envira-gallery-bottom-left\"><\/div><div class=\"envira-gallery-position-overlay  envira-gallery-bottom-right\"><\/div><a href=\"https:\/\/artcircle.si\/wp-content\/uploads\/2022\/04\/BARBARA-KASTELEC-SLOVENIA_ITALY-2022-scaled.jpg\" class=\"envira-gallery-7810 envira-gallery-link\" rel=\"enviragallery7810\" title=\"BARBARA KASTELEC, SLOVENIA ITALY, 2022\" data-envira-caption=\"BARBARA KASTELEC, SLOVENIA ITALY, 2022\" data-envira-retina=\"\" data-thumbnail=\"\"  itemprop=\"contentUrl\"><img id=\"envira-gallery-image-8672\" class=\"envira-gallery-image envira-gallery-image-3 envira-normal envira-lazy\" data-envira-index=\"3\" src=\"https:\/\/artcircle.si\/wp-content\/uploads\/2022\/04\/BARBARA-KASTELEC-SLOVENIA_ITALY-2022-1021x1024-640x480.jpg\" data-envira-src=\"https:\/\/artcircle.si\/wp-content\/uploads\/2022\/04\/BARBARA-KASTELEC-SLOVENIA_ITALY-2022-1021x1024-640x480.jpg\" data-envira-gallery-id=\"7810\" data-envira-item-id=\"8672\" data-envira-caption=\"BARBARA KASTELEC, SLOVENIA ITALY, 2022\" alt=\"BARBARA KASTELEC, SLOVENIA ITALY, 2022\" title=\"BARBARA KASTELEC, SLOVENIA ITALY, 2022\"  itemprop=\"thumbnailUrl\" data-envira-srcset=\"https:\/\/artcircle.si\/wp-content\/uploads\/2022\/04\/BARBARA-KASTELEC-SLOVENIA_ITALY-2022-1021x1024-640x480.jpg 400w,https:\/\/artcircle.si\/wp-content\/uploads\/2022\/04\/BARBARA-KASTELEC-SLOVENIA_ITALY-2022-1021x1024-640x480.jpg 2x\" data-envira-width=\"300\" data-envira-height=\"300\" srcset=\"data:image\/gif;base64,R0lGODlhAQABAIAAAP\/\/\/\/\/\/\/yH5BAEKAAEALAAAAAABAAEAAAICTAEAOw==\" data-safe-src=\"data:image\/gif;base64,R0lGODlhAQABAIAAAP\/\/\/\/\/\/\/yH5BAEKAAEALAAAAAABAAEAAAICTAEAOw==\" \/><\/a><\/div><\/div><div id=\"envira-gallery-item-8674\" class=\"envira-gallery-item enviratope-item envira-gallery-item-4 envira-lazy-load\" style=\"padding-left: 5px; padding-bottom: 10px; padding-right: 5px;\"  itemscope itemtype=\"https:\/\/schema.org\/ImageObject\"><div class=\"envira-gallery-item-inner\"><div class=\"envira-gallery-position-overlay  envira-gallery-top-left\"><\/div><div class=\"envira-gallery-position-overlay  envira-gallery-top-right\"><\/div><div class=\"envira-gallery-position-overlay  envira-gallery-bottom-left\"><\/div><div class=\"envira-gallery-position-overlay  envira-gallery-bottom-right\"><\/div><a href=\"https:\/\/artcircle.si\/wp-content\/uploads\/2022\/04\/BENO-ARTNAK-SLOVENIA_POLAND-IN-ITALY-2022.jpg\" class=\"envira-gallery-7810 envira-gallery-link\" rel=\"enviragallery7810\" title=\"BENO ARTNAK, SLOVENIA POLAND IN ITALY, 2022\" data-envira-caption=\"BENO ARTNAK, SLOVENIA POLAND IN ITALY, 2022\" data-envira-retina=\"\" data-thumbnail=\"\"  itemprop=\"contentUrl\"><img id=\"envira-gallery-image-8674\" class=\"envira-gallery-image envira-gallery-image-4 envira-normal envira-lazy\" data-envira-index=\"4\" src=\"https:\/\/artcircle.si\/wp-content\/uploads\/2022\/04\/BENO-ARTNAK-SLOVENIA_POLAND-IN-ITALY-2022-1024x872-640x480.jpg\" data-envira-src=\"https:\/\/artcircle.si\/wp-content\/uploads\/2022\/04\/BENO-ARTNAK-SLOVENIA_POLAND-IN-ITALY-2022-1024x872-640x480.jpg\" data-envira-gallery-id=\"7810\" data-envira-item-id=\"8674\" data-envira-caption=\"BENO ARTNAK, SLOVENIA POLAND IN ITALY, 2022\" alt=\"BENO ARTNAK, SLOVENIA POLAND IN ITALY, 2022\" title=\"BENO ARTNAK, SLOVENIA POLAND IN ITALY, 2022\"  itemprop=\"thumbnailUrl\" data-envira-srcset=\"https:\/\/artcircle.si\/wp-content\/uploads\/2022\/04\/BENO-ARTNAK-SLOVENIA_POLAND-IN-ITALY-2022-1024x872-640x480.jpg 400w,https:\/\/artcircle.si\/wp-content\/uploads\/2022\/04\/BENO-ARTNAK-SLOVENIA_POLAND-IN-ITALY-2022-1024x872-640x480.jpg 2x\" data-envira-width=\"300\" data-envira-height=\"255\" srcset=\"data:image\/gif;base64,R0lGODlhAQABAIAAAP\/\/\/\/\/\/\/yH5BAEKAAEALAAAAAABAAEAAAICTAEAOw==\" data-safe-src=\"data:image\/gif;base64,R0lGODlhAQABAIAAAP\/\/\/\/\/\/\/yH5BAEKAAEALAAAAAABAAEAAAICTAEAOw==\" \/><\/a><\/div><\/div><div id=\"envira-gallery-item-8676\" class=\"envira-gallery-item enviratope-item envira-gallery-item-5 envira-lazy-load\" style=\"padding-left: 5px; padding-bottom: 10px; padding-right: 5px;\"  itemscope itemtype=\"https:\/\/schema.org\/ImageObject\"><div class=\"envira-gallery-item-inner\"><div class=\"envira-gallery-position-overlay  envira-gallery-top-left\"><\/div><div class=\"envira-gallery-position-overlay  envira-gallery-top-right\"><\/div><div class=\"envira-gallery-position-overlay  envira-gallery-bottom-left\"><\/div><div class=\"envira-gallery-position-overlay  envira-gallery-bottom-right\"><\/div><a href=\"https:\/\/artcircle.si\/wp-content\/uploads\/2022\/04\/BRUT-CARNIOLLUS-SLOVENI_CROATIA-2022.jpg\" class=\"envira-gallery-7810 envira-gallery-link\" rel=\"enviragallery7810\" title=\"BRUT CARNIOLLUS, SLOVENIA CROATIA, 2022\" data-envira-caption=\"BRUT CARNIOLLUS, SLOVENIA CROATIA, 2022\" data-envira-retina=\"\" data-thumbnail=\"\"  itemprop=\"contentUrl\"><img id=\"envira-gallery-image-8676\" class=\"envira-gallery-image envira-gallery-image-5 envira-normal envira-lazy\" data-envira-index=\"5\" src=\"https:\/\/artcircle.si\/wp-content\/uploads\/2022\/04\/BRUT-CARNIOLLUS-SLOVENI_CROATIA-2022-1024x872-640x480.jpg\" data-envira-src=\"https:\/\/artcircle.si\/wp-content\/uploads\/2022\/04\/BRUT-CARNIOLLUS-SLOVENI_CROATIA-2022-1024x872-640x480.jpg\" data-envira-gallery-id=\"7810\" data-envira-item-id=\"8676\" data-envira-caption=\"BRUT CARNIOLLUS, SLOVENIA CROATIA, 2022\" alt=\"BRUT CARNIOLLUS, SLOVENIA CROATIA, 2022\" title=\"BRUT CARNIOLLUS, SLOVENIA CROATIA, 2022\"  itemprop=\"thumbnailUrl\" data-envira-srcset=\"https:\/\/artcircle.si\/wp-content\/uploads\/2022\/04\/BRUT-CARNIOLLUS-SLOVENI_CROATIA-2022-1024x872-640x480.jpg 400w,https:\/\/artcircle.si\/wp-content\/uploads\/2022\/04\/BRUT-CARNIOLLUS-SLOVENI_CROATIA-2022-1024x872-640x480.jpg 2x\" data-envira-width=\"300\" data-envira-height=\"255\" srcset=\"data:image\/gif;base64,R0lGODlhAQABAIAAAP\/\/\/\/\/\/\/yH5BAEKAAEALAAAAAABAAEAAAICTAEAOw==\" data-safe-src=\"data:image\/gif;base64,R0lGODlhAQABAIAAAP\/\/\/\/\/\/\/yH5BAEKAAEALAAAAAABAAEAAAICTAEAOw==\" \/><\/a><\/div><\/div><div id=\"envira-gallery-item-8678\" class=\"envira-gallery-item enviratope-item envira-gallery-item-6 envira-lazy-load\" style=\"padding-left: 5px; padding-bottom: 10px; padding-right: 5px;\"  itemscope itemtype=\"https:\/\/schema.org\/ImageObject\"><div class=\"envira-gallery-item-inner\"><div class=\"envira-gallery-position-overlay  envira-gallery-top-left\"><\/div><div class=\"envira-gallery-position-overlay  envira-gallery-top-right\"><\/div><div class=\"envira-gallery-position-overlay  envira-gallery-bottom-left\"><\/div><div class=\"envira-gallery-position-overlay  envira-gallery-bottom-right\"><\/div><a href=\"https:\/\/artcircle.si\/wp-content\/uploads\/2022\/04\/EVA-FORSTNERIC-SLOVENIA_POLAND-IN-ITALY-2022.jpg\" class=\"envira-gallery-7810 envira-gallery-link\" rel=\"enviragallery7810\" title=\"EVA FORSTNERI\u010c, SLOVENIA POLAND IN ITALY, 2022\" data-envira-caption=\"EVA FORSTNERI\u010c, SLOVENIA POLAND IN ITALY, 2022\" data-envira-retina=\"\" data-thumbnail=\"\"  itemprop=\"contentUrl\"><img id=\"envira-gallery-image-8678\" class=\"envira-gallery-image envira-gallery-image-6 envira-normal envira-lazy\" data-envira-index=\"6\" src=\"https:\/\/artcircle.si\/wp-content\/uploads\/2022\/04\/EVA-FORSTNERIC-SLOVENIA_POLAND-IN-ITALY-2022-1024x872-640x480.jpg\" data-envira-src=\"https:\/\/artcircle.si\/wp-content\/uploads\/2022\/04\/EVA-FORSTNERIC-SLOVENIA_POLAND-IN-ITALY-2022-1024x872-640x480.jpg\" data-envira-gallery-id=\"7810\" data-envira-item-id=\"8678\" data-envira-caption=\"EVA FORSTNERI\u010c, SLOVENIA POLAND IN ITALY, 2022\" alt=\"EVA FORSTNERI\u010c, SLOVENIA POLAND IN ITALY, 2022\" title=\"EVA FORSTNERI\u010c, SLOVENIA POLAND IN ITALY, 2022\"  itemprop=\"thumbnailUrl\" data-envira-srcset=\"https:\/\/artcircle.si\/wp-content\/uploads\/2022\/04\/EVA-FORSTNERIC-SLOVENIA_POLAND-IN-ITALY-2022-1024x872-640x480.jpg 400w,https:\/\/artcircle.si\/wp-content\/uploads\/2022\/04\/EVA-FORSTNERIC-SLOVENIA_POLAND-IN-ITALY-2022-1024x872-640x480.jpg 2x\" data-envira-width=\"300\" data-envira-height=\"255\" srcset=\"data:image\/gif;base64,R0lGODlhAQABAIAAAP\/\/\/\/\/\/\/yH5BAEKAAEALAAAAAABAAEAAAICTAEAOw==\" data-safe-src=\"data:image\/gif;base64,R0lGODlhAQABAIAAAP\/\/\/\/\/\/\/yH5BAEKAAEALAAAAAABAAEAAAICTAEAOw==\" \/><\/a><\/div><\/div><div id=\"envira-gallery-item-8680\" class=\"envira-gallery-item enviratope-item envira-gallery-item-7 envira-lazy-load\" style=\"padding-left: 5px; padding-bottom: 10px; padding-right: 5px;\"  itemscope itemtype=\"https:\/\/schema.org\/ImageObject\"><div class=\"envira-gallery-item-inner\"><div class=\"envira-gallery-position-overlay  envira-gallery-top-left\"><\/div><div class=\"envira-gallery-position-overlay  envira-gallery-top-right\"><\/div><div class=\"envira-gallery-position-overlay  envira-gallery-bottom-left\"><\/div><div class=\"envira-gallery-position-overlay  envira-gallery-bottom-right\"><\/div><a href=\"https:\/\/artcircle.si\/wp-content\/uploads\/2022\/04\/JOZE-SUBIC-SLOVENIA_SPAIN-2022.jpg\" class=\"envira-gallery-7810 envira-gallery-link\" rel=\"enviragallery7810\" title=\"JO\u017dE &Scaron;UBIC, SLOVENIA_SPAIN, 2022\" data-envira-caption=\"JO\u017dE &Scaron;UBIC, SLOVENIA_SPAIN, 2022\" data-envira-retina=\"\" data-thumbnail=\"\"  itemprop=\"contentUrl\"><img id=\"envira-gallery-image-8680\" class=\"envira-gallery-image envira-gallery-image-7 envira-normal envira-lazy\" data-envira-index=\"7\" src=\"https:\/\/artcircle.si\/wp-content\/uploads\/2022\/04\/JOZE-SUBIC-SLOVENIA_SPAIN-2022-1024x1024-640x480.jpg\" data-envira-src=\"https:\/\/artcircle.si\/wp-content\/uploads\/2022\/04\/JOZE-SUBIC-SLOVENIA_SPAIN-2022-1024x1024-640x480.jpg\" data-envira-gallery-id=\"7810\" data-envira-item-id=\"8680\" data-envira-caption=\"JO\u017dE &Scaron;UBIC, SLOVENIA_SPAIN, 2022\" alt=\"JO\u017dE \u0160UBIC, SLOVENIA_SPAIN, 2022\" title=\"JO\u017dE \u0160UBIC, SLOVENIA_SPAIN, 2022\"  itemprop=\"thumbnailUrl\" data-envira-srcset=\"https:\/\/artcircle.si\/wp-content\/uploads\/2022\/04\/JOZE-SUBIC-SLOVENIA_SPAIN-2022-1024x1024-640x480.jpg 400w,https:\/\/artcircle.si\/wp-content\/uploads\/2022\/04\/JOZE-SUBIC-SLOVENIA_SPAIN-2022-1024x1024-640x480.jpg 2x\" data-envira-width=\"300\" data-envira-height=\"300\" srcset=\"data:image\/gif;base64,R0lGODlhAQABAIAAAP\/\/\/\/\/\/\/yH5BAEKAAEALAAAAAABAAEAAAICTAEAOw==\" data-safe-src=\"data:image\/gif;base64,R0lGODlhAQABAIAAAP\/\/\/\/\/\/\/yH5BAEKAAEALAAAAAABAAEAAAICTAEAOw==\" \/><\/a><\/div><\/div><div id=\"envira-gallery-item-8682\" class=\"envira-gallery-item enviratope-item envira-gallery-item-8 envira-lazy-load\" style=\"padding-left: 5px; padding-bottom: 10px; padding-right: 5px;\"  itemscope itemtype=\"https:\/\/schema.org\/ImageObject\"><div class=\"envira-gallery-item-inner\"><div class=\"envira-gallery-position-overlay  envira-gallery-top-left\"><\/div><div class=\"envira-gallery-position-overlay  envira-gallery-top-right\"><\/div><div class=\"envira-gallery-position-overlay  envira-gallery-bottom-left\"><\/div><div class=\"envira-gallery-position-overlay  envira-gallery-bottom-right\"><\/div><a href=\"https:\/\/artcircle.si\/wp-content\/uploads\/2022\/04\/JOZE-SUBIC-SLOVENIA_SPAIN-2022_.jpg\" class=\"envira-gallery-7810 envira-gallery-link\" rel=\"enviragallery7810\" title=\"JO\u017dE &Scaron;UBIC, SLOVENIA SPAIN, 2022\" data-envira-caption=\"JO\u017dE &Scaron;UBIC, SLOVENIA SPAIN, 2022\" data-envira-retina=\"\" data-thumbnail=\"\"  itemprop=\"contentUrl\"><img id=\"envira-gallery-image-8682\" class=\"envira-gallery-image envira-gallery-image-8 envira-normal envira-lazy\" data-envira-index=\"8\" src=\"https:\/\/artcircle.si\/wp-content\/uploads\/2022\/04\/JOZE-SUBIC-SLOVENIA_SPAIN-2022_-1024x1024-640x480.jpg\" data-envira-src=\"https:\/\/artcircle.si\/wp-content\/uploads\/2022\/04\/JOZE-SUBIC-SLOVENIA_SPAIN-2022_-1024x1024-640x480.jpg\" data-envira-gallery-id=\"7810\" data-envira-item-id=\"8682\" data-envira-caption=\"JO\u017dE &Scaron;UBIC, SLOVENIA SPAIN, 2022\" alt=\"JO\u017dE \u0160UBIC, SLOVENIA SPAIN, 2022\" title=\"JO\u017dE \u0160UBIC, SLOVENIA SPAIN, 2022\"  itemprop=\"thumbnailUrl\" data-envira-srcset=\"https:\/\/artcircle.si\/wp-content\/uploads\/2022\/04\/JOZE-SUBIC-SLOVENIA_SPAIN-2022_-1024x1024-640x480.jpg 400w,https:\/\/artcircle.si\/wp-content\/uploads\/2022\/04\/JOZE-SUBIC-SLOVENIA_SPAIN-2022_-1024x1024-640x480.jpg 2x\" data-envira-width=\"300\" data-envira-height=\"300\" srcset=\"data:image\/gif;base64,R0lGODlhAQABAIAAAP\/\/\/\/\/\/\/yH5BAEKAAEALAAAAAABAAEAAAICTAEAOw==\" data-safe-src=\"data:image\/gif;base64,R0lGODlhAQABAIAAAP\/\/\/\/\/\/\/yH5BAEKAAEALAAAAAABAAEAAAICTAEAOw==\" \/><\/a><\/div><\/div><div id=\"envira-gallery-item-8684\" class=\"envira-gallery-item enviratope-item envira-gallery-item-9 envira-lazy-load\" style=\"padding-left: 5px; padding-bottom: 10px; padding-right: 5px;\"  itemscope itemtype=\"https:\/\/schema.org\/ImageObject\"><div class=\"envira-gallery-item-inner\"><div class=\"envira-gallery-position-overlay  envira-gallery-top-left\"><\/div><div class=\"envira-gallery-position-overlay  envira-gallery-top-right\"><\/div><div class=\"envira-gallery-position-overlay  envira-gallery-bottom-left\"><\/div><div class=\"envira-gallery-position-overlay  envira-gallery-bottom-right\"><\/div><a href=\"https:\/\/artcircle.si\/wp-content\/uploads\/2022\/04\/KLAVDIJ-TUTTA-SLOVENIA_ROMANIA_2022.jpg\" class=\"envira-gallery-7810 envira-gallery-link\" rel=\"enviragallery7810\" title=\"KLAVDIJ TUTTA, SLOVENIA ROMANIA 2022\" data-envira-caption=\"KLAVDIJ TUTTA, SLOVENIA ROMANIA 2022\" data-envira-retina=\"\" data-thumbnail=\"\"  itemprop=\"contentUrl\"><img id=\"envira-gallery-image-8684\" class=\"envira-gallery-image envira-gallery-image-9 envira-normal envira-lazy\" data-envira-index=\"9\" src=\"https:\/\/artcircle.si\/wp-content\/uploads\/2022\/04\/KLAVDIJ-TUTTA-SLOVENIA_ROMANIA_2022-1024x858-640x480.jpg\" data-envira-src=\"https:\/\/artcircle.si\/wp-content\/uploads\/2022\/04\/KLAVDIJ-TUTTA-SLOVENIA_ROMANIA_2022-1024x858-640x480.jpg\" data-envira-gallery-id=\"7810\" data-envira-item-id=\"8684\" data-envira-caption=\"KLAVDIJ TUTTA, SLOVENIA ROMANIA 2022\" alt=\"KLAVDIJ TUTTA, SLOVENIA ROMANIA 2022\" title=\"KLAVDIJ TUTTA, SLOVENIA ROMANIA 2022\"  itemprop=\"thumbnailUrl\" data-envira-srcset=\"https:\/\/artcircle.si\/wp-content\/uploads\/2022\/04\/KLAVDIJ-TUTTA-SLOVENIA_ROMANIA_2022-1024x858-640x480.jpg 400w,https:\/\/artcircle.si\/wp-content\/uploads\/2022\/04\/KLAVDIJ-TUTTA-SLOVENIA_ROMANIA_2022-1024x858-640x480.jpg 2x\" data-envira-width=\"300\" data-envira-height=\"251\" srcset=\"data:image\/gif;base64,R0lGODlhAQABAIAAAP\/\/\/\/\/\/\/yH5BAEKAAEALAAAAAABAAEAAAICTAEAOw==\" data-safe-src=\"data:image\/gif;base64,R0lGODlhAQABAIAAAP\/\/\/\/\/\/\/yH5BAEKAAEALAAAAAABAAEAAAICTAEAOw==\" \/><\/a><\/div><\/div><div id=\"envira-gallery-item-8686\" class=\"envira-gallery-item enviratope-item envira-gallery-item-10 envira-lazy-load\" style=\"padding-left: 5px; padding-bottom: 10px; padding-right: 5px;\"  itemscope itemtype=\"https:\/\/schema.org\/ImageObject\"><div class=\"envira-gallery-item-inner\"><div class=\"envira-gallery-position-overlay  envira-gallery-top-left\"><\/div><div class=\"envira-gallery-position-overlay  envira-gallery-top-right\"><\/div><div class=\"envira-gallery-position-overlay  envira-gallery-bottom-left\"><\/div><div class=\"envira-gallery-position-overlay  envira-gallery-bottom-right\"><\/div><a href=\"https:\/\/artcircle.si\/wp-content\/uploads\/2022\/04\/MASA-GALA-SLOVENIA_JAPAN-2022-scaled.jpg\" class=\"envira-gallery-7810 envira-gallery-link\" rel=\"enviragallery7810\" title=\"MA&Scaron;A GALA, SLOVENIA JAPAN, 2022\" data-envira-caption=\"MA&Scaron;A GALA, SLOVENIA JAPAN, 2022\" data-envira-retina=\"\" data-thumbnail=\"\"  itemprop=\"contentUrl\"><img id=\"envira-gallery-image-8686\" class=\"envira-gallery-image envira-gallery-image-10 envira-normal envira-lazy\" data-envira-index=\"10\" src=\"https:\/\/artcircle.si\/wp-content\/uploads\/2022\/04\/MASA-GALA-SLOVENIA_JAPAN-2022-1024x848-640x480.jpg\" data-envira-src=\"https:\/\/artcircle.si\/wp-content\/uploads\/2022\/04\/MASA-GALA-SLOVENIA_JAPAN-2022-1024x848-640x480.jpg\" data-envira-gallery-id=\"7810\" data-envira-item-id=\"8686\" data-envira-caption=\"MA&Scaron;A GALA, SLOVENIA JAPAN, 2022\" alt=\"MA\u0160A GALA, SLOVENIA JAPAN, 2022\" title=\"MA\u0160A GALA, SLOVENIA JAPAN, 2022\"  itemprop=\"thumbnailUrl\" data-envira-srcset=\"https:\/\/artcircle.si\/wp-content\/uploads\/2022\/04\/MASA-GALA-SLOVENIA_JAPAN-2022-1024x848-640x480.jpg 400w,https:\/\/artcircle.si\/wp-content\/uploads\/2022\/04\/MASA-GALA-SLOVENIA_JAPAN-2022-1024x848-640x480.jpg 2x\" data-envira-width=\"300\" data-envira-height=\"249\" srcset=\"data:image\/gif;base64,R0lGODlhAQABAIAAAP\/\/\/\/\/\/\/yH5BAEKAAEALAAAAAABAAEAAAICTAEAOw==\" data-safe-src=\"data:image\/gif;base64,R0lGODlhAQABAIAAAP\/\/\/\/\/\/\/yH5BAEKAAEALAAAAAABAAEAAAICTAEAOw==\" \/><\/a><\/div><\/div><div id=\"envira-gallery-item-8770\" class=\"envira-gallery-item enviratope-item envira-gallery-item-11 envira-lazy-load\" style=\"padding-left: 5px; padding-bottom: 10px; padding-right: 5px;\"  itemscope itemtype=\"https:\/\/schema.org\/ImageObject\"><div class=\"envira-gallery-item-inner\"><div class=\"envira-gallery-position-overlay  envira-gallery-top-left\"><\/div><div class=\"envira-gallery-position-overlay  envira-gallery-top-right\"><\/div><div class=\"envira-gallery-position-overlay  envira-gallery-bottom-left\"><\/div><div class=\"envira-gallery-position-overlay  envira-gallery-bottom-right\"><\/div><a href=\"https:\/\/artcircle.si\/wp-content\/uploads\/2022\/04\/MATJAZ-REBEC-SLOVENIA_KAZAHSTAN-2022.jpg\" class=\"envira-gallery-7810 envira-gallery-link\" rel=\"enviragallery7810\" title=\"MATJA\u017d REBEC, SLOVENIA_KAZAHSTAN, 2022\" data-envira-caption=\"MATJA\u017d REBEC, SLOVENIA_KAZAHSTAN, 2022\" data-envira-retina=\"\" data-thumbnail=\"\"  itemprop=\"contentUrl\"><img id=\"envira-gallery-image-8770\" class=\"envira-gallery-image envira-gallery-image-11 envira-normal envira-lazy\" data-envira-index=\"11\" src=\"https:\/\/artcircle.si\/wp-content\/uploads\/2022\/04\/MATJAZ-REBEC-SLOVENIA_KAZAHSTAN-2022-752x1024-640x480.jpg\" data-envira-src=\"https:\/\/artcircle.si\/wp-content\/uploads\/2022\/04\/MATJAZ-REBEC-SLOVENIA_KAZAHSTAN-2022-752x1024-640x480.jpg\" data-envira-gallery-id=\"7810\" data-envira-item-id=\"8770\" data-envira-caption=\"MATJA\u017d REBEC, SLOVENIA_KAZAHSTAN, 2022\" alt=\"\" title=\"MATJA\u017d REBEC, SLOVENIA_KAZAHSTAN, 2022\"  itemprop=\"thumbnailUrl\" data-envira-srcset=\"https:\/\/artcircle.si\/wp-content\/uploads\/2022\/04\/MATJAZ-REBEC-SLOVENIA_KAZAHSTAN-2022-752x1024-640x480.jpg 400w,https:\/\/artcircle.si\/wp-content\/uploads\/2022\/04\/MATJAZ-REBEC-SLOVENIA_KAZAHSTAN-2022-752x1024-640x480.jpg 2x\" data-envira-width=\"220\" data-envira-height=\"300\" srcset=\"data:image\/gif;base64,R0lGODlhAQABAIAAAP\/\/\/\/\/\/\/yH5BAEKAAEALAAAAAABAAEAAAICTAEAOw==\" data-safe-src=\"data:image\/gif;base64,R0lGODlhAQABAIAAAP\/\/\/\/\/\/\/yH5BAEKAAEALAAAAAABAAEAAAICTAEAOw==\" \/><\/a><\/div><\/div><div id=\"envira-gallery-item-8688\" class=\"envira-gallery-item enviratope-item envira-gallery-item-12 envira-lazy-load\" style=\"padding-left: 5px; padding-bottom: 10px; padding-right: 5px;\"  itemscope itemtype=\"https:\/\/schema.org\/ImageObject\"><div class=\"envira-gallery-item-inner\"><div class=\"envira-gallery-position-overlay  envira-gallery-top-left\"><\/div><div class=\"envira-gallery-position-overlay  envira-gallery-top-right\"><\/div><div class=\"envira-gallery-position-overlay  envira-gallery-bottom-left\"><\/div><div class=\"envira-gallery-position-overlay  envira-gallery-bottom-right\"><\/div><a href=\"https:\/\/artcircle.si\/wp-content\/uploads\/2022\/04\/NARCIS-KANTARDZIC-SLOVENIA_ATELJE-SEMPETER-2022.jpg\" class=\"envira-gallery-7810 envira-gallery-link\" rel=\"enviragallery7810\" title=\"NARCIS KANTARD\u017dI\u010c, SLOVENIA ATELJE &Scaron;EMPETER, 2022\" data-envira-caption=\"NARCIS KANTARD\u017dI\u010c, SLOVENIA ATELJE &Scaron;EMPETER, 2022\" data-envira-retina=\"\" data-thumbnail=\"\"  itemprop=\"contentUrl\"><img id=\"envira-gallery-image-8688\" class=\"envira-gallery-image envira-gallery-image-12 envira-normal envira-lazy\" data-envira-index=\"12\" src=\"https:\/\/artcircle.si\/wp-content\/uploads\/2022\/04\/NARCIS-KANTARDZIC-SLOVENIA_ATELJE-SEMPETER-2022-1024x872-640x480.jpg\" data-envira-src=\"https:\/\/artcircle.si\/wp-content\/uploads\/2022\/04\/NARCIS-KANTARDZIC-SLOVENIA_ATELJE-SEMPETER-2022-1024x872-640x480.jpg\" data-envira-gallery-id=\"7810\" data-envira-item-id=\"8688\" data-envira-caption=\"NARCIS KANTARD\u017dI\u010c, SLOVENIA ATELJE &Scaron;EMPETER, 2022\" alt=\"NARCIS KANTARD\u017dI\u010c, SLOVENIA ATELJE \u0160EMPETER, 2022\" title=\"NARCIS KANTARD\u017dI\u010c, SLOVENIA ATELJE \u0160EMPETER, 2022\"  itemprop=\"thumbnailUrl\" data-envira-srcset=\"https:\/\/artcircle.si\/wp-content\/uploads\/2022\/04\/NARCIS-KANTARDZIC-SLOVENIA_ATELJE-SEMPETER-2022-1024x872-640x480.jpg 400w,https:\/\/artcircle.si\/wp-content\/uploads\/2022\/04\/NARCIS-KANTARDZIC-SLOVENIA_ATELJE-SEMPETER-2022-1024x872-640x480.jpg 2x\" data-envira-width=\"300\" data-envira-height=\"255\" srcset=\"data:image\/gif;base64,R0lGODlhAQABAIAAAP\/\/\/\/\/\/\/yH5BAEKAAEALAAAAAABAAEAAAICTAEAOw==\" data-safe-src=\"data:image\/gif;base64,R0lGODlhAQABAIAAAP\/\/\/\/\/\/\/yH5BAEKAAEALAAAAAABAAEAAAICTAEAOw==\" \/><\/a><\/div><\/div><div id=\"envira-gallery-item-8690\" class=\"envira-gallery-item enviratope-item envira-gallery-item-13 envira-lazy-load\" style=\"padding-left: 5px; padding-bottom: 10px; padding-right: 5px;\"  itemscope itemtype=\"https:\/\/schema.org\/ImageObject\"><div class=\"envira-gallery-item-inner\"><div class=\"envira-gallery-position-overlay  envira-gallery-top-left\"><\/div><div class=\"envira-gallery-position-overlay  envira-gallery-top-right\"><\/div><div class=\"envira-gallery-position-overlay  envira-gallery-bottom-left\"><\/div><div class=\"envira-gallery-position-overlay  envira-gallery-bottom-right\"><\/div><a href=\"https:\/\/artcircle.si\/wp-content\/uploads\/2022\/04\/TOMAZ-MILAC-SLOVENIA_POLAND-IN-ITALY-2022.jpg\" class=\"envira-gallery-7810 envira-gallery-link\" rel=\"enviragallery7810\" title=\"TOMA\u017d MILA\u010c, SLOVENIA POLAND IN ITALY, 2022\" data-envira-caption=\"TOMA\u017d MILA\u010c, SLOVENIA POLAND IN ITALY, 2022\" data-envira-retina=\"\" data-thumbnail=\"\"  itemprop=\"contentUrl\"><img id=\"envira-gallery-image-8690\" class=\"envira-gallery-image envira-gallery-image-13 envira-normal envira-lazy\" data-envira-index=\"13\" src=\"https:\/\/artcircle.si\/wp-content\/uploads\/2022\/04\/TOMAZ-MILAC-SLOVENIA_POLAND-IN-ITALY-2022-1024x872-640x480.jpg\" data-envira-src=\"https:\/\/artcircle.si\/wp-content\/uploads\/2022\/04\/TOMAZ-MILAC-SLOVENIA_POLAND-IN-ITALY-2022-1024x872-640x480.jpg\" data-envira-gallery-id=\"7810\" data-envira-item-id=\"8690\" data-envira-caption=\"TOMA\u017d MILA\u010c, SLOVENIA POLAND IN ITALY, 2022\" alt=\"TOMA\u017d MILA\u010c, SLOVENIA POLAND IN ITALY, 2022\" title=\"TOMA\u017d MILA\u010c, SLOVENIA POLAND IN ITALY, 2022\"  itemprop=\"thumbnailUrl\" data-envira-srcset=\"https:\/\/artcircle.si\/wp-content\/uploads\/2022\/04\/TOMAZ-MILAC-SLOVENIA_POLAND-IN-ITALY-2022-1024x872-640x480.jpg 400w,https:\/\/artcircle.si\/wp-content\/uploads\/2022\/04\/TOMAZ-MILAC-SLOVENIA_POLAND-IN-ITALY-2022-1024x872-640x480.jpg 2x\" data-envira-width=\"300\" data-envira-height=\"255\" srcset=\"data:image\/gif;base64,R0lGODlhAQABAIAAAP\/\/\/\/\/\/\/yH5BAEKAAEALAAAAAABAAEAAAICTAEAOw==\" data-safe-src=\"data:image\/gif;base64,R0lGODlhAQABAIAAAP\/\/\/\/\/\/\/yH5BAEKAAEALAAAAAABAAEAAAICTAEAOw==\" \/><\/a><\/div><\/div><div id=\"envira-gallery-item-8692\" class=\"envira-gallery-item enviratope-item envira-gallery-item-14 envira-lazy-load\" style=\"padding-left: 5px; padding-bottom: 10px; padding-right: 5px;\"  itemscope itemtype=\"https:\/\/schema.org\/ImageObject\"><div class=\"envira-gallery-item-inner\"><div class=\"envira-gallery-position-overlay  envira-gallery-top-left\"><\/div><div class=\"envira-gallery-position-overlay  envira-gallery-top-right\"><\/div><div class=\"envira-gallery-position-overlay  envira-gallery-bottom-left\"><\/div><div class=\"envira-gallery-position-overlay  envira-gallery-bottom-right\"><\/div><a href=\"https:\/\/artcircle.si\/wp-content\/uploads\/2022\/04\/ANDREA-BARTOSOVA-SLOVAKIA-2022.jpg\" class=\"envira-gallery-7810 envira-gallery-link\" rel=\"enviragallery7810\" title=\"ANDREA BARTO&Scaron;OVA, SLOVAKIA, 2022\" data-envira-caption=\"ANDREA BARTO&Scaron;OVA, SLOVAKIA, 2022\" data-envira-retina=\"\" data-thumbnail=\"\"  itemprop=\"contentUrl\"><img id=\"envira-gallery-image-8692\" class=\"envira-gallery-image envira-gallery-image-14 envira-normal envira-lazy\" data-envira-index=\"14\" src=\"https:\/\/artcircle.si\/wp-content\/uploads\/2022\/04\/ANDREA-BARTOSOVA-SLOVAKIA-2022-1024x1024-640x480.jpg\" data-envira-src=\"https:\/\/artcircle.si\/wp-content\/uploads\/2022\/04\/ANDREA-BARTOSOVA-SLOVAKIA-2022-1024x1024-640x480.jpg\" data-envira-gallery-id=\"7810\" data-envira-item-id=\"8692\" data-envira-caption=\"ANDREA BARTO&Scaron;OVA, SLOVAKIA, 2022\" alt=\"ANDREA BARTO\u0160OVA, SLOVAKIA, 2022\" title=\"ANDREA BARTO\u0160OVA, SLOVAKIA, 2022\"  itemprop=\"thumbnailUrl\" data-envira-srcset=\"https:\/\/artcircle.si\/wp-content\/uploads\/2022\/04\/ANDREA-BARTOSOVA-SLOVAKIA-2022-1024x1024-640x480.jpg 400w,https:\/\/artcircle.si\/wp-content\/uploads\/2022\/04\/ANDREA-BARTOSOVA-SLOVAKIA-2022-1024x1024-640x480.jpg 2x\" data-envira-width=\"300\" data-envira-height=\"300\" srcset=\"data:image\/gif;base64,R0lGODlhAQABAIAAAP\/\/\/\/\/\/\/yH5BAEKAAEALAAAAAABAAEAAAICTAEAOw==\" data-safe-src=\"data:image\/gif;base64,R0lGODlhAQABAIAAAP\/\/\/\/\/\/\/yH5BAEKAAEALAAAAAABAAEAAAICTAEAOw==\" \/><\/a><\/div><\/div><div id=\"envira-gallery-item-8694\" class=\"envira-gallery-item enviratope-item envira-gallery-item-15 envira-lazy-load\" style=\"padding-left: 5px; padding-bottom: 10px; padding-right: 5px;\"  itemscope itemtype=\"https:\/\/schema.org\/ImageObject\"><div class=\"envira-gallery-item-inner\"><div class=\"envira-gallery-position-overlay  envira-gallery-top-left\"><\/div><div class=\"envira-gallery-position-overlay  envira-gallery-top-right\"><\/div><div class=\"envira-gallery-position-overlay  envira-gallery-bottom-left\"><\/div><div class=\"envira-gallery-position-overlay  envira-gallery-bottom-right\"><\/div><a href=\"https:\/\/artcircle.si\/wp-content\/uploads\/2022\/04\/ANDRZEJ-BORKOWSKI-POLAND-2022.jpg\" class=\"envira-gallery-7810 envira-gallery-link\" rel=\"enviragallery7810\" title=\"ANDRZEJ BORKOWSKI, POLAND, 2022\" data-envira-caption=\"ANDRZEJ BORKOWSKI, POLAND, 2022\" data-envira-retina=\"\" data-thumbnail=\"\"  itemprop=\"contentUrl\"><img id=\"envira-gallery-image-8694\" class=\"envira-gallery-image envira-gallery-image-15 envira-normal envira-lazy\" data-envira-index=\"15\" src=\"https:\/\/artcircle.si\/wp-content\/uploads\/2022\/04\/ANDRZEJ-BORKOWSKI-POLAND-2022-1024x1024-640x480.jpg\" data-envira-src=\"https:\/\/artcircle.si\/wp-content\/uploads\/2022\/04\/ANDRZEJ-BORKOWSKI-POLAND-2022-1024x1024-640x480.jpg\" data-envira-gallery-id=\"7810\" data-envira-item-id=\"8694\" data-envira-caption=\"ANDRZEJ BORKOWSKI, POLAND, 2022\" alt=\"ANDRZEJ BORKOWSKI, POLAND, 2022\" title=\"ANDRZEJ BORKOWSKI, POLAND, 2022\"  itemprop=\"thumbnailUrl\" data-envira-srcset=\"https:\/\/artcircle.si\/wp-content\/uploads\/2022\/04\/ANDRZEJ-BORKOWSKI-POLAND-2022-1024x1024-640x480.jpg 400w,https:\/\/artcircle.si\/wp-content\/uploads\/2022\/04\/ANDRZEJ-BORKOWSKI-POLAND-2022-1024x1024-640x480.jpg 2x\" data-envira-width=\"300\" data-envira-height=\"300\" srcset=\"data:image\/gif;base64,R0lGODlhAQABAIAAAP\/\/\/\/\/\/\/yH5BAEKAAEALAAAAAABAAEAAAICTAEAOw==\" data-safe-src=\"data:image\/gif;base64,R0lGODlhAQABAIAAAP\/\/\/\/\/\/\/yH5BAEKAAEALAAAAAABAAEAAAICTAEAOw==\" \/><\/a><\/div><\/div><div id=\"envira-gallery-item-8696\" class=\"envira-gallery-item enviratope-item envira-gallery-item-16 envira-lazy-load\" style=\"padding-left: 5px; padding-bottom: 10px; padding-right: 5px;\"  itemscope itemtype=\"https:\/\/schema.org\/ImageObject\"><div class=\"envira-gallery-item-inner\"><div class=\"envira-gallery-position-overlay  envira-gallery-top-left\"><\/div><div class=\"envira-gallery-position-overlay  envira-gallery-top-right\"><\/div><div class=\"envira-gallery-position-overlay  envira-gallery-bottom-left\"><\/div><div class=\"envira-gallery-position-overlay  envira-gallery-bottom-right\"><\/div><a href=\"https:\/\/artcircle.si\/wp-content\/uploads\/2022\/04\/BARBARA-CETINA-CROATIA-2022.jpg\" class=\"envira-gallery-7810 envira-gallery-link\" rel=\"enviragallery7810\" title=\"BARBARA CETINA, CROATIA, 2022\" data-envira-caption=\"BARBARA CETINA, CROATIA, 2022\" data-envira-retina=\"\" data-thumbnail=\"\"  itemprop=\"contentUrl\"><img id=\"envira-gallery-image-8696\" class=\"envira-gallery-image envira-gallery-image-16 envira-normal envira-lazy\" data-envira-index=\"16\" src=\"https:\/\/artcircle.si\/wp-content\/uploads\/2022\/04\/BARBARA-CETINA-CROATIA-2022-1024x1024-640x480.jpg\" data-envira-src=\"https:\/\/artcircle.si\/wp-content\/uploads\/2022\/04\/BARBARA-CETINA-CROATIA-2022-1024x1024-640x480.jpg\" data-envira-gallery-id=\"7810\" data-envira-item-id=\"8696\" data-envira-caption=\"BARBARA CETINA, CROATIA, 2022\" alt=\"BARBARA CETINA, CROATIA, 2022\" title=\"BARBARA CETINA, CROATIA, 2022\"  itemprop=\"thumbnailUrl\" data-envira-srcset=\"https:\/\/artcircle.si\/wp-content\/uploads\/2022\/04\/BARBARA-CETINA-CROATIA-2022-1024x1024-640x480.jpg 400w,https:\/\/artcircle.si\/wp-content\/uploads\/2022\/04\/BARBARA-CETINA-CROATIA-2022-1024x1024-640x480.jpg 2x\" data-envira-width=\"300\" data-envira-height=\"300\" srcset=\"data:image\/gif;base64,R0lGODlhAQABAIAAAP\/\/\/\/\/\/\/yH5BAEKAAEALAAAAAABAAEAAAICTAEAOw==\" data-safe-src=\"data:image\/gif;base64,R0lGODlhAQABAIAAAP\/\/\/\/\/\/\/yH5BAEKAAEALAAAAAABAAEAAAICTAEAOw==\" \/><\/a><\/div><\/div><div id=\"envira-gallery-item-8698\" class=\"envira-gallery-item enviratope-item envira-gallery-item-17 envira-lazy-load\" style=\"padding-left: 5px; padding-bottom: 10px; padding-right: 5px;\"  itemscope itemtype=\"https:\/\/schema.org\/ImageObject\"><div class=\"envira-gallery-item-inner\"><div class=\"envira-gallery-position-overlay  envira-gallery-top-left\"><\/div><div class=\"envira-gallery-position-overlay  envira-gallery-top-right\"><\/div><div class=\"envira-gallery-position-overlay  envira-gallery-bottom-left\"><\/div><div class=\"envira-gallery-position-overlay  envira-gallery-bottom-right\"><\/div><a href=\"https:\/\/artcircle.si\/wp-content\/uploads\/2022\/04\/BARTOSZ-FRACZEK-POLAND-IN-ITALY-2022.jpg\" class=\"envira-gallery-7810 envira-gallery-link\" rel=\"enviragallery7810\" title=\"BARTOSZ FRACZEK, POLAND IN ITALY, 2022\" data-envira-caption=\"BARTOSZ FRACZEK, POLAND IN ITALY, 2022\" data-envira-retina=\"\" data-thumbnail=\"\"  itemprop=\"contentUrl\"><img id=\"envira-gallery-image-8698\" class=\"envira-gallery-image envira-gallery-image-17 envira-normal envira-lazy\" data-envira-index=\"17\" src=\"https:\/\/artcircle.si\/wp-content\/uploads\/2022\/04\/BARTOSZ-FRACZEK-POLAND-IN-ITALY-2022-1024x1024-640x480.jpg\" data-envira-src=\"https:\/\/artcircle.si\/wp-content\/uploads\/2022\/04\/BARTOSZ-FRACZEK-POLAND-IN-ITALY-2022-1024x1024-640x480.jpg\" data-envira-gallery-id=\"7810\" data-envira-item-id=\"8698\" data-envira-caption=\"BARTOSZ FRACZEK, POLAND IN ITALY, 2022\" alt=\"BARTOSZ FRACZEK, POLAND IN ITALY, 2022\" title=\"BARTOSZ FRACZEK, POLAND IN ITALY, 2022\"  itemprop=\"thumbnailUrl\" data-envira-srcset=\"https:\/\/artcircle.si\/wp-content\/uploads\/2022\/04\/BARTOSZ-FRACZEK-POLAND-IN-ITALY-2022-1024x1024-640x480.jpg 400w,https:\/\/artcircle.si\/wp-content\/uploads\/2022\/04\/BARTOSZ-FRACZEK-POLAND-IN-ITALY-2022-1024x1024-640x480.jpg 2x\" data-envira-width=\"300\" data-envira-height=\"300\" srcset=\"data:image\/gif;base64,R0lGODlhAQABAIAAAP\/\/\/\/\/\/\/yH5BAEKAAEALAAAAAABAAEAAAICTAEAOw==\" data-safe-src=\"data:image\/gif;base64,R0lGODlhAQABAIAAAP\/\/\/\/\/\/\/yH5BAEKAAEALAAAAAABAAEAAAICTAEAOw==\" \/><\/a><\/div><\/div><div id=\"envira-gallery-item-8700\" class=\"envira-gallery-item enviratope-item envira-gallery-item-18 envira-lazy-load\" style=\"padding-left: 5px; padding-bottom: 10px; padding-right: 5px;\"  itemscope itemtype=\"https:\/\/schema.org\/ImageObject\"><div class=\"envira-gallery-item-inner\"><div class=\"envira-gallery-position-overlay  envira-gallery-top-left\"><\/div><div class=\"envira-gallery-position-overlay  envira-gallery-top-right\"><\/div><div class=\"envira-gallery-position-overlay  envira-gallery-bottom-left\"><\/div><div class=\"envira-gallery-position-overlay  envira-gallery-bottom-right\"><\/div><a href=\"https:\/\/artcircle.si\/wp-content\/uploads\/2022\/04\/BEATRIZ-BENITO-SPAIN-2022.jpg\" class=\"envira-gallery-7810 envira-gallery-link\" rel=\"enviragallery7810\" title=\"BEATRIZ BENITO, SPAIN, 2022\" data-envira-caption=\"BEATRIZ BENITO, SPAIN, 2022\" data-envira-retina=\"\" data-thumbnail=\"\"  itemprop=\"contentUrl\"><img id=\"envira-gallery-image-8700\" class=\"envira-gallery-image envira-gallery-image-18 envira-normal envira-lazy\" data-envira-index=\"18\" src=\"https:\/\/artcircle.si\/wp-content\/uploads\/2022\/04\/BEATRIZ-BENITO-SPAIN-2022-1024x1024-640x480.jpg\" data-envira-src=\"https:\/\/artcircle.si\/wp-content\/uploads\/2022\/04\/BEATRIZ-BENITO-SPAIN-2022-1024x1024-640x480.jpg\" data-envira-gallery-id=\"7810\" data-envira-item-id=\"8700\" data-envira-caption=\"BEATRIZ BENITO, SPAIN, 2022\" alt=\"BEATRIZ BENITO, SPAIN, 2022\" title=\"BEATRIZ BENITO, SPAIN, 2022\"  itemprop=\"thumbnailUrl\" data-envira-srcset=\"https:\/\/artcircle.si\/wp-content\/uploads\/2022\/04\/BEATRIZ-BENITO-SPAIN-2022-1024x1024-640x480.jpg 400w,https:\/\/artcircle.si\/wp-content\/uploads\/2022\/04\/BEATRIZ-BENITO-SPAIN-2022-1024x1024-640x480.jpg 2x\" data-envira-width=\"300\" data-envira-height=\"300\" srcset=\"data:image\/gif;base64,R0lGODlhAQABAIAAAP\/\/\/\/\/\/\/yH5BAEKAAEALAAAAAABAAEAAAICTAEAOw==\" data-safe-src=\"data:image\/gif;base64,R0lGODlhAQABAIAAAP\/\/\/\/\/\/\/yH5BAEKAAEALAAAAAABAAEAAAICTAEAOw==\" \/><\/a><\/div><\/div><div id=\"envira-gallery-item-8702\" class=\"envira-gallery-item enviratope-item envira-gallery-item-19 envira-lazy-load\" style=\"padding-left: 5px; padding-bottom: 10px; padding-right: 5px;\"  itemscope itemtype=\"https:\/\/schema.org\/ImageObject\"><div class=\"envira-gallery-item-inner\"><div class=\"envira-gallery-position-overlay  envira-gallery-top-left\"><\/div><div class=\"envira-gallery-position-overlay  envira-gallery-top-right\"><\/div><div class=\"envira-gallery-position-overlay  envira-gallery-bottom-left\"><\/div><div class=\"envira-gallery-position-overlay  envira-gallery-bottom-right\"><\/div><a href=\"https:\/\/artcircle.si\/wp-content\/uploads\/2022\/04\/BORIS-JIRKU-EZH-REBUBLI-2022.jpg\" class=\"envira-gallery-7810 envira-gallery-link\" rel=\"enviragallery7810\" title=\"BORIS JIRK\u016e, EZH REBUBLI, 2022\" data-envira-caption=\"BORIS JIRK\u016e, EZH REBUBLI, 2022\" data-envira-retina=\"\" data-thumbnail=\"\"  itemprop=\"contentUrl\"><img id=\"envira-gallery-image-8702\" class=\"envira-gallery-image envira-gallery-image-19 envira-normal envira-lazy\" data-envira-index=\"19\" src=\"https:\/\/artcircle.si\/wp-content\/uploads\/2022\/04\/BORIS-JIRKU-EZH-REBUBLI-2022-1021x1024-640x480.jpg\" data-envira-src=\"https:\/\/artcircle.si\/wp-content\/uploads\/2022\/04\/BORIS-JIRKU-EZH-REBUBLI-2022-1021x1024-640x480.jpg\" data-envira-gallery-id=\"7810\" data-envira-item-id=\"8702\" data-envira-caption=\"BORIS JIRK\u016e, EZH REBUBLI, 2022\" alt=\"BORIS JIRK\u016e, EZH REBUBLI, 2022\" title=\"BORIS JIRK\u016e, EZH REBUBLI, 2022\"  itemprop=\"thumbnailUrl\" data-envira-srcset=\"https:\/\/artcircle.si\/wp-content\/uploads\/2022\/04\/BORIS-JIRKU-EZH-REBUBLI-2022-1021x1024-640x480.jpg 400w,https:\/\/artcircle.si\/wp-content\/uploads\/2022\/04\/BORIS-JIRKU-EZH-REBUBLI-2022-1021x1024-640x480.jpg 2x\" data-envira-width=\"300\" data-envira-height=\"300\" srcset=\"data:image\/gif;base64,R0lGODlhAQABAIAAAP\/\/\/\/\/\/\/yH5BAEKAAEALAAAAAABAAEAAAICTAEAOw==\" data-safe-src=\"data:image\/gif;base64,R0lGODlhAQABAIAAAP\/\/\/\/\/\/\/yH5BAEKAAEALAAAAAABAAEAAAICTAEAOw==\" \/><\/a><\/div><\/div><div id=\"envira-gallery-item-8704\" class=\"envira-gallery-item enviratope-item envira-gallery-item-20 envira-lazy-load\" style=\"padding-left: 5px; padding-bottom: 10px; padding-right: 5px;\"  itemscope itemtype=\"https:\/\/schema.org\/ImageObject\"><div class=\"envira-gallery-item-inner\"><div class=\"envira-gallery-position-overlay  envira-gallery-top-left\"><\/div><div class=\"envira-gallery-position-overlay  envira-gallery-top-right\"><\/div><div class=\"envira-gallery-position-overlay  envira-gallery-bottom-left\"><\/div><div class=\"envira-gallery-position-overlay  envira-gallery-bottom-right\"><\/div><a href=\"https:\/\/artcircle.si\/wp-content\/uploads\/2022\/04\/BRUNO-PALADIN-CROATIA-2022.jpg\" class=\"envira-gallery-7810 envira-gallery-link\" rel=\"enviragallery7810\" title=\"BRUNO PALADIN, CROATIA, 2022\" data-envira-caption=\"BRUNO PALADIN, CROATIA, 2022\" data-envira-retina=\"\" data-thumbnail=\"\"  itemprop=\"contentUrl\"><img id=\"envira-gallery-image-8704\" class=\"envira-gallery-image envira-gallery-image-20 envira-normal envira-lazy\" data-envira-index=\"20\" src=\"https:\/\/artcircle.si\/wp-content\/uploads\/2022\/04\/BRUNO-PALADIN-CROATIA-2022-1024x1024-640x480.jpg\" data-envira-src=\"https:\/\/artcircle.si\/wp-content\/uploads\/2022\/04\/BRUNO-PALADIN-CROATIA-2022-1024x1024-640x480.jpg\" data-envira-gallery-id=\"7810\" data-envira-item-id=\"8704\" data-envira-caption=\"BRUNO PALADIN, CROATIA, 2022\" alt=\"BRUNO PALADIN, CROATIA, 2022\" title=\"BRUNO PALADIN, CROATIA, 2022\"  itemprop=\"thumbnailUrl\" data-envira-srcset=\"https:\/\/artcircle.si\/wp-content\/uploads\/2022\/04\/BRUNO-PALADIN-CROATIA-2022-1024x1024-640x480.jpg 400w,https:\/\/artcircle.si\/wp-content\/uploads\/2022\/04\/BRUNO-PALADIN-CROATIA-2022-1024x1024-640x480.jpg 2x\" data-envira-width=\"300\" data-envira-height=\"300\" srcset=\"data:image\/gif;base64,R0lGODlhAQABAIAAAP\/\/\/\/\/\/\/yH5BAEKAAEALAAAAAABAAEAAAICTAEAOw==\" data-safe-src=\"data:image\/gif;base64,R0lGODlhAQABAIAAAP\/\/\/\/\/\/\/yH5BAEKAAEALAAAAAABAAEAAAICTAEAOw==\" \/><\/a><\/div><\/div><div id=\"envira-gallery-item-8706\" class=\"envira-gallery-item enviratope-item envira-gallery-item-21 envira-lazy-load\" style=\"padding-left: 5px; padding-bottom: 10px; padding-right: 5px;\"  itemscope itemtype=\"https:\/\/schema.org\/ImageObject\"><div class=\"envira-gallery-item-inner\"><div class=\"envira-gallery-position-overlay  envira-gallery-top-left\"><\/div><div class=\"envira-gallery-position-overlay  envira-gallery-top-right\"><\/div><div class=\"envira-gallery-position-overlay  envira-gallery-bottom-left\"><\/div><div class=\"envira-gallery-position-overlay  envira-gallery-bottom-right\"><\/div><a href=\"https:\/\/artcircle.si\/wp-content\/uploads\/2022\/04\/DANIELA-JAUREGUI-SERVIN-MEXICO-2022.jpg\" class=\"envira-gallery-7810 envira-gallery-link\" rel=\"enviragallery7810\" title=\"DANIELA JAUREGUI SERVIN, MEXICO, 2022\" data-envira-caption=\"DANIELA JAUREGUI SERVIN, MEXICO, 2022\" data-envira-retina=\"\" data-thumbnail=\"\"  itemprop=\"contentUrl\"><img id=\"envira-gallery-image-8706\" class=\"envira-gallery-image envira-gallery-image-21 envira-normal envira-lazy\" data-envira-index=\"21\" src=\"https:\/\/artcircle.si\/wp-content\/uploads\/2022\/04\/DANIELA-JAUREGUI-SERVIN-MEXICO-2022-1024x1024-640x480.jpg\" data-envira-src=\"https:\/\/artcircle.si\/wp-content\/uploads\/2022\/04\/DANIELA-JAUREGUI-SERVIN-MEXICO-2022-1024x1024-640x480.jpg\" data-envira-gallery-id=\"7810\" data-envira-item-id=\"8706\" data-envira-caption=\"DANIELA JAUREGUI SERVIN, MEXICO, 2022\" alt=\"DANIELA JAUREGUI SERVIN, MEXICO, 2022\" title=\"DANIELA JAUREGUI SERVIN, MEXICO, 2022\"  itemprop=\"thumbnailUrl\" data-envira-srcset=\"https:\/\/artcircle.si\/wp-content\/uploads\/2022\/04\/DANIELA-JAUREGUI-SERVIN-MEXICO-2022-1024x1024-640x480.jpg 400w,https:\/\/artcircle.si\/wp-content\/uploads\/2022\/04\/DANIELA-JAUREGUI-SERVIN-MEXICO-2022-1024x1024-640x480.jpg 2x\" data-envira-width=\"300\" data-envira-height=\"300\" srcset=\"data:image\/gif;base64,R0lGODlhAQABAIAAAP\/\/\/\/\/\/\/yH5BAEKAAEALAAAAAABAAEAAAICTAEAOw==\" data-safe-src=\"data:image\/gif;base64,R0lGODlhAQABAIAAAP\/\/\/\/\/\/\/yH5BAEKAAEALAAAAAABAAEAAAICTAEAOw==\" \/><\/a><\/div><\/div><div id=\"envira-gallery-item-8708\" class=\"envira-gallery-item enviratope-item envira-gallery-item-22 envira-lazy-load\" style=\"padding-left: 5px; padding-bottom: 10px; padding-right: 5px;\"  itemscope itemtype=\"https:\/\/schema.org\/ImageObject\"><div class=\"envira-gallery-item-inner\"><div class=\"envira-gallery-position-overlay  envira-gallery-top-left\"><\/div><div class=\"envira-gallery-position-overlay  envira-gallery-top-right\"><\/div><div class=\"envira-gallery-position-overlay  envira-gallery-bottom-left\"><\/div><div class=\"envira-gallery-position-overlay  envira-gallery-bottom-right\"><\/div><a href=\"https:\/\/artcircle.si\/wp-content\/uploads\/2022\/04\/DAVID-SCHAB-POLAND-2022.jpg\" class=\"envira-gallery-7810 envira-gallery-link\" rel=\"enviragallery7810\" title=\"DAVID SCHAB, POLAND, 2022\" data-envira-caption=\"DAVID SCHAB, POLAND, 2022\" data-envira-retina=\"\" data-thumbnail=\"\"  itemprop=\"contentUrl\"><img id=\"envira-gallery-image-8708\" class=\"envira-gallery-image envira-gallery-image-22 envira-normal envira-lazy\" data-envira-index=\"22\" src=\"https:\/\/artcircle.si\/wp-content\/uploads\/2022\/04\/DAVID-SCHAB-POLAND-2022-1024x1024-640x480.jpg\" data-envira-src=\"https:\/\/artcircle.si\/wp-content\/uploads\/2022\/04\/DAVID-SCHAB-POLAND-2022-1024x1024-640x480.jpg\" data-envira-gallery-id=\"7810\" data-envira-item-id=\"8708\" data-envira-caption=\"DAVID SCHAB, POLAND, 2022\" alt=\"DAVID SCHAB, POLAND, 2022\" title=\"DAVID SCHAB, POLAND, 2022\"  itemprop=\"thumbnailUrl\" data-envira-srcset=\"https:\/\/artcircle.si\/wp-content\/uploads\/2022\/04\/DAVID-SCHAB-POLAND-2022-1024x1024-640x480.jpg 400w,https:\/\/artcircle.si\/wp-content\/uploads\/2022\/04\/DAVID-SCHAB-POLAND-2022-1024x1024-640x480.jpg 2x\" data-envira-width=\"300\" data-envira-height=\"300\" srcset=\"data:image\/gif;base64,R0lGODlhAQABAIAAAP\/\/\/\/\/\/\/yH5BAEKAAEALAAAAAABAAEAAAICTAEAOw==\" data-safe-src=\"data:image\/gif;base64,R0lGODlhAQABAIAAAP\/\/\/\/\/\/\/yH5BAEKAAEALAAAAAABAAEAAAICTAEAOw==\" \/><\/a><\/div><\/div><div id=\"envira-gallery-item-8710\" class=\"envira-gallery-item enviratope-item envira-gallery-item-23 envira-lazy-load\" style=\"padding-left: 5px; padding-bottom: 10px; padding-right: 5px;\"  itemscope itemtype=\"https:\/\/schema.org\/ImageObject\"><div class=\"envira-gallery-item-inner\"><div class=\"envira-gallery-position-overlay  envira-gallery-top-left\"><\/div><div class=\"envira-gallery-position-overlay  envira-gallery-top-right\"><\/div><div class=\"envira-gallery-position-overlay  envira-gallery-bottom-left\"><\/div><div class=\"envira-gallery-position-overlay  envira-gallery-bottom-right\"><\/div><a href=\"https:\/\/artcircle.si\/wp-content\/uploads\/2022\/04\/DREW-MATOTT-GERMANY-2022.jpg\" class=\"envira-gallery-7810 envira-gallery-link\" rel=\"enviragallery7810\" title=\"DREW MATOTT, GERMANY, 2022\" data-envira-caption=\"DREW MATOTT, GERMANY, 2022\" data-envira-retina=\"\" data-thumbnail=\"\"  itemprop=\"contentUrl\"><img id=\"envira-gallery-image-8710\" class=\"envira-gallery-image envira-gallery-image-23 envira-normal envira-lazy\" data-envira-index=\"23\" src=\"https:\/\/artcircle.si\/wp-content\/uploads\/2022\/04\/DREW-MATOTT-GERMANY-2022-1021x1024-640x480.jpg\" data-envira-src=\"https:\/\/artcircle.si\/wp-content\/uploads\/2022\/04\/DREW-MATOTT-GERMANY-2022-1021x1024-640x480.jpg\" data-envira-gallery-id=\"7810\" data-envira-item-id=\"8710\" data-envira-caption=\"DREW MATOTT, GERMANY, 2022\" alt=\"DREW MATOTT, GERMANY, 2022\" title=\"DREW MATOTT, GERMANY, 2022\"  itemprop=\"thumbnailUrl\" data-envira-srcset=\"https:\/\/artcircle.si\/wp-content\/uploads\/2022\/04\/DREW-MATOTT-GERMANY-2022-1021x1024-640x480.jpg 400w,https:\/\/artcircle.si\/wp-content\/uploads\/2022\/04\/DREW-MATOTT-GERMANY-2022-1021x1024-640x480.jpg 2x\" data-envira-width=\"300\" data-envira-height=\"300\" srcset=\"data:image\/gif;base64,R0lGODlhAQABAIAAAP\/\/\/\/\/\/\/yH5BAEKAAEALAAAAAABAAEAAAICTAEAOw==\" data-safe-src=\"data:image\/gif;base64,R0lGODlhAQABAIAAAP\/\/\/\/\/\/\/yH5BAEKAAEALAAAAAABAAEAAAICTAEAOw==\" \/><\/a><\/div><\/div><div id=\"envira-gallery-item-8712\" class=\"envira-gallery-item enviratope-item envira-gallery-item-24 envira-lazy-load\" style=\"padding-left: 5px; padding-bottom: 10px; padding-right: 5px;\"  itemscope itemtype=\"https:\/\/schema.org\/ImageObject\"><div class=\"envira-gallery-item-inner\"><div class=\"envira-gallery-position-overlay  envira-gallery-top-left\"><\/div><div class=\"envira-gallery-position-overlay  envira-gallery-top-right\"><\/div><div class=\"envira-gallery-position-overlay  envira-gallery-bottom-left\"><\/div><div class=\"envira-gallery-position-overlay  envira-gallery-bottom-right\"><\/div><a href=\"https:\/\/artcircle.si\/wp-content\/uploads\/2022\/04\/EROSS-ISTVAN-HUNGARY-2022.jpg\" class=\"envira-gallery-7810 envira-gallery-link\" rel=\"enviragallery7810\" title=\"EROSS ISTVAN, HUNGARY, 2022\" data-envira-caption=\"EROSS ISTVAN, HUNGARY, 2022\" data-envira-retina=\"\" data-thumbnail=\"\"  itemprop=\"contentUrl\"><img id=\"envira-gallery-image-8712\" class=\"envira-gallery-image envira-gallery-image-24 envira-normal envira-lazy\" data-envira-index=\"24\" src=\"https:\/\/artcircle.si\/wp-content\/uploads\/2022\/04\/EROSS-ISTVAN-HUNGARY-2022-1024x1024-640x480.jpg\" data-envira-src=\"https:\/\/artcircle.si\/wp-content\/uploads\/2022\/04\/EROSS-ISTVAN-HUNGARY-2022-1024x1024-640x480.jpg\" data-envira-gallery-id=\"7810\" data-envira-item-id=\"8712\" data-envira-caption=\"EROSS ISTVAN, HUNGARY, 2022\" alt=\"EROSS ISTVAN, HUNGARY, 2022\" title=\"EROSS ISTVAN, HUNGARY, 2022\"  itemprop=\"thumbnailUrl\" data-envira-srcset=\"https:\/\/artcircle.si\/wp-content\/uploads\/2022\/04\/EROSS-ISTVAN-HUNGARY-2022-1024x1024-640x480.jpg 400w,https:\/\/artcircle.si\/wp-content\/uploads\/2022\/04\/EROSS-ISTVAN-HUNGARY-2022-1024x1024-640x480.jpg 2x\" data-envira-width=\"300\" data-envira-height=\"300\" srcset=\"data:image\/gif;base64,R0lGODlhAQABAIAAAP\/\/\/\/\/\/\/yH5BAEKAAEALAAAAAABAAEAAAICTAEAOw==\" data-safe-src=\"data:image\/gif;base64,R0lGODlhAQABAIAAAP\/\/\/\/\/\/\/yH5BAEKAAEALAAAAAABAAEAAAICTAEAOw==\" \/><\/a><\/div><\/div><div id=\"envira-gallery-item-8714\" class=\"envira-gallery-item enviratope-item envira-gallery-item-25 envira-lazy-load\" style=\"padding-left: 5px; padding-bottom: 10px; padding-right: 5px;\"  itemscope itemtype=\"https:\/\/schema.org\/ImageObject\"><div class=\"envira-gallery-item-inner\"><div class=\"envira-gallery-position-overlay  envira-gallery-top-left\"><\/div><div class=\"envira-gallery-position-overlay  envira-gallery-top-right\"><\/div><div class=\"envira-gallery-position-overlay  envira-gallery-bottom-left\"><\/div><div class=\"envira-gallery-position-overlay  envira-gallery-bottom-right\"><\/div><a href=\"https:\/\/artcircle.si\/wp-content\/uploads\/2022\/04\/FERNANDA-RODANTE-BRAZIL-2022.jpg\" class=\"envira-gallery-7810 envira-gallery-link\" rel=\"enviragallery7810\" title=\"FERNANDA RODANTE, BRAZIL, 2022\" data-envira-caption=\"FERNANDA RODANTE, BRAZIL, 2022\" data-envira-retina=\"\" data-thumbnail=\"\"  itemprop=\"contentUrl\"><img id=\"envira-gallery-image-8714\" class=\"envira-gallery-image envira-gallery-image-25 envira-normal envira-lazy\" data-envira-index=\"25\" src=\"https:\/\/artcircle.si\/wp-content\/uploads\/2022\/04\/FERNANDA-RODANTE-BRAZIL-2022-1024x1024-640x480.jpg\" data-envira-src=\"https:\/\/artcircle.si\/wp-content\/uploads\/2022\/04\/FERNANDA-RODANTE-BRAZIL-2022-1024x1024-640x480.jpg\" data-envira-gallery-id=\"7810\" data-envira-item-id=\"8714\" data-envira-caption=\"FERNANDA RODANTE, BRAZIL, 2022\" alt=\"FERNANDA RODANTE, BRAZIL, 2022\" title=\"FERNANDA RODANTE, BRAZIL, 2022\"  itemprop=\"thumbnailUrl\" data-envira-srcset=\"https:\/\/artcircle.si\/wp-content\/uploads\/2022\/04\/FERNANDA-RODANTE-BRAZIL-2022-1024x1024-640x480.jpg 400w,https:\/\/artcircle.si\/wp-content\/uploads\/2022\/04\/FERNANDA-RODANTE-BRAZIL-2022-1024x1024-640x480.jpg 2x\" data-envira-width=\"300\" data-envira-height=\"300\" srcset=\"data:image\/gif;base64,R0lGODlhAQABAIAAAP\/\/\/\/\/\/\/yH5BAEKAAEALAAAAAABAAEAAAICTAEAOw==\" data-safe-src=\"data:image\/gif;base64,R0lGODlhAQABAIAAAP\/\/\/\/\/\/\/yH5BAEKAAEALAAAAAABAAEAAAICTAEAOw==\" \/><\/a><\/div><\/div><div id=\"envira-gallery-item-8716\" class=\"envira-gallery-item enviratope-item envira-gallery-item-26 envira-lazy-load\" style=\"padding-left: 5px; padding-bottom: 10px; padding-right: 5px;\"  itemscope itemtype=\"https:\/\/schema.org\/ImageObject\"><div class=\"envira-gallery-item-inner\"><div class=\"envira-gallery-position-overlay  envira-gallery-top-left\"><\/div><div class=\"envira-gallery-position-overlay  envira-gallery-top-right\"><\/div><div class=\"envira-gallery-position-overlay  envira-gallery-bottom-left\"><\/div><div class=\"envira-gallery-position-overlay  envira-gallery-bottom-right\"><\/div><a href=\"https:\/\/artcircle.si\/wp-content\/uploads\/2022\/04\/GEORG-LEBZELTER-AUSTRIA-2022.jpg\" class=\"envira-gallery-7810 envira-gallery-link\" rel=\"enviragallery7810\" title=\"GEORG LEBZELTER, AUSTRIA, 2022\" data-envira-caption=\"GEORG LEBZELTER, AUSTRIA, 2022\" data-envira-retina=\"\" data-thumbnail=\"\"  itemprop=\"contentUrl\"><img id=\"envira-gallery-image-8716\" class=\"envira-gallery-image envira-gallery-image-26 envira-normal envira-lazy\" data-envira-index=\"26\" src=\"https:\/\/artcircle.si\/wp-content\/uploads\/2022\/04\/GEORG-LEBZELTER-AUSTRIA-2022-1024x1024-640x480.jpg\" data-envira-src=\"https:\/\/artcircle.si\/wp-content\/uploads\/2022\/04\/GEORG-LEBZELTER-AUSTRIA-2022-1024x1024-640x480.jpg\" data-envira-gallery-id=\"7810\" data-envira-item-id=\"8716\" data-envira-caption=\"GEORG LEBZELTER, AUSTRIA, 2022\" alt=\"\" title=\"GEORG LEBZELTER, AUSTRIA, 2022\"  itemprop=\"thumbnailUrl\" data-envira-srcset=\"https:\/\/artcircle.si\/wp-content\/uploads\/2022\/04\/GEORG-LEBZELTER-AUSTRIA-2022-1024x1024-640x480.jpg 400w,https:\/\/artcircle.si\/wp-content\/uploads\/2022\/04\/GEORG-LEBZELTER-AUSTRIA-2022-1024x1024-640x480.jpg 2x\" data-envira-width=\"300\" data-envira-height=\"300\" srcset=\"data:image\/gif;base64,R0lGODlhAQABAIAAAP\/\/\/\/\/\/\/yH5BAEKAAEALAAAAAABAAEAAAICTAEAOw==\" data-safe-src=\"data:image\/gif;base64,R0lGODlhAQABAIAAAP\/\/\/\/\/\/\/yH5BAEKAAEALAAAAAABAAEAAAICTAEAOw==\" \/><\/a><\/div><\/div><div id=\"envira-gallery-item-8718\" class=\"envira-gallery-item enviratope-item envira-gallery-item-27 envira-lazy-load\" style=\"padding-left: 5px; padding-bottom: 10px; padding-right: 5px;\"  itemscope itemtype=\"https:\/\/schema.org\/ImageObject\"><div class=\"envira-gallery-item-inner\"><div class=\"envira-gallery-position-overlay  envira-gallery-top-left\"><\/div><div class=\"envira-gallery-position-overlay  envira-gallery-top-right\"><\/div><div class=\"envira-gallery-position-overlay  envira-gallery-bottom-left\"><\/div><div class=\"envira-gallery-position-overlay  envira-gallery-bottom-right\"><\/div><a href=\"https:\/\/artcircle.si\/wp-content\/uploads\/2022\/04\/GERLINDE-THUMA-AUSTRIA-2022.jpg\" class=\"envira-gallery-7810 envira-gallery-link\" rel=\"enviragallery7810\" title=\"GERLINDE THUMA, AUSTRIA, 2022\" data-envira-caption=\"GERLINDE THUMA, AUSTRIA, 2022\" data-envira-retina=\"\" data-thumbnail=\"\"  itemprop=\"contentUrl\"><img id=\"envira-gallery-image-8718\" class=\"envira-gallery-image envira-gallery-image-27 envira-normal envira-lazy\" data-envira-index=\"27\" src=\"https:\/\/artcircle.si\/wp-content\/uploads\/2022\/04\/GERLINDE-THUMA-AUSTRIA-2022-1024x1024-640x480.jpg\" data-envira-src=\"https:\/\/artcircle.si\/wp-content\/uploads\/2022\/04\/GERLINDE-THUMA-AUSTRIA-2022-1024x1024-640x480.jpg\" data-envira-gallery-id=\"7810\" data-envira-item-id=\"8718\" data-envira-caption=\"GERLINDE THUMA, AUSTRIA, 2022\" alt=\"GERLINDE THUMA, AUSTRIA, 2022\" title=\"GERLINDE THUMA, AUSTRIA, 2022\"  itemprop=\"thumbnailUrl\" data-envira-srcset=\"https:\/\/artcircle.si\/wp-content\/uploads\/2022\/04\/GERLINDE-THUMA-AUSTRIA-2022-1024x1024-640x480.jpg 400w,https:\/\/artcircle.si\/wp-content\/uploads\/2022\/04\/GERLINDE-THUMA-AUSTRIA-2022-1024x1024-640x480.jpg 2x\" data-envira-width=\"300\" data-envira-height=\"300\" srcset=\"data:image\/gif;base64,R0lGODlhAQABAIAAAP\/\/\/\/\/\/\/yH5BAEKAAEALAAAAAABAAEAAAICTAEAOw==\" data-safe-src=\"data:image\/gif;base64,R0lGODlhAQABAIAAAP\/\/\/\/\/\/\/yH5BAEKAAEALAAAAAABAAEAAAICTAEAOw==\" \/><\/a><\/div><\/div><div id=\"envira-gallery-item-8720\" class=\"envira-gallery-item enviratope-item envira-gallery-item-28 envira-lazy-load\" style=\"padding-left: 5px; padding-bottom: 10px; padding-right: 5px;\"  itemscope itemtype=\"https:\/\/schema.org\/ImageObject\"><div class=\"envira-gallery-item-inner\"><div class=\"envira-gallery-position-overlay  envira-gallery-top-left\"><\/div><div class=\"envira-gallery-position-overlay  envira-gallery-top-right\"><\/div><div class=\"envira-gallery-position-overlay  envira-gallery-bottom-left\"><\/div><div class=\"envira-gallery-position-overlay  envira-gallery-bottom-right\"><\/div><a href=\"https:\/\/artcircle.si\/wp-content\/uploads\/2022\/04\/HORACIO-LAMAS-MEXICO-2022.jpg\" class=\"envira-gallery-7810 envira-gallery-link\" rel=\"enviragallery7810\" title=\"HORACIO LAMAS, MEXICO, 2022\" data-envira-caption=\"HORACIO LAMAS, MEXICO, 2022\" data-envira-retina=\"\" data-thumbnail=\"\"  itemprop=\"contentUrl\"><img id=\"envira-gallery-image-8720\" class=\"envira-gallery-image envira-gallery-image-28 envira-normal envira-lazy\" data-envira-index=\"28\" src=\"https:\/\/artcircle.si\/wp-content\/uploads\/2022\/04\/HORACIO-LAMAS-MEXICO-2022-1024x1024-640x480.jpg\" data-envira-src=\"https:\/\/artcircle.si\/wp-content\/uploads\/2022\/04\/HORACIO-LAMAS-MEXICO-2022-1024x1024-640x480.jpg\" data-envira-gallery-id=\"7810\" data-envira-item-id=\"8720\" data-envira-caption=\"HORACIO LAMAS, MEXICO, 2022\" alt=\"HORACIO LAMAS, MEXICO, 2022\" title=\"HORACIO LAMAS, MEXICO, 2022\"  itemprop=\"thumbnailUrl\" data-envira-srcset=\"https:\/\/artcircle.si\/wp-content\/uploads\/2022\/04\/HORACIO-LAMAS-MEXICO-2022-1024x1024-640x480.jpg 400w,https:\/\/artcircle.si\/wp-content\/uploads\/2022\/04\/HORACIO-LAMAS-MEXICO-2022-1024x1024-640x480.jpg 2x\" data-envira-width=\"300\" data-envira-height=\"300\" srcset=\"data:image\/gif;base64,R0lGODlhAQABAIAAAP\/\/\/\/\/\/\/yH5BAEKAAEALAAAAAABAAEAAAICTAEAOw==\" data-safe-src=\"data:image\/gif;base64,R0lGODlhAQABAIAAAP\/\/\/\/\/\/\/yH5BAEKAAEALAAAAAABAAEAAAICTAEAOw==\" \/><\/a><\/div><\/div><div id=\"envira-gallery-item-8722\" class=\"envira-gallery-item enviratope-item envira-gallery-item-29 envira-lazy-load\" style=\"padding-left: 5px; padding-bottom: 10px; padding-right: 5px;\"  itemscope itemtype=\"https:\/\/schema.org\/ImageObject\"><div class=\"envira-gallery-item-inner\"><div class=\"envira-gallery-position-overlay  envira-gallery-top-left\"><\/div><div class=\"envira-gallery-position-overlay  envira-gallery-top-right\"><\/div><div class=\"envira-gallery-position-overlay  envira-gallery-bottom-left\"><\/div><div class=\"envira-gallery-position-overlay  envira-gallery-bottom-right\"><\/div><a href=\"https:\/\/artcircle.si\/wp-content\/uploads\/2022\/04\/JACOBO-ROA-MEXICO-2022.jpg\" class=\"envira-gallery-7810 envira-gallery-link\" rel=\"enviragallery7810\" title=\"JACOBO ROA, MEXICO, 2022\" data-envira-caption=\"JACOBO ROA, MEXICO, 2022\" data-envira-retina=\"\" data-thumbnail=\"\"  itemprop=\"contentUrl\"><img id=\"envira-gallery-image-8722\" class=\"envira-gallery-image envira-gallery-image-29 envira-normal envira-lazy\" data-envira-index=\"29\" src=\"https:\/\/artcircle.si\/wp-content\/uploads\/2022\/04\/JACOBO-ROA-MEXICO-2022-1024x1024-640x480.jpg\" data-envira-src=\"https:\/\/artcircle.si\/wp-content\/uploads\/2022\/04\/JACOBO-ROA-MEXICO-2022-1024x1024-640x480.jpg\" data-envira-gallery-id=\"7810\" data-envira-item-id=\"8722\" data-envira-caption=\"JACOBO ROA, MEXICO, 2022\" alt=\"JACOBO ROA, MEXICO, 2022\" title=\"JACOBO ROA, MEXICO, 2022\"  itemprop=\"thumbnailUrl\" data-envira-srcset=\"https:\/\/artcircle.si\/wp-content\/uploads\/2022\/04\/JACOBO-ROA-MEXICO-2022-1024x1024-640x480.jpg 400w,https:\/\/artcircle.si\/wp-content\/uploads\/2022\/04\/JACOBO-ROA-MEXICO-2022-1024x1024-640x480.jpg 2x\" data-envira-width=\"300\" data-envira-height=\"300\" srcset=\"data:image\/gif;base64,R0lGODlhAQABAIAAAP\/\/\/\/\/\/\/yH5BAEKAAEALAAAAAABAAEAAAICTAEAOw==\" data-safe-src=\"data:image\/gif;base64,R0lGODlhAQABAIAAAP\/\/\/\/\/\/\/yH5BAEKAAEALAAAAAABAAEAAAICTAEAOw==\" \/><\/a><\/div><\/div><div id=\"envira-gallery-item-8724\" class=\"envira-gallery-item enviratope-item envira-gallery-item-30 envira-lazy-load\" style=\"padding-left: 5px; padding-bottom: 10px; padding-right: 5px;\"  itemscope itemtype=\"https:\/\/schema.org\/ImageObject\"><div class=\"envira-gallery-item-inner\"><div class=\"envira-gallery-position-overlay  envira-gallery-top-left\"><\/div><div class=\"envira-gallery-position-overlay  envira-gallery-top-right\"><\/div><div class=\"envira-gallery-position-overlay  envira-gallery-bottom-left\"><\/div><div class=\"envira-gallery-position-overlay  envira-gallery-bottom-right\"><\/div><a href=\"https:\/\/artcircle.si\/wp-content\/uploads\/2022\/04\/JELENA-JELACA-SRBIA-2022.jpg\" class=\"envira-gallery-7810 envira-gallery-link\" rel=\"enviragallery7810\" title=\"JELENA JELA\u010cA, SRBIA, 2022\" data-envira-caption=\"JELENA JELA\u010cA, SRBIA, 2022\" data-envira-retina=\"\" data-thumbnail=\"\"  itemprop=\"contentUrl\"><img id=\"envira-gallery-image-8724\" class=\"envira-gallery-image envira-gallery-image-30 envira-normal envira-lazy\" data-envira-index=\"30\" src=\"https:\/\/artcircle.si\/wp-content\/uploads\/2022\/04\/JELENA-JELACA-SRBIA-2022-1024x1024-640x480.jpg\" data-envira-src=\"https:\/\/artcircle.si\/wp-content\/uploads\/2022\/04\/JELENA-JELACA-SRBIA-2022-1024x1024-640x480.jpg\" data-envira-gallery-id=\"7810\" data-envira-item-id=\"8724\" data-envira-caption=\"JELENA JELA\u010cA, SRBIA, 2022\" alt=\"JELENA JELA\u010cA, SRBIA, 2022\" title=\"JELENA JELA\u010cA, SRBIA, 2022\"  itemprop=\"thumbnailUrl\" data-envira-srcset=\"https:\/\/artcircle.si\/wp-content\/uploads\/2022\/04\/JELENA-JELACA-SRBIA-2022-1024x1024-640x480.jpg 400w,https:\/\/artcircle.si\/wp-content\/uploads\/2022\/04\/JELENA-JELACA-SRBIA-2022-1024x1024-640x480.jpg 2x\" data-envira-width=\"300\" data-envira-height=\"300\" srcset=\"data:image\/gif;base64,R0lGODlhAQABAIAAAP\/\/\/\/\/\/\/yH5BAEKAAEALAAAAAABAAEAAAICTAEAOw==\" data-safe-src=\"data:image\/gif;base64,R0lGODlhAQABAIAAAP\/\/\/\/\/\/\/yH5BAEKAAEALAAAAAABAAEAAAICTAEAOw==\" \/><\/a><\/div><\/div><div id=\"envira-gallery-item-8726\" class=\"envira-gallery-item enviratope-item envira-gallery-item-31 envira-lazy-load\" style=\"padding-left: 5px; padding-bottom: 10px; padding-right: 5px;\"  itemscope itemtype=\"https:\/\/schema.org\/ImageObject\"><div class=\"envira-gallery-item-inner\"><div class=\"envira-gallery-position-overlay  envira-gallery-top-left\"><\/div><div class=\"envira-gallery-position-overlay  envira-gallery-top-right\"><\/div><div class=\"envira-gallery-position-overlay  envira-gallery-bottom-left\"><\/div><div class=\"envira-gallery-position-overlay  envira-gallery-bottom-right\"><\/div><a href=\"https:\/\/artcircle.si\/wp-content\/uploads\/2022\/04\/JESSE-MAGEE-USA_GERMANY_FRANCE-2022.jpg\" class=\"envira-gallery-7810 envira-gallery-link\" rel=\"enviragallery7810\" title=\"JESSE MAGEE, USA GERMANY FRANCE, 2022\" data-envira-caption=\"JESSE MAGEE, USA GERMANY FRANCE, 2022\" data-envira-retina=\"\" data-thumbnail=\"\"  itemprop=\"contentUrl\"><img id=\"envira-gallery-image-8726\" class=\"envira-gallery-image envira-gallery-image-31 envira-normal envira-lazy\" data-envira-index=\"31\" src=\"https:\/\/artcircle.si\/wp-content\/uploads\/2022\/04\/JESSE-MAGEE-USA_GERMANY_FRANCE-2022-1024x1024-640x480.jpg\" data-envira-src=\"https:\/\/artcircle.si\/wp-content\/uploads\/2022\/04\/JESSE-MAGEE-USA_GERMANY_FRANCE-2022-1024x1024-640x480.jpg\" data-envira-gallery-id=\"7810\" data-envira-item-id=\"8726\" data-envira-caption=\"JESSE MAGEE, USA GERMANY FRANCE, 2022\" alt=\"JESSE MAGEE, USA GERMANY FRANCE, 2022\" title=\"JESSE MAGEE, USA GERMANY FRANCE, 2022\"  itemprop=\"thumbnailUrl\" data-envira-srcset=\"https:\/\/artcircle.si\/wp-content\/uploads\/2022\/04\/JESSE-MAGEE-USA_GERMANY_FRANCE-2022-1024x1024-640x480.jpg 400w,https:\/\/artcircle.si\/wp-content\/uploads\/2022\/04\/JESSE-MAGEE-USA_GERMANY_FRANCE-2022-1024x1024-640x480.jpg 2x\" data-envira-width=\"300\" data-envira-height=\"300\" srcset=\"data:image\/gif;base64,R0lGODlhAQABAIAAAP\/\/\/\/\/\/\/yH5BAEKAAEALAAAAAABAAEAAAICTAEAOw==\" data-safe-src=\"data:image\/gif;base64,R0lGODlhAQABAIAAAP\/\/\/\/\/\/\/yH5BAEKAAEALAAAAAABAAEAAAICTAEAOw==\" \/><\/a><\/div><\/div><div id=\"envira-gallery-item-8728\" class=\"envira-gallery-item enviratope-item envira-gallery-item-32 envira-lazy-load\" style=\"padding-left: 5px; padding-bottom: 10px; padding-right: 5px;\"  itemscope itemtype=\"https:\/\/schema.org\/ImageObject\"><div class=\"envira-gallery-item-inner\"><div class=\"envira-gallery-position-overlay  envira-gallery-top-left\"><\/div><div class=\"envira-gallery-position-overlay  envira-gallery-top-right\"><\/div><div class=\"envira-gallery-position-overlay  envira-gallery-bottom-left\"><\/div><div class=\"envira-gallery-position-overlay  envira-gallery-bottom-right\"><\/div><a href=\"https:\/\/artcircle.si\/wp-content\/uploads\/2022\/04\/JESSE-MAGEE-USA_GERMANY_KAZAHSTAN-2022-2.jpg\" class=\"envira-gallery-7810 envira-gallery-link\" rel=\"enviragallery7810\" title=\"JESSE MAGEE, USA GERMANY KAZAHSTAN, 2022\" data-envira-caption=\"JESSE MAGEE, USA GERMANY KAZAHSTAN, 2022\" data-envira-retina=\"\" data-thumbnail=\"\"  itemprop=\"contentUrl\"><img id=\"envira-gallery-image-8728\" class=\"envira-gallery-image envira-gallery-image-32 envira-normal envira-lazy\" data-envira-index=\"32\" src=\"https:\/\/artcircle.si\/wp-content\/uploads\/2022\/04\/JESSE-MAGEE-USA_GERMANY_KAZAHSTAN-2022-2-1024x1015-640x480.jpg\" data-envira-src=\"https:\/\/artcircle.si\/wp-content\/uploads\/2022\/04\/JESSE-MAGEE-USA_GERMANY_KAZAHSTAN-2022-2-1024x1015-640x480.jpg\" data-envira-gallery-id=\"7810\" data-envira-item-id=\"8728\" data-envira-caption=\"JESSE MAGEE, USA GERMANY KAZAHSTAN, 2022\" alt=\"JESSE MAGEE, USA GERMANY KAZAHSTAN, 2022\" title=\"JESSE MAGEE, USA GERMANY KAZAHSTAN, 2022\"  itemprop=\"thumbnailUrl\" data-envira-srcset=\"https:\/\/artcircle.si\/wp-content\/uploads\/2022\/04\/JESSE-MAGEE-USA_GERMANY_KAZAHSTAN-2022-2-1024x1015-640x480.jpg 400w,https:\/\/artcircle.si\/wp-content\/uploads\/2022\/04\/JESSE-MAGEE-USA_GERMANY_KAZAHSTAN-2022-2-1024x1015-640x480.jpg 2x\" data-envira-width=\"300\" data-envira-height=\"297\" srcset=\"data:image\/gif;base64,R0lGODlhAQABAIAAAP\/\/\/\/\/\/\/yH5BAEKAAEALAAAAAABAAEAAAICTAEAOw==\" data-safe-src=\"data:image\/gif;base64,R0lGODlhAQABAIAAAP\/\/\/\/\/\/\/yH5BAEKAAEALAAAAAABAAEAAAICTAEAOw==\" \/><\/a><\/div><\/div><div id=\"envira-gallery-item-8730\" class=\"envira-gallery-item enviratope-item envira-gallery-item-33 envira-lazy-load\" style=\"padding-left: 5px; padding-bottom: 10px; padding-right: 5px;\"  itemscope itemtype=\"https:\/\/schema.org\/ImageObject\"><div class=\"envira-gallery-item-inner\"><div class=\"envira-gallery-position-overlay  envira-gallery-top-left\"><\/div><div class=\"envira-gallery-position-overlay  envira-gallery-top-right\"><\/div><div class=\"envira-gallery-position-overlay  envira-gallery-bottom-left\"><\/div><div class=\"envira-gallery-position-overlay  envira-gallery-bottom-right\"><\/div><a href=\"https:\/\/artcircle.si\/wp-content\/uploads\/2022\/04\/JOZSEF-SZURCSIK-HUNGARY-2022.jpg\" class=\"envira-gallery-7810 envira-gallery-link\" rel=\"enviragallery7810\" title=\"JOZSEF SZURCSIK, HUNGARY, 2022\" data-envira-caption=\"JOZSEF SZURCSIK, HUNGARY, 2022\" data-envira-retina=\"\" data-thumbnail=\"\"  itemprop=\"contentUrl\"><img id=\"envira-gallery-image-8730\" class=\"envira-gallery-image envira-gallery-image-33 envira-normal envira-lazy\" data-envira-index=\"33\" src=\"https:\/\/artcircle.si\/wp-content\/uploads\/2022\/04\/JOZSEF-SZURCSIK-HUNGARY-2022-1024x1024-640x480.jpg\" data-envira-src=\"https:\/\/artcircle.si\/wp-content\/uploads\/2022\/04\/JOZSEF-SZURCSIK-HUNGARY-2022-1024x1024-640x480.jpg\" data-envira-gallery-id=\"7810\" data-envira-item-id=\"8730\" data-envira-caption=\"JOZSEF SZURCSIK, HUNGARY, 2022\" alt=\"JOZSEF SZURCSIK, HUNGARY, 2022\" title=\"JOZSEF SZURCSIK, HUNGARY, 2022\"  itemprop=\"thumbnailUrl\" data-envira-srcset=\"https:\/\/artcircle.si\/wp-content\/uploads\/2022\/04\/JOZSEF-SZURCSIK-HUNGARY-2022-1024x1024-640x480.jpg 400w,https:\/\/artcircle.si\/wp-content\/uploads\/2022\/04\/JOZSEF-SZURCSIK-HUNGARY-2022-1024x1024-640x480.jpg 2x\" data-envira-width=\"300\" data-envira-height=\"300\" srcset=\"data:image\/gif;base64,R0lGODlhAQABAIAAAP\/\/\/\/\/\/\/yH5BAEKAAEALAAAAAABAAEAAAICTAEAOw==\" data-safe-src=\"data:image\/gif;base64,R0lGODlhAQABAIAAAP\/\/\/\/\/\/\/yH5BAEKAAEALAAAAAABAAEAAAICTAEAOw==\" \/><\/a><\/div><\/div><div id=\"envira-gallery-item-8732\" class=\"envira-gallery-item enviratope-item envira-gallery-item-34 envira-lazy-load\" style=\"padding-left: 5px; padding-bottom: 10px; padding-right: 5px;\"  itemscope itemtype=\"https:\/\/schema.org\/ImageObject\"><div class=\"envira-gallery-item-inner\"><div class=\"envira-gallery-position-overlay  envira-gallery-top-left\"><\/div><div class=\"envira-gallery-position-overlay  envira-gallery-top-right\"><\/div><div class=\"envira-gallery-position-overlay  envira-gallery-bottom-left\"><\/div><div class=\"envira-gallery-position-overlay  envira-gallery-bottom-right\"><\/div><a href=\"https:\/\/artcircle.si\/wp-content\/uploads\/2022\/04\/KASIA-BANAS-POLAND-2022.jpg\" class=\"envira-gallery-7810 envira-gallery-link\" rel=\"enviragallery7810\" title=\"KASIA BANA\u015a, POLAND, 2022\" data-envira-caption=\"KASIA BANA\u015a, POLAND, 2022\" data-envira-retina=\"\" data-thumbnail=\"\"  itemprop=\"contentUrl\"><img id=\"envira-gallery-image-8732\" class=\"envira-gallery-image envira-gallery-image-34 envira-normal envira-lazy\" data-envira-index=\"34\" src=\"https:\/\/artcircle.si\/wp-content\/uploads\/2022\/04\/KASIA-BANAS-POLAND-2022-1024x1024-640x480.jpg\" data-envira-src=\"https:\/\/artcircle.si\/wp-content\/uploads\/2022\/04\/KASIA-BANAS-POLAND-2022-1024x1024-640x480.jpg\" data-envira-gallery-id=\"7810\" data-envira-item-id=\"8732\" data-envira-caption=\"KASIA BANA\u015a, POLAND, 2022\" alt=\"KASIA BANA\u015a, POLAND, 2022\" title=\"KASIA BANA\u015a, POLAND, 2022\"  itemprop=\"thumbnailUrl\" data-envira-srcset=\"https:\/\/artcircle.si\/wp-content\/uploads\/2022\/04\/KASIA-BANAS-POLAND-2022-1024x1024-640x480.jpg 400w,https:\/\/artcircle.si\/wp-content\/uploads\/2022\/04\/KASIA-BANAS-POLAND-2022-1024x1024-640x480.jpg 2x\" data-envira-width=\"300\" data-envira-height=\"300\" srcset=\"data:image\/gif;base64,R0lGODlhAQABAIAAAP\/\/\/\/\/\/\/yH5BAEKAAEALAAAAAABAAEAAAICTAEAOw==\" data-safe-src=\"data:image\/gif;base64,R0lGODlhAQABAIAAAP\/\/\/\/\/\/\/yH5BAEKAAEALAAAAAABAAEAAAICTAEAOw==\" \/><\/a><\/div><\/div><div id=\"envira-gallery-item-8734\" class=\"envira-gallery-item enviratope-item envira-gallery-item-35 envira-lazy-load\" style=\"padding-left: 5px; padding-bottom: 10px; padding-right: 5px;\"  itemscope itemtype=\"https:\/\/schema.org\/ImageObject\"><div class=\"envira-gallery-item-inner\"><div class=\"envira-gallery-position-overlay  envira-gallery-top-left\"><\/div><div class=\"envira-gallery-position-overlay  envira-gallery-top-right\"><\/div><div class=\"envira-gallery-position-overlay  envira-gallery-bottom-left\"><\/div><div class=\"envira-gallery-position-overlay  envira-gallery-bottom-right\"><\/div><a href=\"https:\/\/artcircle.si\/wp-content\/uploads\/2022\/04\/KATARZYNA-SEYFRIED-POLAND-2022.jpg\" class=\"envira-gallery-7810 envira-gallery-link\" rel=\"enviragallery7810\" title=\"KATARZYNA SEYFRIED, POLAND, 2022\" data-envira-caption=\"KATARZYNA SEYFRIED, POLAND, 2022\" data-envira-retina=\"\" data-thumbnail=\"\"  itemprop=\"contentUrl\"><img id=\"envira-gallery-image-8734\" class=\"envira-gallery-image envira-gallery-image-35 envira-normal envira-lazy\" data-envira-index=\"35\" src=\"https:\/\/artcircle.si\/wp-content\/uploads\/2022\/04\/KATARZYNA-SEYFRIED-POLAND-2022-1024x1024-640x480.jpg\" data-envira-src=\"https:\/\/artcircle.si\/wp-content\/uploads\/2022\/04\/KATARZYNA-SEYFRIED-POLAND-2022-1024x1024-640x480.jpg\" data-envira-gallery-id=\"7810\" data-envira-item-id=\"8734\" data-envira-caption=\"KATARZYNA SEYFRIED, POLAND, 2022\" alt=\"KATARZYNA SEYFRIED, POLAND, 2022\" title=\"KATARZYNA SEYFRIED, POLAND, 2022\"  itemprop=\"thumbnailUrl\" data-envira-srcset=\"https:\/\/artcircle.si\/wp-content\/uploads\/2022\/04\/KATARZYNA-SEYFRIED-POLAND-2022-1024x1024-640x480.jpg 400w,https:\/\/artcircle.si\/wp-content\/uploads\/2022\/04\/KATARZYNA-SEYFRIED-POLAND-2022-1024x1024-640x480.jpg 2x\" data-envira-width=\"300\" data-envira-height=\"300\" srcset=\"data:image\/gif;base64,R0lGODlhAQABAIAAAP\/\/\/\/\/\/\/yH5BAEKAAEALAAAAAABAAEAAAICTAEAOw==\" data-safe-src=\"data:image\/gif;base64,R0lGODlhAQABAIAAAP\/\/\/\/\/\/\/yH5BAEKAAEALAAAAAABAAEAAAICTAEAOw==\" \/><\/a><\/div><\/div><div id=\"envira-gallery-item-8736\" class=\"envira-gallery-item enviratope-item envira-gallery-item-36 envira-lazy-load\" style=\"padding-left: 5px; padding-bottom: 10px; padding-right: 5px;\"  itemscope itemtype=\"https:\/\/schema.org\/ImageObject\"><div class=\"envira-gallery-item-inner\"><div class=\"envira-gallery-position-overlay  envira-gallery-top-left\"><\/div><div class=\"envira-gallery-position-overlay  envira-gallery-top-right\"><\/div><div class=\"envira-gallery-position-overlay  envira-gallery-bottom-left\"><\/div><div class=\"envira-gallery-position-overlay  envira-gallery-bottom-right\"><\/div><a href=\"https:\/\/artcircle.si\/wp-content\/uploads\/2022\/04\/KRISTINA-KANDRIKOVA-SLOVAKIA-2022.jpg\" class=\"envira-gallery-7810 envira-gallery-link\" rel=\"enviragallery7810\" title=\"KRISTINA KANDRIKOVA, SLOVAKIA, 2022\" data-envira-caption=\"KRISTINA KANDRIKOVA, SLOVAKIA, 2022\" data-envira-retina=\"\" data-thumbnail=\"\"  itemprop=\"contentUrl\"><img id=\"envira-gallery-image-8736\" class=\"envira-gallery-image envira-gallery-image-36 envira-normal envira-lazy\" data-envira-index=\"36\" src=\"https:\/\/artcircle.si\/wp-content\/uploads\/2022\/04\/KRISTINA-KANDRIKOVA-SLOVAKIA-2022-1024x1024-640x480.jpg\" data-envira-src=\"https:\/\/artcircle.si\/wp-content\/uploads\/2022\/04\/KRISTINA-KANDRIKOVA-SLOVAKIA-2022-1024x1024-640x480.jpg\" data-envira-gallery-id=\"7810\" data-envira-item-id=\"8736\" data-envira-caption=\"KRISTINA KANDRIKOVA, SLOVAKIA, 2022\" alt=\"KRISTINA KANDRIKOVA, SLOVAKIA, 2022\" title=\"KRISTINA KANDRIKOVA, SLOVAKIA, 2022\"  itemprop=\"thumbnailUrl\" data-envira-srcset=\"https:\/\/artcircle.si\/wp-content\/uploads\/2022\/04\/KRISTINA-KANDRIKOVA-SLOVAKIA-2022-1024x1024-640x480.jpg 400w,https:\/\/artcircle.si\/wp-content\/uploads\/2022\/04\/KRISTINA-KANDRIKOVA-SLOVAKIA-2022-1024x1024-640x480.jpg 2x\" data-envira-width=\"300\" data-envira-height=\"300\" srcset=\"data:image\/gif;base64,R0lGODlhAQABAIAAAP\/\/\/\/\/\/\/yH5BAEKAAEALAAAAAABAAEAAAICTAEAOw==\" data-safe-src=\"data:image\/gif;base64,R0lGODlhAQABAIAAAP\/\/\/\/\/\/\/yH5BAEKAAEALAAAAAABAAEAAAICTAEAOw==\" \/><\/a><\/div><\/div><div id=\"envira-gallery-item-8738\" class=\"envira-gallery-item enviratope-item envira-gallery-item-37 envira-lazy-load\" style=\"padding-left: 5px; padding-bottom: 10px; padding-right: 5px;\"  itemscope itemtype=\"https:\/\/schema.org\/ImageObject\"><div class=\"envira-gallery-item-inner\"><div class=\"envira-gallery-position-overlay  envira-gallery-top-left\"><\/div><div class=\"envira-gallery-position-overlay  envira-gallery-top-right\"><\/div><div class=\"envira-gallery-position-overlay  envira-gallery-bottom-left\"><\/div><div class=\"envira-gallery-position-overlay  envira-gallery-bottom-right\"><\/div><a href=\"https:\/\/artcircle.si\/wp-content\/uploads\/2022\/04\/LEVENTE-HERMAN-ROMANIA_HUNGARY-2022.jpg\" class=\"envira-gallery-7810 envira-gallery-link\" rel=\"enviragallery7810\" title=\"LEVENTE HERMAN, ROMANIA HUNGARY, 2022\" data-envira-caption=\"LEVENTE HERMAN, ROMANIA HUNGARY, 2022\" data-envira-retina=\"\" data-thumbnail=\"\"  itemprop=\"contentUrl\"><img id=\"envira-gallery-image-8738\" class=\"envira-gallery-image envira-gallery-image-37 envira-normal envira-lazy\" data-envira-index=\"37\" src=\"https:\/\/artcircle.si\/wp-content\/uploads\/2022\/04\/LEVENTE-HERMAN-ROMANIA_HUNGARY-2022-1024x1024-640x480.jpg\" data-envira-src=\"https:\/\/artcircle.si\/wp-content\/uploads\/2022\/04\/LEVENTE-HERMAN-ROMANIA_HUNGARY-2022-1024x1024-640x480.jpg\" data-envira-gallery-id=\"7810\" data-envira-item-id=\"8738\" data-envira-caption=\"LEVENTE HERMAN, ROMANIA HUNGARY, 2022\" alt=\"LEVENTE HERMAN, ROMANIA HUNGARY, 2022\" title=\"LEVENTE HERMAN, ROMANIA HUNGARY, 2022\"  itemprop=\"thumbnailUrl\" data-envira-srcset=\"https:\/\/artcircle.si\/wp-content\/uploads\/2022\/04\/LEVENTE-HERMAN-ROMANIA_HUNGARY-2022-1024x1024-640x480.jpg 400w,https:\/\/artcircle.si\/wp-content\/uploads\/2022\/04\/LEVENTE-HERMAN-ROMANIA_HUNGARY-2022-1024x1024-640x480.jpg 2x\" data-envira-width=\"300\" data-envira-height=\"300\" srcset=\"data:image\/gif;base64,R0lGODlhAQABAIAAAP\/\/\/\/\/\/\/yH5BAEKAAEALAAAAAABAAEAAAICTAEAOw==\" data-safe-src=\"data:image\/gif;base64,R0lGODlhAQABAIAAAP\/\/\/\/\/\/\/yH5BAEKAAEALAAAAAABAAEAAAICTAEAOw==\" \/><\/a><\/div><\/div><div id=\"envira-gallery-item-8740\" class=\"envira-gallery-item enviratope-item envira-gallery-item-38 envira-lazy-load\" style=\"padding-left: 5px; padding-bottom: 10px; padding-right: 5px;\"  itemscope itemtype=\"https:\/\/schema.org\/ImageObject\"><div class=\"envira-gallery-item-inner\"><div class=\"envira-gallery-position-overlay  envira-gallery-top-left\"><\/div><div class=\"envira-gallery-position-overlay  envira-gallery-top-right\"><\/div><div class=\"envira-gallery-position-overlay  envira-gallery-bottom-left\"><\/div><div class=\"envira-gallery-position-overlay  envira-gallery-bottom-right\"><\/div><a href=\"https:\/\/artcircle.si\/wp-content\/uploads\/2022\/04\/LIYA-GABITOVA-FRANCE-2022.jpg\" class=\"envira-gallery-7810 envira-gallery-link\" rel=\"enviragallery7810\" title=\"LIYA GABITOVA, FRANCE, 2022\" data-envira-caption=\"LIYA GABITOVA, FRANCE, 2022\" data-envira-retina=\"\" data-thumbnail=\"\"  itemprop=\"contentUrl\"><img id=\"envira-gallery-image-8740\" class=\"envira-gallery-image envira-gallery-image-38 envira-normal envira-lazy\" data-envira-index=\"38\" src=\"https:\/\/artcircle.si\/wp-content\/uploads\/2022\/04\/LIYA-GABITOVA-FRANCE-2022-1024x1024-640x480.jpg\" data-envira-src=\"https:\/\/artcircle.si\/wp-content\/uploads\/2022\/04\/LIYA-GABITOVA-FRANCE-2022-1024x1024-640x480.jpg\" data-envira-gallery-id=\"7810\" data-envira-item-id=\"8740\" data-envira-caption=\"LIYA GABITOVA, FRANCE, 2022\" alt=\"LIYA GABITOVA, FRANCE, 2022\" title=\"LIYA GABITOVA, FRANCE, 2022\"  itemprop=\"thumbnailUrl\" data-envira-srcset=\"https:\/\/artcircle.si\/wp-content\/uploads\/2022\/04\/LIYA-GABITOVA-FRANCE-2022-1024x1024-640x480.jpg 400w,https:\/\/artcircle.si\/wp-content\/uploads\/2022\/04\/LIYA-GABITOVA-FRANCE-2022-1024x1024-640x480.jpg 2x\" data-envira-width=\"300\" data-envira-height=\"300\" srcset=\"data:image\/gif;base64,R0lGODlhAQABAIAAAP\/\/\/\/\/\/\/yH5BAEKAAEALAAAAAABAAEAAAICTAEAOw==\" data-safe-src=\"data:image\/gif;base64,R0lGODlhAQABAIAAAP\/\/\/\/\/\/\/yH5BAEKAAEALAAAAAABAAEAAAICTAEAOw==\" \/><\/a><\/div><\/div><div id=\"envira-gallery-item-8742\" class=\"envira-gallery-item enviratope-item envira-gallery-item-39 envira-lazy-load\" style=\"padding-left: 5px; padding-bottom: 10px; padding-right: 5px;\"  itemscope itemtype=\"https:\/\/schema.org\/ImageObject\"><div class=\"envira-gallery-item-inner\"><div class=\"envira-gallery-position-overlay  envira-gallery-top-left\"><\/div><div class=\"envira-gallery-position-overlay  envira-gallery-top-right\"><\/div><div class=\"envira-gallery-position-overlay  envira-gallery-bottom-left\"><\/div><div class=\"envira-gallery-position-overlay  envira-gallery-bottom-right\"><\/div><a href=\"https:\/\/artcircle.si\/wp-content\/uploads\/2022\/04\/MARTA-KISS-HUNGARY-2022.jpg\" class=\"envira-gallery-7810 envira-gallery-link\" rel=\"enviragallery7810\" title=\"MARTA KISS, HUNGARY, 2022\" data-envira-caption=\"MARTA KISS, HUNGARY, 2022\" data-envira-retina=\"\" data-thumbnail=\"\"  itemprop=\"contentUrl\"><img id=\"envira-gallery-image-8742\" class=\"envira-gallery-image envira-gallery-image-39 envira-normal envira-lazy\" data-envira-index=\"39\" src=\"https:\/\/artcircle.si\/wp-content\/uploads\/2022\/04\/MARTA-KISS-HUNGARY-2022-1024x1024-640x480.jpg\" data-envira-src=\"https:\/\/artcircle.si\/wp-content\/uploads\/2022\/04\/MARTA-KISS-HUNGARY-2022-1024x1024-640x480.jpg\" data-envira-gallery-id=\"7810\" data-envira-item-id=\"8742\" data-envira-caption=\"MARTA KISS, HUNGARY, 2022\" alt=\"MARTA KISS, HUNGARY, 2022\" title=\"MARTA KISS, HUNGARY, 2022\"  itemprop=\"thumbnailUrl\" data-envira-srcset=\"https:\/\/artcircle.si\/wp-content\/uploads\/2022\/04\/MARTA-KISS-HUNGARY-2022-1024x1024-640x480.jpg 400w,https:\/\/artcircle.si\/wp-content\/uploads\/2022\/04\/MARTA-KISS-HUNGARY-2022-1024x1024-640x480.jpg 2x\" data-envira-width=\"300\" data-envira-height=\"300\" srcset=\"data:image\/gif;base64,R0lGODlhAQABAIAAAP\/\/\/\/\/\/\/yH5BAEKAAEALAAAAAABAAEAAAICTAEAOw==\" data-safe-src=\"data:image\/gif;base64,R0lGODlhAQABAIAAAP\/\/\/\/\/\/\/yH5BAEKAAEALAAAAAABAAEAAAICTAEAOw==\" \/><\/a><\/div><\/div><div id=\"envira-gallery-item-8772\" class=\"envira-gallery-item enviratope-item envira-gallery-item-40 envira-lazy-load\" style=\"padding-left: 5px; padding-bottom: 10px; padding-right: 5px;\"  itemscope itemtype=\"https:\/\/schema.org\/ImageObject\"><div class=\"envira-gallery-item-inner\"><div class=\"envira-gallery-position-overlay  envira-gallery-top-left\"><\/div><div class=\"envira-gallery-position-overlay  envira-gallery-top-right\"><\/div><div class=\"envira-gallery-position-overlay  envira-gallery-bottom-left\"><\/div><div class=\"envira-gallery-position-overlay  envira-gallery-bottom-right\"><\/div><a href=\"https:\/\/artcircle.si\/wp-content\/uploads\/2022\/04\/MARTIN-PRACHAR-CZECH-REPUBLIC-2022.jpg\" class=\"envira-gallery-7810 envira-gallery-link\" rel=\"enviragallery7810\" title=\"MARTIN PRACHA\u0158, CZECH REPUBLIC, 2022\" data-envira-caption=\"MARTIN PRACHA\u0158, CZECH REPUBLIC, 2022\" data-envira-retina=\"\" data-thumbnail=\"\"  itemprop=\"contentUrl\"><img id=\"envira-gallery-image-8772\" class=\"envira-gallery-image envira-gallery-image-40 envira-normal envira-lazy\" data-envira-index=\"40\" src=\"https:\/\/artcircle.si\/wp-content\/uploads\/2022\/04\/MARTIN-PRACHAR-CZECH-REPUBLIC-2022-1021x1024-640x480.jpg\" data-envira-src=\"https:\/\/artcircle.si\/wp-content\/uploads\/2022\/04\/MARTIN-PRACHAR-CZECH-REPUBLIC-2022-1021x1024-640x480.jpg\" data-envira-gallery-id=\"7810\" data-envira-item-id=\"8772\" data-envira-caption=\"MARTIN PRACHA\u0158, CZECH REPUBLIC, 2022\" alt=\"\" title=\"MARTIN PRACHA\u0158, CZECH REPUBLIC, 2022\"  itemprop=\"thumbnailUrl\" data-envira-srcset=\"https:\/\/artcircle.si\/wp-content\/uploads\/2022\/04\/MARTIN-PRACHAR-CZECH-REPUBLIC-2022-1021x1024-640x480.jpg 400w,https:\/\/artcircle.si\/wp-content\/uploads\/2022\/04\/MARTIN-PRACHAR-CZECH-REPUBLIC-2022-1021x1024-640x480.jpg 2x\" data-envira-width=\"300\" data-envira-height=\"300\" srcset=\"data:image\/gif;base64,R0lGODlhAQABAIAAAP\/\/\/\/\/\/\/yH5BAEKAAEALAAAAAABAAEAAAICTAEAOw==\" data-safe-src=\"data:image\/gif;base64,R0lGODlhAQABAIAAAP\/\/\/\/\/\/\/yH5BAEKAAEALAAAAAABAAEAAAICTAEAOw==\" \/><\/a><\/div><\/div><div id=\"envira-gallery-item-8744\" class=\"envira-gallery-item enviratope-item envira-gallery-item-41 envira-lazy-load\" style=\"padding-left: 5px; padding-bottom: 10px; padding-right: 5px;\"  itemscope itemtype=\"https:\/\/schema.org\/ImageObject\"><div class=\"envira-gallery-item-inner\"><div class=\"envira-gallery-position-overlay  envira-gallery-top-left\"><\/div><div class=\"envira-gallery-position-overlay  envira-gallery-top-right\"><\/div><div class=\"envira-gallery-position-overlay  envira-gallery-bottom-left\"><\/div><div class=\"envira-gallery-position-overlay  envira-gallery-bottom-right\"><\/div><a href=\"https:\/\/artcircle.si\/wp-content\/uploads\/2022\/04\/MATEUSZ-PAWELCZYK-POLAND-IN-ITALY-2022.jpg\" class=\"envira-gallery-7810 envira-gallery-link\" rel=\"enviragallery7810\" title=\"MATEUSZ PAWE\u0141CZYK, POLAND IN ITALY, 2022\" data-envira-caption=\"MATEUSZ PAWE\u0141CZYK, POLAND IN ITALY, 2022\" data-envira-retina=\"\" data-thumbnail=\"\"  itemprop=\"contentUrl\"><img id=\"envira-gallery-image-8744\" class=\"envira-gallery-image envira-gallery-image-41 envira-normal envira-lazy\" data-envira-index=\"41\" src=\"https:\/\/artcircle.si\/wp-content\/uploads\/2022\/04\/MATEUSZ-PAWELCZYK-POLAND-IN-ITALY-2022-1024x1024-640x480.jpg\" data-envira-src=\"https:\/\/artcircle.si\/wp-content\/uploads\/2022\/04\/MATEUSZ-PAWELCZYK-POLAND-IN-ITALY-2022-1024x1024-640x480.jpg\" data-envira-gallery-id=\"7810\" data-envira-item-id=\"8744\" data-envira-caption=\"MATEUSZ PAWE\u0141CZYK, POLAND IN ITALY, 2022\" alt=\"\" title=\"MATEUSZ PAWE\u0141CZYK, POLAND IN ITALY, 2022\"  itemprop=\"thumbnailUrl\" data-envira-srcset=\"https:\/\/artcircle.si\/wp-content\/uploads\/2022\/04\/MATEUSZ-PAWELCZYK-POLAND-IN-ITALY-2022-1024x1024-640x480.jpg 400w,https:\/\/artcircle.si\/wp-content\/uploads\/2022\/04\/MATEUSZ-PAWELCZYK-POLAND-IN-ITALY-2022-1024x1024-640x480.jpg 2x\" data-envira-width=\"300\" data-envira-height=\"300\" srcset=\"data:image\/gif;base64,R0lGODlhAQABAIAAAP\/\/\/\/\/\/\/yH5BAEKAAEALAAAAAABAAEAAAICTAEAOw==\" data-safe-src=\"data:image\/gif;base64,R0lGODlhAQABAIAAAP\/\/\/\/\/\/\/yH5BAEKAAEALAAAAAABAAEAAAICTAEAOw==\" \/><\/a><\/div><\/div><div id=\"envira-gallery-item-8774\" class=\"envira-gallery-item enviratope-item envira-gallery-item-42 envira-lazy-load\" style=\"padding-left: 5px; padding-bottom: 10px; padding-right: 5px;\"  itemscope itemtype=\"https:\/\/schema.org\/ImageObject\"><div class=\"envira-gallery-item-inner\"><div class=\"envira-gallery-position-overlay  envira-gallery-top-left\"><\/div><div class=\"envira-gallery-position-overlay  envira-gallery-top-right\"><\/div><div class=\"envira-gallery-position-overlay  envira-gallery-bottom-left\"><\/div><div class=\"envira-gallery-position-overlay  envira-gallery-bottom-right\"><\/div><a href=\"https:\/\/artcircle.si\/wp-content\/uploads\/2022\/04\/NILS-KNOTT-GERMANY-2022.jpg\" class=\"envira-gallery-7810 envira-gallery-link\" rel=\"enviragallery7810\" title=\"NILS KNOTT, GERMANY, 2022\" data-envira-caption=\"NILS KNOTT, GERMANY, 2022\" data-envira-retina=\"\" data-thumbnail=\"\"  itemprop=\"contentUrl\"><img id=\"envira-gallery-image-8774\" class=\"envira-gallery-image envira-gallery-image-42 envira-normal envira-lazy\" data-envira-index=\"42\" src=\"https:\/\/artcircle.si\/wp-content\/uploads\/2022\/04\/NILS-KNOTT-GERMANY-2022-1021x1024-640x480.jpg\" data-envira-src=\"https:\/\/artcircle.si\/wp-content\/uploads\/2022\/04\/NILS-KNOTT-GERMANY-2022-1021x1024-640x480.jpg\" data-envira-gallery-id=\"7810\" data-envira-item-id=\"8774\" data-envira-caption=\"NILS KNOTT, GERMANY, 2022\" alt=\"\" title=\"NILS KNOTT, GERMANY, 2022\"  itemprop=\"thumbnailUrl\" data-envira-srcset=\"https:\/\/artcircle.si\/wp-content\/uploads\/2022\/04\/NILS-KNOTT-GERMANY-2022-1021x1024-640x480.jpg 400w,https:\/\/artcircle.si\/wp-content\/uploads\/2022\/04\/NILS-KNOTT-GERMANY-2022-1021x1024-640x480.jpg 2x\" data-envira-width=\"300\" data-envira-height=\"300\" srcset=\"data:image\/gif;base64,R0lGODlhAQABAIAAAP\/\/\/\/\/\/\/yH5BAEKAAEALAAAAAABAAEAAAICTAEAOw==\" data-safe-src=\"data:image\/gif;base64,R0lGODlhAQABAIAAAP\/\/\/\/\/\/\/yH5BAEKAAEALAAAAAABAAEAAAICTAEAOw==\" \/><\/a><\/div><\/div><div id=\"envira-gallery-item-8776\" class=\"envira-gallery-item enviratope-item envira-gallery-item-43 envira-lazy-load\" style=\"padding-left: 5px; padding-bottom: 10px; padding-right: 5px;\"  itemscope itemtype=\"https:\/\/schema.org\/ImageObject\"><div class=\"envira-gallery-item-inner\"><div class=\"envira-gallery-position-overlay  envira-gallery-top-left\"><\/div><div class=\"envira-gallery-position-overlay  envira-gallery-top-right\"><\/div><div class=\"envira-gallery-position-overlay  envira-gallery-bottom-left\"><\/div><div class=\"envira-gallery-position-overlay  envira-gallery-bottom-right\"><\/div><a href=\"https:\/\/artcircle.si\/wp-content\/uploads\/2022\/04\/NORIAKI-SANGAWA-JAPAN-2022.jpg\" class=\"envira-gallery-7810 envira-gallery-link\" rel=\"enviragallery7810\" title=\"NORIAKI SANGAWA, JAPAN, 2022\" data-envira-caption=\"NORIAKI SANGAWA, JAPAN, 2022\" data-envira-retina=\"\" data-thumbnail=\"\"  itemprop=\"contentUrl\"><img id=\"envira-gallery-image-8776\" class=\"envira-gallery-image envira-gallery-image-43 envira-normal envira-lazy\" data-envira-index=\"43\" src=\"https:\/\/artcircle.si\/wp-content\/uploads\/2022\/04\/NORIAKI-SANGAWA-JAPAN-2022-1021x1024-640x480.jpg\" data-envira-src=\"https:\/\/artcircle.si\/wp-content\/uploads\/2022\/04\/NORIAKI-SANGAWA-JAPAN-2022-1021x1024-640x480.jpg\" data-envira-gallery-id=\"7810\" data-envira-item-id=\"8776\" data-envira-caption=\"NORIAKI SANGAWA, JAPAN, 2022\" alt=\"\" title=\"NORIAKI SANGAWA, JAPAN, 2022\"  itemprop=\"thumbnailUrl\" data-envira-srcset=\"https:\/\/artcircle.si\/wp-content\/uploads\/2022\/04\/NORIAKI-SANGAWA-JAPAN-2022-1021x1024-640x480.jpg 400w,https:\/\/artcircle.si\/wp-content\/uploads\/2022\/04\/NORIAKI-SANGAWA-JAPAN-2022-1021x1024-640x480.jpg 2x\" data-envira-width=\"300\" data-envira-height=\"300\" srcset=\"data:image\/gif;base64,R0lGODlhAQABAIAAAP\/\/\/\/\/\/\/yH5BAEKAAEALAAAAAABAAEAAAICTAEAOw==\" data-safe-src=\"data:image\/gif;base64,R0lGODlhAQABAIAAAP\/\/\/\/\/\/\/yH5BAEKAAEALAAAAAABAAEAAAICTAEAOw==\" \/><\/a><\/div><\/div><div id=\"envira-gallery-item-8746\" class=\"envira-gallery-item enviratope-item envira-gallery-item-44 envira-lazy-load\" style=\"padding-left: 5px; padding-bottom: 10px; padding-right: 5px;\"  itemscope itemtype=\"https:\/\/schema.org\/ImageObject\"><div class=\"envira-gallery-item-inner\"><div class=\"envira-gallery-position-overlay  envira-gallery-top-left\"><\/div><div class=\"envira-gallery-position-overlay  envira-gallery-top-right\"><\/div><div class=\"envira-gallery-position-overlay  envira-gallery-bottom-left\"><\/div><div class=\"envira-gallery-position-overlay  envira-gallery-bottom-right\"><\/div><a href=\"https:\/\/artcircle.si\/wp-content\/uploads\/2022\/04\/PIOTR-KORZENIOWSKI-POLAND_IN-ITALY-2022.jpg\" class=\"envira-gallery-7810 envira-gallery-link\" rel=\"enviragallery7810\" title=\"PIOTR KORZENIOWSKI, POLAND_IN ITALY, 2022\" data-envira-caption=\"PIOTR KORZENIOWSKI, POLAND_IN ITALY, 2022\" data-envira-retina=\"\" data-thumbnail=\"\"  itemprop=\"contentUrl\"><img id=\"envira-gallery-image-8746\" class=\"envira-gallery-image envira-gallery-image-44 envira-normal envira-lazy\" data-envira-index=\"44\" src=\"https:\/\/artcircle.si\/wp-content\/uploads\/2022\/04\/PIOTR-KORZENIOWSKI-POLAND_IN-ITALY-2022-1024x1024-640x480.jpg\" data-envira-src=\"https:\/\/artcircle.si\/wp-content\/uploads\/2022\/04\/PIOTR-KORZENIOWSKI-POLAND_IN-ITALY-2022-1024x1024-640x480.jpg\" data-envira-gallery-id=\"7810\" data-envira-item-id=\"8746\" data-envira-caption=\"PIOTR KORZENIOWSKI, POLAND_IN ITALY, 2022\" alt=\"\" title=\"PIOTR KORZENIOWSKI, POLAND_IN ITALY, 2022\"  itemprop=\"thumbnailUrl\" data-envira-srcset=\"https:\/\/artcircle.si\/wp-content\/uploads\/2022\/04\/PIOTR-KORZENIOWSKI-POLAND_IN-ITALY-2022-1024x1024-640x480.jpg 400w,https:\/\/artcircle.si\/wp-content\/uploads\/2022\/04\/PIOTR-KORZENIOWSKI-POLAND_IN-ITALY-2022-1024x1024-640x480.jpg 2x\" data-envira-width=\"300\" data-envira-height=\"300\" srcset=\"data:image\/gif;base64,R0lGODlhAQABAIAAAP\/\/\/\/\/\/\/yH5BAEKAAEALAAAAAABAAEAAAICTAEAOw==\" data-safe-src=\"data:image\/gif;base64,R0lGODlhAQABAIAAAP\/\/\/\/\/\/\/yH5BAEKAAEALAAAAAABAAEAAAICTAEAOw==\" \/><\/a><\/div><\/div><div id=\"envira-gallery-item-8748\" class=\"envira-gallery-item enviratope-item envira-gallery-item-45 envira-lazy-load\" style=\"padding-left: 5px; padding-bottom: 10px; padding-right: 5px;\"  itemscope itemtype=\"https:\/\/schema.org\/ImageObject\"><div class=\"envira-gallery-item-inner\"><div class=\"envira-gallery-position-overlay  envira-gallery-top-left\"><\/div><div class=\"envira-gallery-position-overlay  envira-gallery-top-right\"><\/div><div class=\"envira-gallery-position-overlay  envira-gallery-bottom-left\"><\/div><div class=\"envira-gallery-position-overlay  envira-gallery-bottom-right\"><\/div><a href=\"https:\/\/artcircle.si\/wp-content\/uploads\/2022\/04\/PIOTR-KORZENIOWSKI-POLAND_MEXIO-2022.jpg\" class=\"envira-gallery-7810 envira-gallery-link\" rel=\"enviragallery7810\" title=\"PIOTR KORZENIOWSKI, POLAND_MEXIO, 2022\" data-envira-caption=\"PIOTR KORZENIOWSKI, POLAND_MEXIO, 2022\" data-envira-retina=\"\" data-thumbnail=\"\"  itemprop=\"contentUrl\"><img id=\"envira-gallery-image-8748\" class=\"envira-gallery-image envira-gallery-image-45 envira-normal envira-lazy\" data-envira-index=\"45\" src=\"https:\/\/artcircle.si\/wp-content\/uploads\/2022\/04\/PIOTR-KORZENIOWSKI-POLAND_MEXIO-2022-1024x1024-640x480.jpg\" data-envira-src=\"https:\/\/artcircle.si\/wp-content\/uploads\/2022\/04\/PIOTR-KORZENIOWSKI-POLAND_MEXIO-2022-1024x1024-640x480.jpg\" data-envira-gallery-id=\"7810\" data-envira-item-id=\"8748\" data-envira-caption=\"PIOTR KORZENIOWSKI, POLAND_MEXIO, 2022\" alt=\"\" title=\"PIOTR KORZENIOWSKI, POLAND_MEXIO, 2022\"  itemprop=\"thumbnailUrl\" data-envira-srcset=\"https:\/\/artcircle.si\/wp-content\/uploads\/2022\/04\/PIOTR-KORZENIOWSKI-POLAND_MEXIO-2022-1024x1024-640x480.jpg 400w,https:\/\/artcircle.si\/wp-content\/uploads\/2022\/04\/PIOTR-KORZENIOWSKI-POLAND_MEXIO-2022-1024x1024-640x480.jpg 2x\" data-envira-width=\"300\" data-envira-height=\"300\" srcset=\"data:image\/gif;base64,R0lGODlhAQABAIAAAP\/\/\/\/\/\/\/yH5BAEKAAEALAAAAAABAAEAAAICTAEAOw==\" data-safe-src=\"data:image\/gif;base64,R0lGODlhAQABAIAAAP\/\/\/\/\/\/\/yH5BAEKAAEALAAAAAABAAEAAAICTAEAOw==\" \/><\/a><\/div><\/div><div id=\"envira-gallery-item-8778\" class=\"envira-gallery-item enviratope-item envira-gallery-item-46 envira-lazy-load\" style=\"padding-left: 5px; padding-bottom: 10px; padding-right: 5px;\"  itemscope itemtype=\"https:\/\/schema.org\/ImageObject\"><div class=\"envira-gallery-item-inner\"><div class=\"envira-gallery-position-overlay  envira-gallery-top-left\"><\/div><div class=\"envira-gallery-position-overlay  envira-gallery-top-right\"><\/div><div class=\"envira-gallery-position-overlay  envira-gallery-bottom-left\"><\/div><div class=\"envira-gallery-position-overlay  envira-gallery-bottom-right\"><\/div><a href=\"https:\/\/artcircle.si\/wp-content\/uploads\/2022\/04\/PIPPO-ALTOMARE-ITALY-2022.jpg\" class=\"envira-gallery-7810 envira-gallery-link\" rel=\"enviragallery7810\" title=\"PIPPO ALTOMARE, ITALY, 2022\" data-envira-caption=\"PIPPO ALTOMARE, ITALY, 2022\" data-envira-retina=\"\" data-thumbnail=\"\"  itemprop=\"contentUrl\"><img id=\"envira-gallery-image-8778\" class=\"envira-gallery-image envira-gallery-image-46 envira-normal envira-lazy\" data-envira-index=\"46\" src=\"https:\/\/artcircle.si\/wp-content\/uploads\/2022\/04\/PIPPO-ALTOMARE-ITALY-2022-1021x1024-640x480.jpg\" data-envira-src=\"https:\/\/artcircle.si\/wp-content\/uploads\/2022\/04\/PIPPO-ALTOMARE-ITALY-2022-1021x1024-640x480.jpg\" data-envira-gallery-id=\"7810\" data-envira-item-id=\"8778\" data-envira-caption=\"PIPPO ALTOMARE, ITALY, 2022\" alt=\"\" title=\"PIPPO ALTOMARE, ITALY, 2022\"  itemprop=\"thumbnailUrl\" data-envira-srcset=\"https:\/\/artcircle.si\/wp-content\/uploads\/2022\/04\/PIPPO-ALTOMARE-ITALY-2022-1021x1024-640x480.jpg 400w,https:\/\/artcircle.si\/wp-content\/uploads\/2022\/04\/PIPPO-ALTOMARE-ITALY-2022-1021x1024-640x480.jpg 2x\" data-envira-width=\"300\" data-envira-height=\"300\" srcset=\"data:image\/gif;base64,R0lGODlhAQABAIAAAP\/\/\/\/\/\/\/yH5BAEKAAEALAAAAAABAAEAAAICTAEAOw==\" data-safe-src=\"data:image\/gif;base64,R0lGODlhAQABAIAAAP\/\/\/\/\/\/\/yH5BAEKAAEALAAAAAABAAEAAAICTAEAOw==\" \/><\/a><\/div><\/div><div id=\"envira-gallery-item-8750\" class=\"envira-gallery-item enviratope-item envira-gallery-item-47 envira-lazy-load\" style=\"padding-left: 5px; padding-bottom: 10px; padding-right: 5px;\"  itemscope itemtype=\"https:\/\/schema.org\/ImageObject\"><div class=\"envira-gallery-item-inner\"><div class=\"envira-gallery-position-overlay  envira-gallery-top-left\"><\/div><div class=\"envira-gallery-position-overlay  envira-gallery-top-right\"><\/div><div class=\"envira-gallery-position-overlay  envira-gallery-bottom-left\"><\/div><div class=\"envira-gallery-position-overlay  envira-gallery-bottom-right\"><\/div><a href=\"https:\/\/artcircle.si\/wp-content\/uploads\/2022\/04\/RADOVAN-KUNIC-CROATIA-2022.jpg\" class=\"envira-gallery-7810 envira-gallery-link\" rel=\"enviragallery7810\" title=\"RADOVAN KUNI\u0106, CROATIA, 2022\" data-envira-caption=\"RADOVAN KUNI\u0106, CROATIA, 2022\" data-envira-retina=\"\" data-thumbnail=\"\"  itemprop=\"contentUrl\"><img id=\"envira-gallery-image-8750\" class=\"envira-gallery-image envira-gallery-image-47 envira-normal envira-lazy\" data-envira-index=\"47\" src=\"https:\/\/artcircle.si\/wp-content\/uploads\/2022\/04\/RADOVAN-KUNIC-CROATIA-2022-1024x1024-640x480.jpg\" data-envira-src=\"https:\/\/artcircle.si\/wp-content\/uploads\/2022\/04\/RADOVAN-KUNIC-CROATIA-2022-1024x1024-640x480.jpg\" data-envira-gallery-id=\"7810\" data-envira-item-id=\"8750\" data-envira-caption=\"RADOVAN KUNI\u0106, CROATIA, 2022\" alt=\"\" title=\"RADOVAN KUNI\u0106, CROATIA, 2022\"  itemprop=\"thumbnailUrl\" data-envira-srcset=\"https:\/\/artcircle.si\/wp-content\/uploads\/2022\/04\/RADOVAN-KUNIC-CROATIA-2022-1024x1024-640x480.jpg 400w,https:\/\/artcircle.si\/wp-content\/uploads\/2022\/04\/RADOVAN-KUNIC-CROATIA-2022-1024x1024-640x480.jpg 2x\" data-envira-width=\"300\" data-envira-height=\"300\" srcset=\"data:image\/gif;base64,R0lGODlhAQABAIAAAP\/\/\/\/\/\/\/yH5BAEKAAEALAAAAAABAAEAAAICTAEAOw==\" data-safe-src=\"data:image\/gif;base64,R0lGODlhAQABAIAAAP\/\/\/\/\/\/\/yH5BAEKAAEALAAAAAABAAEAAAICTAEAOw==\" \/><\/a><\/div><\/div><div id=\"envira-gallery-item-8752\" class=\"envira-gallery-item enviratope-item envira-gallery-item-48 envira-lazy-load\" style=\"padding-left: 5px; padding-bottom: 10px; padding-right: 5px;\"  itemscope itemtype=\"https:\/\/schema.org\/ImageObject\"><div class=\"envira-gallery-item-inner\"><div class=\"envira-gallery-position-overlay  envira-gallery-top-left\"><\/div><div class=\"envira-gallery-position-overlay  envira-gallery-top-right\"><\/div><div class=\"envira-gallery-position-overlay  envira-gallery-bottom-left\"><\/div><div class=\"envira-gallery-position-overlay  envira-gallery-bottom-right\"><\/div><a href=\"https:\/\/artcircle.si\/wp-content\/uploads\/2022\/04\/RUBI-JUAREZ-MEXICO-2022.jpg\" class=\"envira-gallery-7810 envira-gallery-link\" rel=\"enviragallery7810\" title=\"RUBI JUAREZ, MEXICO, 2022\" data-envira-caption=\"RUBI JUAREZ, MEXICO, 2022\" data-envira-retina=\"\" data-thumbnail=\"\"  itemprop=\"contentUrl\"><img id=\"envira-gallery-image-8752\" class=\"envira-gallery-image envira-gallery-image-48 envira-normal envira-lazy\" data-envira-index=\"48\" src=\"https:\/\/artcircle.si\/wp-content\/uploads\/2022\/04\/RUBI-JUAREZ-MEXICO-2022-1021x1024-640x480.jpg\" data-envira-src=\"https:\/\/artcircle.si\/wp-content\/uploads\/2022\/04\/RUBI-JUAREZ-MEXICO-2022-1021x1024-640x480.jpg\" data-envira-gallery-id=\"7810\" data-envira-item-id=\"8752\" data-envira-caption=\"RUBI JUAREZ, MEXICO, 2022\" alt=\"\" title=\"RUBI JUAREZ, MEXICO, 2022\"  itemprop=\"thumbnailUrl\" data-envira-srcset=\"https:\/\/artcircle.si\/wp-content\/uploads\/2022\/04\/RUBI-JUAREZ-MEXICO-2022-1021x1024-640x480.jpg 400w,https:\/\/artcircle.si\/wp-content\/uploads\/2022\/04\/RUBI-JUAREZ-MEXICO-2022-1021x1024-640x480.jpg 2x\" data-envira-width=\"300\" data-envira-height=\"300\" srcset=\"data:image\/gif;base64,R0lGODlhAQABAIAAAP\/\/\/\/\/\/\/yH5BAEKAAEALAAAAAABAAEAAAICTAEAOw==\" data-safe-src=\"data:image\/gif;base64,R0lGODlhAQABAIAAAP\/\/\/\/\/\/\/yH5BAEKAAEALAAAAAABAAEAAAICTAEAOw==\" \/><\/a><\/div><\/div><div id=\"envira-gallery-item-8754\" class=\"envira-gallery-item enviratope-item envira-gallery-item-49 envira-lazy-load\" style=\"padding-left: 5px; padding-bottom: 10px; padding-right: 5px;\"  itemscope itemtype=\"https:\/\/schema.org\/ImageObject\"><div class=\"envira-gallery-item-inner\"><div class=\"envira-gallery-position-overlay  envira-gallery-top-left\"><\/div><div class=\"envira-gallery-position-overlay  envira-gallery-top-right\"><\/div><div class=\"envira-gallery-position-overlay  envira-gallery-bottom-left\"><\/div><div class=\"envira-gallery-position-overlay  envira-gallery-bottom-right\"><\/div><a href=\"https:\/\/artcircle.si\/wp-content\/uploads\/2022\/04\/SERGIU-MOISE-ROMANIA-2022.jpg\" class=\"envira-gallery-7810 envira-gallery-link\" rel=\"enviragallery7810\" title=\"SERGIU MOISE, ROMANIA, 2022\" data-envira-caption=\"SERGIU MOISE, ROMANIA, 2022\" data-envira-retina=\"\" data-thumbnail=\"\"  itemprop=\"contentUrl\"><img id=\"envira-gallery-image-8754\" class=\"envira-gallery-image envira-gallery-image-49 envira-normal envira-lazy\" data-envira-index=\"49\" src=\"https:\/\/artcircle.si\/wp-content\/uploads\/2022\/04\/SERGIU-MOISE-ROMANIA-2022-1024x1024-640x480.jpg\" data-envira-src=\"https:\/\/artcircle.si\/wp-content\/uploads\/2022\/04\/SERGIU-MOISE-ROMANIA-2022-1024x1024-640x480.jpg\" data-envira-gallery-id=\"7810\" data-envira-item-id=\"8754\" data-envira-caption=\"SERGIU MOISE, ROMANIA, 2022\" alt=\"\" title=\"SERGIU MOISE, ROMANIA, 2022\"  itemprop=\"thumbnailUrl\" data-envira-srcset=\"https:\/\/artcircle.si\/wp-content\/uploads\/2022\/04\/SERGIU-MOISE-ROMANIA-2022-1024x1024-640x480.jpg 400w,https:\/\/artcircle.si\/wp-content\/uploads\/2022\/04\/SERGIU-MOISE-ROMANIA-2022-1024x1024-640x480.jpg 2x\" data-envira-width=\"300\" data-envira-height=\"300\" srcset=\"data:image\/gif;base64,R0lGODlhAQABAIAAAP\/\/\/\/\/\/\/yH5BAEKAAEALAAAAAABAAEAAAICTAEAOw==\" data-safe-src=\"data:image\/gif;base64,R0lGODlhAQABAIAAAP\/\/\/\/\/\/\/yH5BAEKAAEALAAAAAABAAEAAAICTAEAOw==\" \/><\/a><\/div><\/div><div id=\"envira-gallery-item-8780\" class=\"envira-gallery-item enviratope-item envira-gallery-item-50 envira-lazy-load\" style=\"padding-left: 5px; padding-bottom: 10px; padding-right: 5px;\"  itemscope itemtype=\"https:\/\/schema.org\/ImageObject\"><div class=\"envira-gallery-item-inner\"><div class=\"envira-gallery-position-overlay  envira-gallery-top-left\"><\/div><div class=\"envira-gallery-position-overlay  envira-gallery-top-right\"><\/div><div class=\"envira-gallery-position-overlay  envira-gallery-bottom-left\"><\/div><div class=\"envira-gallery-position-overlay  envira-gallery-bottom-right\"><\/div><a href=\"https:\/\/artcircle.si\/wp-content\/uploads\/2022\/04\/SIMONE-KESSLER-GERMANY-2022.jpg\" class=\"envira-gallery-7810 envira-gallery-link\" rel=\"enviragallery7810\" title=\"SIMONE KESSLER, GERMANY, 2022\" data-envira-caption=\"SIMONE KESSLER, GERMANY, 2022\" data-envira-retina=\"\" data-thumbnail=\"\"  itemprop=\"contentUrl\"><img id=\"envira-gallery-image-8780\" class=\"envira-gallery-image envira-gallery-image-50 envira-normal envira-lazy\" data-envira-index=\"50\" src=\"https:\/\/artcircle.si\/wp-content\/uploads\/2022\/04\/SIMONE-KESSLER-GERMANY-2022-1021x1024-640x480.jpg\" data-envira-src=\"https:\/\/artcircle.si\/wp-content\/uploads\/2022\/04\/SIMONE-KESSLER-GERMANY-2022-1021x1024-640x480.jpg\" data-envira-gallery-id=\"7810\" data-envira-item-id=\"8780\" data-envira-caption=\"SIMONE KESSLER, GERMANY, 2022\" alt=\"\" title=\"SIMONE KESSLER, GERMANY, 2022\"  itemprop=\"thumbnailUrl\" data-envira-srcset=\"https:\/\/artcircle.si\/wp-content\/uploads\/2022\/04\/SIMONE-KESSLER-GERMANY-2022-1021x1024-640x480.jpg 400w,https:\/\/artcircle.si\/wp-content\/uploads\/2022\/04\/SIMONE-KESSLER-GERMANY-2022-1021x1024-640x480.jpg 2x\" data-envira-width=\"300\" data-envira-height=\"300\" srcset=\"data:image\/gif;base64,R0lGODlhAQABAIAAAP\/\/\/\/\/\/\/yH5BAEKAAEALAAAAAABAAEAAAICTAEAOw==\" data-safe-src=\"data:image\/gif;base64,R0lGODlhAQABAIAAAP\/\/\/\/\/\/\/yH5BAEKAAEALAAAAAABAAEAAAICTAEAOw==\" \/><\/a><\/div><\/div><div id=\"envira-gallery-item-8756\" class=\"envira-gallery-item enviratope-item envira-gallery-item-51 envira-lazy-load\" style=\"padding-left: 5px; padding-bottom: 10px; padding-right: 5px;\"  itemscope itemtype=\"https:\/\/schema.org\/ImageObject\"><div class=\"envira-gallery-item-inner\"><div class=\"envira-gallery-position-overlay  envira-gallery-top-left\"><\/div><div class=\"envira-gallery-position-overlay  envira-gallery-top-right\"><\/div><div class=\"envira-gallery-position-overlay  envira-gallery-bottom-left\"><\/div><div class=\"envira-gallery-position-overlay  envira-gallery-bottom-right\"><\/div><a href=\"https:\/\/artcircle.si\/wp-content\/uploads\/2022\/04\/STANO-BUBAN-SLOVAKIA-2022.jpg\" class=\"envira-gallery-7810 envira-gallery-link\" rel=\"enviragallery7810\" title=\"STANO BUBAN, SLOVAKIA, 2022\" data-envira-caption=\"STANO BUBAN, SLOVAKIA, 2022\" data-envira-retina=\"\" data-thumbnail=\"\"  itemprop=\"contentUrl\"><img id=\"envira-gallery-image-8756\" class=\"envira-gallery-image envira-gallery-image-51 envira-normal envira-lazy\" data-envira-index=\"51\" src=\"https:\/\/artcircle.si\/wp-content\/uploads\/2022\/04\/STANO-BUBAN-SLOVAKIA-2022-1024x1024-640x480.jpg\" data-envira-src=\"https:\/\/artcircle.si\/wp-content\/uploads\/2022\/04\/STANO-BUBAN-SLOVAKIA-2022-1024x1024-640x480.jpg\" data-envira-gallery-id=\"7810\" data-envira-item-id=\"8756\" data-envira-caption=\"STANO BUBAN, SLOVAKIA, 2022\" alt=\"\" title=\"STANO BUBAN, SLOVAKIA, 2022\"  itemprop=\"thumbnailUrl\" data-envira-srcset=\"https:\/\/artcircle.si\/wp-content\/uploads\/2022\/04\/STANO-BUBAN-SLOVAKIA-2022-1024x1024-640x480.jpg 400w,https:\/\/artcircle.si\/wp-content\/uploads\/2022\/04\/STANO-BUBAN-SLOVAKIA-2022-1024x1024-640x480.jpg 2x\" data-envira-width=\"300\" data-envira-height=\"300\" srcset=\"data:image\/gif;base64,R0lGODlhAQABAIAAAP\/\/\/\/\/\/\/yH5BAEKAAEALAAAAAABAAEAAAICTAEAOw==\" data-safe-src=\"data:image\/gif;base64,R0lGODlhAQABAIAAAP\/\/\/\/\/\/\/yH5BAEKAAEALAAAAAABAAEAAAICTAEAOw==\" \/><\/a><\/div><\/div><div id=\"envira-gallery-item-8758\" class=\"envira-gallery-item enviratope-item envira-gallery-item-52 envira-lazy-load\" style=\"padding-left: 5px; padding-bottom: 10px; padding-right: 5px;\"  itemscope itemtype=\"https:\/\/schema.org\/ImageObject\"><div class=\"envira-gallery-item-inner\"><div class=\"envira-gallery-position-overlay  envira-gallery-top-left\"><\/div><div class=\"envira-gallery-position-overlay  envira-gallery-top-right\"><\/div><div class=\"envira-gallery-position-overlay  envira-gallery-bottom-left\"><\/div><div class=\"envira-gallery-position-overlay  envira-gallery-bottom-right\"><\/div><a href=\"https:\/\/artcircle.si\/wp-content\/uploads\/2022\/04\/SUZUKA-HISAMATSU-JAPAN-2022.jpg\" class=\"envira-gallery-7810 envira-gallery-link\" rel=\"enviragallery7810\" title=\"SUZUKA HISAMATSU, JAPAN, 2022\" data-envira-caption=\"SUZUKA HISAMATSU, JAPAN, 2022\" data-envira-retina=\"\" data-thumbnail=\"\"  itemprop=\"contentUrl\"><img id=\"envira-gallery-image-8758\" class=\"envira-gallery-image envira-gallery-image-52 envira-normal envira-lazy\" data-envira-index=\"52\" src=\"https:\/\/artcircle.si\/wp-content\/uploads\/2022\/04\/SUZUKA-HISAMATSU-JAPAN-2022-1021x1024-640x480.jpg\" data-envira-src=\"https:\/\/artcircle.si\/wp-content\/uploads\/2022\/04\/SUZUKA-HISAMATSU-JAPAN-2022-1021x1024-640x480.jpg\" data-envira-gallery-id=\"7810\" data-envira-item-id=\"8758\" data-envira-caption=\"SUZUKA HISAMATSU, JAPAN, 2022\" alt=\"\" title=\"SUZUKA HISAMATSU, JAPAN, 2022\"  itemprop=\"thumbnailUrl\" data-envira-srcset=\"https:\/\/artcircle.si\/wp-content\/uploads\/2022\/04\/SUZUKA-HISAMATSU-JAPAN-2022-1021x1024-640x480.jpg 400w,https:\/\/artcircle.si\/wp-content\/uploads\/2022\/04\/SUZUKA-HISAMATSU-JAPAN-2022-1021x1024-640x480.jpg 2x\" data-envira-width=\"300\" data-envira-height=\"300\" srcset=\"data:image\/gif;base64,R0lGODlhAQABAIAAAP\/\/\/\/\/\/\/yH5BAEKAAEALAAAAAABAAEAAAICTAEAOw==\" data-safe-src=\"data:image\/gif;base64,R0lGODlhAQABAIAAAP\/\/\/\/\/\/\/yH5BAEKAAEALAAAAAABAAEAAAICTAEAOw==\" \/><\/a><\/div><\/div><div id=\"envira-gallery-item-8760\" class=\"envira-gallery-item enviratope-item envira-gallery-item-53 envira-lazy-load\" style=\"padding-left: 5px; padding-bottom: 10px; padding-right: 5px;\"  itemscope itemtype=\"https:\/\/schema.org\/ImageObject\"><div class=\"envira-gallery-item-inner\"><div class=\"envira-gallery-position-overlay  envira-gallery-top-left\"><\/div><div class=\"envira-gallery-position-overlay  envira-gallery-top-right\"><\/div><div class=\"envira-gallery-position-overlay  envira-gallery-bottom-left\"><\/div><div class=\"envira-gallery-position-overlay  envira-gallery-bottom-right\"><\/div><a href=\"https:\/\/artcircle.si\/wp-content\/uploads\/2022\/04\/SYLWIA-SZAFERT-POLAND-2022.jpg\" class=\"envira-gallery-7810 envira-gallery-link\" rel=\"enviragallery7810\" title=\"SYLWIA SZAFERT, POLAND, 2022\" data-envira-caption=\"SYLWIA SZAFERT, POLAND, 2022\" data-envira-retina=\"\" data-thumbnail=\"\"  itemprop=\"contentUrl\"><img id=\"envira-gallery-image-8760\" class=\"envira-gallery-image envira-gallery-image-53 envira-normal envira-lazy\" data-envira-index=\"53\" src=\"https:\/\/artcircle.si\/wp-content\/uploads\/2022\/04\/SYLWIA-SZAFERT-POLAND-2022-1024x1024-640x480.jpg\" data-envira-src=\"https:\/\/artcircle.si\/wp-content\/uploads\/2022\/04\/SYLWIA-SZAFERT-POLAND-2022-1024x1024-640x480.jpg\" data-envira-gallery-id=\"7810\" data-envira-item-id=\"8760\" data-envira-caption=\"SYLWIA SZAFERT, POLAND, 2022\" alt=\"\" title=\"SYLWIA SZAFERT, POLAND, 2022\"  itemprop=\"thumbnailUrl\" data-envira-srcset=\"https:\/\/artcircle.si\/wp-content\/uploads\/2022\/04\/SYLWIA-SZAFERT-POLAND-2022-1024x1024-640x480.jpg 400w,https:\/\/artcircle.si\/wp-content\/uploads\/2022\/04\/SYLWIA-SZAFERT-POLAND-2022-1024x1024-640x480.jpg 2x\" data-envira-width=\"300\" data-envira-height=\"300\" srcset=\"data:image\/gif;base64,R0lGODlhAQABAIAAAP\/\/\/\/\/\/\/yH5BAEKAAEALAAAAAABAAEAAAICTAEAOw==\" data-safe-src=\"data:image\/gif;base64,R0lGODlhAQABAIAAAP\/\/\/\/\/\/\/yH5BAEKAAEALAAAAAABAAEAAAICTAEAOw==\" \/><\/a><\/div><\/div><div id=\"envira-gallery-item-8762\" class=\"envira-gallery-item enviratope-item envira-gallery-item-54 envira-lazy-load\" style=\"padding-left: 5px; padding-bottom: 10px; padding-right: 5px;\"  itemscope itemtype=\"https:\/\/schema.org\/ImageObject\"><div class=\"envira-gallery-item-inner\"><div class=\"envira-gallery-position-overlay  envira-gallery-top-left\"><\/div><div class=\"envira-gallery-position-overlay  envira-gallery-top-right\"><\/div><div class=\"envira-gallery-position-overlay  envira-gallery-bottom-left\"><\/div><div class=\"envira-gallery-position-overlay  envira-gallery-bottom-right\"><\/div><a href=\"https:\/\/artcircle.si\/wp-content\/uploads\/2022\/04\/TANJA-PRUSNIK-AUSTRIA-2022.jpg\" class=\"envira-gallery-7810 envira-gallery-link\" rel=\"enviragallery7810\" title=\"TANJA PRU&Scaron;NIK, AUSTRIA, 2022\" data-envira-caption=\"TANJA PRU&Scaron;NIK, AUSTRIA, 2022\" data-envira-retina=\"\" data-thumbnail=\"\"  itemprop=\"contentUrl\"><img id=\"envira-gallery-image-8762\" class=\"envira-gallery-image envira-gallery-image-54 envira-normal envira-lazy\" data-envira-index=\"54\" src=\"https:\/\/artcircle.si\/wp-content\/uploads\/2022\/04\/TANJA-PRUSNIK-AUSTRIA-2022-1024x1024-640x480.jpg\" data-envira-src=\"https:\/\/artcircle.si\/wp-content\/uploads\/2022\/04\/TANJA-PRUSNIK-AUSTRIA-2022-1024x1024-640x480.jpg\" data-envira-gallery-id=\"7810\" data-envira-item-id=\"8762\" data-envira-caption=\"TANJA PRU&Scaron;NIK, AUSTRIA, 2022\" alt=\"\" title=\"TANJA PRU\u0160NIK, AUSTRIA, 2022\"  itemprop=\"thumbnailUrl\" data-envira-srcset=\"https:\/\/artcircle.si\/wp-content\/uploads\/2022\/04\/TANJA-PRUSNIK-AUSTRIA-2022-1024x1024-640x480.jpg 400w,https:\/\/artcircle.si\/wp-content\/uploads\/2022\/04\/TANJA-PRUSNIK-AUSTRIA-2022-1024x1024-640x480.jpg 2x\" data-envira-width=\"300\" data-envira-height=\"300\" srcset=\"data:image\/gif;base64,R0lGODlhAQABAIAAAP\/\/\/\/\/\/\/yH5BAEKAAEALAAAAAABAAEAAAICTAEAOw==\" data-safe-src=\"data:image\/gif;base64,R0lGODlhAQABAIAAAP\/\/\/\/\/\/\/yH5BAEKAAEALAAAAAABAAEAAAICTAEAOw==\" \/><\/a><\/div><\/div><div id=\"envira-gallery-item-8782\" class=\"envira-gallery-item enviratope-item envira-gallery-item-55 envira-lazy-load\" style=\"padding-left: 5px; padding-bottom: 10px; padding-right: 5px;\"  itemscope itemtype=\"https:\/\/schema.org\/ImageObject\"><div class=\"envira-gallery-item-inner\"><div class=\"envira-gallery-position-overlay  envira-gallery-top-left\"><\/div><div class=\"envira-gallery-position-overlay  envira-gallery-top-right\"><\/div><div class=\"envira-gallery-position-overlay  envira-gallery-bottom-left\"><\/div><div class=\"envira-gallery-position-overlay  envira-gallery-bottom-right\"><\/div><a href=\"https:\/\/artcircle.si\/wp-content\/uploads\/2022\/04\/VACLAV-RODEK-CZECH-REPUBLIC-2022-1.jpg\" class=\"envira-gallery-7810 envira-gallery-link\" rel=\"enviragallery7810\" title=\"V&Aacute;CLAV RODEK, CZECH REPUBLIC, 2022\" data-envira-caption=\"V&Aacute;CLAV RODEK, CZECH REPUBLIC, 2022\" data-envira-retina=\"\" data-thumbnail=\"\"  itemprop=\"contentUrl\"><img id=\"envira-gallery-image-8782\" class=\"envira-gallery-image envira-gallery-image-55 envira-normal envira-lazy\" data-envira-index=\"55\" src=\"https:\/\/artcircle.si\/wp-content\/uploads\/2022\/04\/VACLAV-RODEK-CZECH-REPUBLIC-2022-1-1021x1024-640x480.jpg\" data-envira-src=\"https:\/\/artcircle.si\/wp-content\/uploads\/2022\/04\/VACLAV-RODEK-CZECH-REPUBLIC-2022-1-1021x1024-640x480.jpg\" data-envira-gallery-id=\"7810\" data-envira-item-id=\"8782\" data-envira-caption=\"V&Aacute;CLAV RODEK, CZECH REPUBLIC, 2022\" alt=\"\" title=\"V\u00c1CLAV RODEK, CZECH REPUBLIC, 2022\"  itemprop=\"thumbnailUrl\" data-envira-srcset=\"https:\/\/artcircle.si\/wp-content\/uploads\/2022\/04\/VACLAV-RODEK-CZECH-REPUBLIC-2022-1-1021x1024-640x480.jpg 400w,https:\/\/artcircle.si\/wp-content\/uploads\/2022\/04\/VACLAV-RODEK-CZECH-REPUBLIC-2022-1-1021x1024-640x480.jpg 2x\" data-envira-width=\"300\" data-envira-height=\"300\" srcset=\"data:image\/gif;base64,R0lGODlhAQABAIAAAP\/\/\/\/\/\/\/yH5BAEKAAEALAAAAAABAAEAAAICTAEAOw==\" data-safe-src=\"data:image\/gif;base64,R0lGODlhAQABAIAAAP\/\/\/\/\/\/\/yH5BAEKAAEALAAAAAABAAEAAAICTAEAOw==\" \/><\/a><\/div><\/div><div id=\"envira-gallery-item-8766\" class=\"envira-gallery-item enviratope-item envira-gallery-item-56 envira-lazy-load\" style=\"padding-left: 5px; padding-bottom: 10px; padding-right: 5px;\"  itemscope itemtype=\"https:\/\/schema.org\/ImageObject\"><div class=\"envira-gallery-item-inner\"><div class=\"envira-gallery-position-overlay  envira-gallery-top-left\"><\/div><div class=\"envira-gallery-position-overlay  envira-gallery-top-right\"><\/div><div class=\"envira-gallery-position-overlay  envira-gallery-bottom-left\"><\/div><div class=\"envira-gallery-position-overlay  envira-gallery-bottom-right\"><\/div><a href=\"https:\/\/artcircle.si\/wp-content\/uploads\/2022\/04\/VERONICA-UGALDE-MEXICO-2022.jpg\" class=\"envira-gallery-7810 envira-gallery-link\" rel=\"enviragallery7810\" title=\"VERONICA UGALDE, MEXICO, 2022\" data-envira-caption=\"VERONICA UGALDE, MEXICO, 2022\" data-envira-retina=\"\" data-thumbnail=\"\"  itemprop=\"contentUrl\"><img id=\"envira-gallery-image-8766\" class=\"envira-gallery-image envira-gallery-image-56 envira-normal envira-lazy\" data-envira-index=\"56\" src=\"https:\/\/artcircle.si\/wp-content\/uploads\/2022\/04\/VERONICA-UGALDE-MEXICO-2022-1024x1024-640x480.jpg\" data-envira-src=\"https:\/\/artcircle.si\/wp-content\/uploads\/2022\/04\/VERONICA-UGALDE-MEXICO-2022-1024x1024-640x480.jpg\" data-envira-gallery-id=\"7810\" data-envira-item-id=\"8766\" data-envira-caption=\"VERONICA UGALDE, MEXICO, 2022\" alt=\"\" title=\"VERONICA UGALDE, MEXICO, 2022\"  itemprop=\"thumbnailUrl\" data-envira-srcset=\"https:\/\/artcircle.si\/wp-content\/uploads\/2022\/04\/VERONICA-UGALDE-MEXICO-2022-1024x1024-640x480.jpg 400w,https:\/\/artcircle.si\/wp-content\/uploads\/2022\/04\/VERONICA-UGALDE-MEXICO-2022-1024x1024-640x480.jpg 2x\" data-envira-width=\"300\" data-envira-height=\"300\" srcset=\"data:image\/gif;base64,R0lGODlhAQABAIAAAP\/\/\/\/\/\/\/yH5BAEKAAEALAAAAAABAAEAAAICTAEAOw==\" data-safe-src=\"data:image\/gif;base64,R0lGODlhAQABAIAAAP\/\/\/\/\/\/\/yH5BAEKAAEALAAAAAABAAEAAAICTAEAOw==\" \/><\/a><\/div><\/div><div id=\"envira-gallery-item-8768\" class=\"envira-gallery-item enviratope-item envira-gallery-item-57 envira-lazy-load\" style=\"padding-left: 5px; padding-bottom: 10px; padding-right: 5px;\"  itemscope itemtype=\"https:\/\/schema.org\/ImageObject\"><div class=\"envira-gallery-item-inner\"><div class=\"envira-gallery-position-overlay  envira-gallery-top-left\"><\/div><div class=\"envira-gallery-position-overlay  envira-gallery-top-right\"><\/div><div class=\"envira-gallery-position-overlay  envira-gallery-bottom-left\"><\/div><div class=\"envira-gallery-position-overlay  envira-gallery-bottom-right\"><\/div><a href=\"https:\/\/artcircle.si\/wp-content\/uploads\/2022\/04\/ZDRAVKO-MILIC-CROATIA-2022.jpg\" class=\"envira-gallery-7810 envira-gallery-link\" rel=\"enviragallery7810\" title=\"ZDRAVKO MILI\u0106, CROATIA, 2022\" data-envira-caption=\"ZDRAVKO MILI\u0106, CROATIA, 2022\" data-envira-retina=\"\" data-thumbnail=\"\"  itemprop=\"contentUrl\"><img id=\"envira-gallery-image-8768\" class=\"envira-gallery-image envira-gallery-image-57 envira-normal envira-lazy\" data-envira-index=\"57\" src=\"https:\/\/artcircle.si\/wp-content\/uploads\/2022\/04\/ZDRAVKO-MILIC-CROATIA-2022-1024x1024-640x480.jpg\" data-envira-src=\"https:\/\/artcircle.si\/wp-content\/uploads\/2022\/04\/ZDRAVKO-MILIC-CROATIA-2022-1024x1024-640x480.jpg\" data-envira-gallery-id=\"7810\" data-envira-item-id=\"8768\" data-envira-caption=\"ZDRAVKO MILI\u0106, CROATIA, 2022\" alt=\"\" title=\"ZDRAVKO MILI\u0106, CROATIA, 2022\"  itemprop=\"thumbnailUrl\" data-envira-srcset=\"https:\/\/artcircle.si\/wp-content\/uploads\/2022\/04\/ZDRAVKO-MILIC-CROATIA-2022-1024x1024-640x480.jpg 400w,https:\/\/artcircle.si\/wp-content\/uploads\/2022\/04\/ZDRAVKO-MILIC-CROATIA-2022-1024x1024-640x480.jpg 2x\" data-envira-width=\"300\" data-envira-height=\"300\" srcset=\"data:image\/gif;base64,R0lGODlhAQABAIAAAP\/\/\/\/\/\/\/yH5BAEKAAEALAAAAAABAAEAAAICTAEAOw==\" data-safe-src=\"data:image\/gif;base64,R0lGODlhAQABAIAAAP\/\/\/\/\/\/\/yH5BAEKAAEALAAAAAABAAEAAAICTAEAOw==\" \/><\/a><\/div><\/div><div id=\"envira-gallery-item-10409\" class=\"envira-gallery-item enviratope-item envira-gallery-item-58 envira-lazy-load\" style=\"padding-left: 5px; padding-bottom: 10px; padding-right: 5px;\"  itemscope itemtype=\"https:\/\/schema.org\/ImageObject\"><div class=\"envira-gallery-item-inner\"><div class=\"envira-gallery-position-overlay  envira-gallery-top-left\"><\/div><div class=\"envira-gallery-position-overlay  envira-gallery-top-right\"><\/div><div class=\"envira-gallery-position-overlay  envira-gallery-bottom-left\"><\/div><div class=\"envira-gallery-position-overlay  envira-gallery-bottom-right\"><\/div><a href=\"https:\/\/artcircle.si\/wp-content\/uploads\/2022\/04\/STANO-CERNY_SLOVAKIA-2022.jpg\" class=\"envira-gallery-7810 envira-gallery-link\" rel=\"enviragallery7810\" title=\"STANO \u010cERNY_SLOVAKIA, 2022\" data-envira-caption=\"STANO \u010cERNY_SLOVAKIA, 2022\" data-envira-retina=\"\" data-thumbnail=\"\"  itemprop=\"contentUrl\"><img id=\"envira-gallery-image-10409\" class=\"envira-gallery-image envira-gallery-image-58 envira-normal envira-lazy\" data-envira-index=\"58\" src=\"https:\/\/artcircle.si\/wp-content\/uploads\/2022\/04\/STANO-CERNY_SLOVAKIA-2022-1024x1024-640x480.jpg\" data-envira-src=\"https:\/\/artcircle.si\/wp-content\/uploads\/2022\/04\/STANO-CERNY_SLOVAKIA-2022-1024x1024-640x480.jpg\" data-envira-gallery-id=\"7810\" data-envira-item-id=\"10409\" data-envira-caption=\"STANO \u010cERNY_SLOVAKIA, 2022\" alt=\"\" title=\"STANO \u010cERNY_SLOVAKIA, 2022\"  itemprop=\"thumbnailUrl\" data-envira-srcset=\"https:\/\/artcircle.si\/wp-content\/uploads\/2022\/04\/STANO-CERNY_SLOVAKIA-2022-1024x1024-640x480.jpg 400w,https:\/\/artcircle.si\/wp-content\/uploads\/2022\/04\/STANO-CERNY_SLOVAKIA-2022-1024x1024-640x480.jpg 2x\" data-envira-width=\"300\" data-envira-height=\"300\" srcset=\"data:image\/gif;base64,R0lGODlhAQABAIAAAP\/\/\/\/\/\/\/yH5BAEKAAEALAAAAAABAAEAAAICTAEAOw==\" data-safe-src=\"data:image\/gif;base64,R0lGODlhAQABAIAAAP\/\/\/\/\/\/\/yH5BAEKAAEALAAAAAABAAEAAAICTAEAOw==\" \/><\/a><\/div><\/div><div id=\"envira-gallery-item-10451\" class=\"envira-gallery-item enviratope-item envira-gallery-item-59 envira-lazy-load\" style=\"padding-left: 5px; padding-bottom: 10px; padding-right: 5px;\"  itemscope itemtype=\"https:\/\/schema.org\/ImageObject\"><div class=\"envira-gallery-item-inner\"><div class=\"envira-gallery-position-overlay  envira-gallery-top-left\"><\/div><div class=\"envira-gallery-position-overlay  envira-gallery-top-right\"><\/div><div class=\"envira-gallery-position-overlay  envira-gallery-bottom-left\"><\/div><div class=\"envira-gallery-position-overlay  envira-gallery-bottom-right\"><\/div><a href=\"https:\/\/artcircle.si\/wp-content\/uploads\/2022\/04\/HANA-RODKOVA-Ceska_2022.jpg\" class=\"envira-gallery-7810 envira-gallery-link\" rel=\"enviragallery7810\" title=\"HANA RODKOV&Aacute;, \u010ce&scaron;ka_2022\" data-envira-caption=\"HANA RODKOV&Aacute;, \u010ce&scaron;ka_2022\" data-envira-retina=\"\" data-thumbnail=\"\"  itemprop=\"contentUrl\"><img id=\"envira-gallery-image-10451\" class=\"envira-gallery-image envira-gallery-image-59 envira-normal envira-lazy\" data-envira-index=\"59\" src=\"https:\/\/artcircle.si\/wp-content\/uploads\/2022\/04\/HANA-RODKOVA-Ceska_2022-1021x1024-640x480.jpg\" data-envira-src=\"https:\/\/artcircle.si\/wp-content\/uploads\/2022\/04\/HANA-RODKOVA-Ceska_2022-1021x1024-640x480.jpg\" data-envira-gallery-id=\"7810\" data-envira-item-id=\"10451\" data-envira-caption=\"HANA RODKOV&Aacute;, \u010ce&scaron;ka_2022\" alt=\"\" title=\"HANA RODKOV\u00c1, \u010ce\u0161ka_2022\"  itemprop=\"thumbnailUrl\" data-envira-srcset=\"https:\/\/artcircle.si\/wp-content\/uploads\/2022\/04\/HANA-RODKOVA-Ceska_2022-1021x1024-640x480.jpg 400w,https:\/\/artcircle.si\/wp-content\/uploads\/2022\/04\/HANA-RODKOVA-Ceska_2022-1021x1024-640x480.jpg 2x\" data-envira-width=\"300\" data-envira-height=\"300\" srcset=\"data:image\/gif;base64,R0lGODlhAQABAIAAAP\/\/\/\/\/\/\/yH5BAEKAAEALAAAAAABAAEAAAICTAEAOw==\" data-safe-src=\"data:image\/gif;base64,R0lGODlhAQABAIAAAP\/\/\/\/\/\/\/yH5BAEKAAEALAAAAAABAAEAAAICTAEAOw==\" \/><\/a><\/div><\/div><div id=\"envira-gallery-item-10707\" class=\"envira-gallery-item enviratope-item envira-gallery-item-60 envira-lazy-load\" style=\"padding-left: 5px; padding-bottom: 10px; padding-right: 5px;\"  itemscope itemtype=\"https:\/\/schema.org\/ImageObject\"><div class=\"envira-gallery-item-inner\"><div class=\"envira-gallery-position-overlay  envira-gallery-top-left\"><\/div><div class=\"envira-gallery-position-overlay  envira-gallery-top-right\"><\/div><div class=\"envira-gallery-position-overlay  envira-gallery-bottom-left\"><\/div><div class=\"envira-gallery-position-overlay  envira-gallery-bottom-right\"><\/div><a href=\"https:\/\/artcircle.si\/wp-content\/uploads\/2022\/04\/CEZAR-ALTAI-BRAZIL-2022.jpg\" class=\"envira-gallery-7810 envira-gallery-link\" rel=\"enviragallery7810\" title=\"CEZAR ALTAI, BRAZIL, 2022\" data-envira-caption=\"CEZAR ALTAI, BRAZIL, 2022\" data-envira-retina=\"\" data-thumbnail=\"\"  itemprop=\"contentUrl\"><img id=\"envira-gallery-image-10707\" class=\"envira-gallery-image envira-gallery-image-60 envira-normal envira-lazy\" data-envira-index=\"60\" src=\"https:\/\/artcircle.si\/wp-content\/uploads\/2022\/04\/CEZAR-ALTAI-BRAZIL-2022-1024x1024-640x480.jpg\" data-envira-src=\"https:\/\/artcircle.si\/wp-content\/uploads\/2022\/04\/CEZAR-ALTAI-BRAZIL-2022-1024x1024-640x480.jpg\" data-envira-gallery-id=\"7810\" data-envira-item-id=\"10707\" data-envira-caption=\"CEZAR ALTAI, BRAZIL, 2022\" alt=\"\" title=\"CEZAR ALTAI, BRAZIL, 2022\"  itemprop=\"thumbnailUrl\" data-envira-srcset=\"https:\/\/artcircle.si\/wp-content\/uploads\/2022\/04\/CEZAR-ALTAI-BRAZIL-2022-1024x1024-640x480.jpg 400w,https:\/\/artcircle.si\/wp-content\/uploads\/2022\/04\/CEZAR-ALTAI-BRAZIL-2022-1024x1024-640x480.jpg 2x\" data-envira-width=\"300\" data-envira-height=\"300\" srcset=\"data:image\/gif;base64,R0lGODlhAQABAIAAAP\/\/\/\/\/\/\/yH5BAEKAAEALAAAAAABAAEAAAICTAEAOw==\" data-safe-src=\"data:image\/gif;base64,R0lGODlhAQABAIAAAP\/\/\/\/\/\/\/yH5BAEKAAEALAAAAAABAAEAAAICTAEAOw==\" \/><\/a><\/div><\/div><\/div><\/div><noscript><img src=\"https:\/\/artcircle.si\/wp-content\/uploads\/2022\/04\/ANA-ZERJAL-SLOVENIA_ITALY-2022.jpg\" alt=\"\" class=\"no-lazyload\" \/><img src=\"https:\/\/artcircle.si\/wp-content\/uploads\/2022\/04\/ANDREJ-PAVLIC-SLOVENIA_POLAND-2022.jpg\" alt=\"ANDREJ PAVLI\u010c, SLOVENIA POLAND, 2022\" class=\"no-lazyload\" \/><img src=\"https:\/\/artcircle.si\/wp-content\/uploads\/2022\/04\/BARBARA-KASTELEC-SLOVENIA_ITALY-2022-scaled.jpg\" alt=\"BARBARA KASTELEC, SLOVENIA ITALY, 2022\" class=\"no-lazyload\" \/><img src=\"https:\/\/artcircle.si\/wp-content\/uploads\/2022\/04\/BENO-ARTNAK-SLOVENIA_POLAND-IN-ITALY-2022.jpg\" alt=\"BENO ARTNAK, SLOVENIA POLAND IN ITALY, 2022\" class=\"no-lazyload\" \/><img src=\"https:\/\/artcircle.si\/wp-content\/uploads\/2022\/04\/BRUT-CARNIOLLUS-SLOVENI_CROATIA-2022.jpg\" alt=\"BRUT CARNIOLLUS, SLOVENIA CROATIA, 2022\" class=\"no-lazyload\" \/><img src=\"https:\/\/artcircle.si\/wp-content\/uploads\/2022\/04\/EVA-FORSTNERIC-SLOVENIA_POLAND-IN-ITALY-2022.jpg\" alt=\"EVA FORSTNERI\u010c, SLOVENIA POLAND IN ITALY, 2022\" class=\"no-lazyload\" \/><img src=\"https:\/\/artcircle.si\/wp-content\/uploads\/2022\/04\/JOZE-SUBIC-SLOVENIA_SPAIN-2022.jpg\" alt=\"JO\u017dE \u0160UBIC, SLOVENIA_SPAIN, 2022\" class=\"no-lazyload\" \/><img src=\"https:\/\/artcircle.si\/wp-content\/uploads\/2022\/04\/JOZE-SUBIC-SLOVENIA_SPAIN-2022_.jpg\" alt=\"JO\u017dE \u0160UBIC, SLOVENIA SPAIN, 2022\" class=\"no-lazyload\" \/><img src=\"https:\/\/artcircle.si\/wp-content\/uploads\/2022\/04\/KLAVDIJ-TUTTA-SLOVENIA_ROMANIA_2022.jpg\" alt=\"KLAVDIJ TUTTA, SLOVENIA ROMANIA 2022\" class=\"no-lazyload\" \/><img src=\"https:\/\/artcircle.si\/wp-content\/uploads\/2022\/04\/MASA-GALA-SLOVENIA_JAPAN-2022-scaled.jpg\" alt=\"MA\u0160A GALA, SLOVENIA JAPAN, 2022\" class=\"no-lazyload\" \/><img src=\"https:\/\/artcircle.si\/wp-content\/uploads\/2022\/04\/MATJAZ-REBEC-SLOVENIA_KAZAHSTAN-2022.jpg\" alt=\"\" class=\"no-lazyload\" \/><img src=\"https:\/\/artcircle.si\/wp-content\/uploads\/2022\/04\/NARCIS-KANTARDZIC-SLOVENIA_ATELJE-SEMPETER-2022.jpg\" alt=\"NARCIS KANTARD\u017dI\u010c, SLOVENIA ATELJE \u0160EMPETER, 2022\" class=\"no-lazyload\" \/><img src=\"https:\/\/artcircle.si\/wp-content\/uploads\/2022\/04\/TOMAZ-MILAC-SLOVENIA_POLAND-IN-ITALY-2022.jpg\" alt=\"TOMA\u017d MILA\u010c, SLOVENIA POLAND IN ITALY, 2022\" class=\"no-lazyload\" \/><img src=\"https:\/\/artcircle.si\/wp-content\/uploads\/2022\/04\/ANDREA-BARTOSOVA-SLOVAKIA-2022.jpg\" alt=\"ANDREA BARTO\u0160OVA, SLOVAKIA, 2022\" class=\"no-lazyload\" \/><img src=\"https:\/\/artcircle.si\/wp-content\/uploads\/2022\/04\/ANDRZEJ-BORKOWSKI-POLAND-2022.jpg\" alt=\"ANDRZEJ BORKOWSKI, POLAND, 2022\" class=\"no-lazyload\" \/><img src=\"https:\/\/artcircle.si\/wp-content\/uploads\/2022\/04\/BARBARA-CETINA-CROATIA-2022.jpg\" alt=\"BARBARA CETINA, CROATIA, 2022\" class=\"no-lazyload\" \/><img src=\"https:\/\/artcircle.si\/wp-content\/uploads\/2022\/04\/BARTOSZ-FRACZEK-POLAND-IN-ITALY-2022.jpg\" alt=\"BARTOSZ FRACZEK, POLAND IN ITALY, 2022\" class=\"no-lazyload\" \/><img src=\"https:\/\/artcircle.si\/wp-content\/uploads\/2022\/04\/BEATRIZ-BENITO-SPAIN-2022.jpg\" alt=\"BEATRIZ BENITO, SPAIN, 2022\" class=\"no-lazyload\" \/><img src=\"https:\/\/artcircle.si\/wp-content\/uploads\/2022\/04\/BORIS-JIRKU-EZH-REBUBLI-2022.jpg\" alt=\"BORIS JIRK\u016e, EZH REBUBLI, 2022\" class=\"no-lazyload\" \/><img src=\"https:\/\/artcircle.si\/wp-content\/uploads\/2022\/04\/BRUNO-PALADIN-CROATIA-2022.jpg\" alt=\"BRUNO PALADIN, CROATIA, 2022\" class=\"no-lazyload\" \/><img src=\"https:\/\/artcircle.si\/wp-content\/uploads\/2022\/04\/DANIELA-JAUREGUI-SERVIN-MEXICO-2022.jpg\" alt=\"DANIELA JAUREGUI SERVIN, MEXICO, 2022\" class=\"no-lazyload\" \/><img src=\"https:\/\/artcircle.si\/wp-content\/uploads\/2022\/04\/DAVID-SCHAB-POLAND-2022.jpg\" alt=\"DAVID SCHAB, POLAND, 2022\" class=\"no-lazyload\" \/><img src=\"https:\/\/artcircle.si\/wp-content\/uploads\/2022\/04\/DREW-MATOTT-GERMANY-2022.jpg\" alt=\"DREW MATOTT, GERMANY, 2022\" class=\"no-lazyload\" \/><img src=\"https:\/\/artcircle.si\/wp-content\/uploads\/2022\/04\/EROSS-ISTVAN-HUNGARY-2022.jpg\" alt=\"EROSS ISTVAN, HUNGARY, 2022\" class=\"no-lazyload\" \/><img src=\"https:\/\/artcircle.si\/wp-content\/uploads\/2022\/04\/FERNANDA-RODANTE-BRAZIL-2022.jpg\" alt=\"FERNANDA RODANTE, BRAZIL, 2022\" class=\"no-lazyload\" \/><img src=\"https:\/\/artcircle.si\/wp-content\/uploads\/2022\/04\/GEORG-LEBZELTER-AUSTRIA-2022.jpg\" alt=\"\" class=\"no-lazyload\" \/><img src=\"https:\/\/artcircle.si\/wp-content\/uploads\/2022\/04\/GERLINDE-THUMA-AUSTRIA-2022.jpg\" alt=\"GERLINDE THUMA, AUSTRIA, 2022\" class=\"no-lazyload\" \/><img src=\"https:\/\/artcircle.si\/wp-content\/uploads\/2022\/04\/HORACIO-LAMAS-MEXICO-2022.jpg\" alt=\"HORACIO LAMAS, MEXICO, 2022\" class=\"no-lazyload\" \/><img src=\"https:\/\/artcircle.si\/wp-content\/uploads\/2022\/04\/JACOBO-ROA-MEXICO-2022.jpg\" alt=\"JACOBO ROA, MEXICO, 2022\" class=\"no-lazyload\" \/><img src=\"https:\/\/artcircle.si\/wp-content\/uploads\/2022\/04\/JELENA-JELACA-SRBIA-2022.jpg\" alt=\"JELENA JELA\u010cA, SRBIA, 2022\" class=\"no-lazyload\" \/><img src=\"https:\/\/artcircle.si\/wp-content\/uploads\/2022\/04\/JESSE-MAGEE-USA_GERMANY_FRANCE-2022.jpg\" alt=\"JESSE MAGEE, USA GERMANY FRANCE, 2022\" class=\"no-lazyload\" \/><img src=\"https:\/\/artcircle.si\/wp-content\/uploads\/2022\/04\/JESSE-MAGEE-USA_GERMANY_KAZAHSTAN-2022-2.jpg\" alt=\"JESSE MAGEE, USA GERMANY KAZAHSTAN, 2022\" class=\"no-lazyload\" \/><img src=\"https:\/\/artcircle.si\/wp-content\/uploads\/2022\/04\/JOZSEF-SZURCSIK-HUNGARY-2022.jpg\" alt=\"JOZSEF SZURCSIK, HUNGARY, 2022\" class=\"no-lazyload\" \/><img src=\"https:\/\/artcircle.si\/wp-content\/uploads\/2022\/04\/KASIA-BANAS-POLAND-2022.jpg\" alt=\"KASIA BANA\u015a, POLAND, 2022\" class=\"no-lazyload\" \/><img src=\"https:\/\/artcircle.si\/wp-content\/uploads\/2022\/04\/KATARZYNA-SEYFRIED-POLAND-2022.jpg\" alt=\"KATARZYNA SEYFRIED, POLAND, 2022\" class=\"no-lazyload\" \/><img src=\"https:\/\/artcircle.si\/wp-content\/uploads\/2022\/04\/KRISTINA-KANDRIKOVA-SLOVAKIA-2022.jpg\" alt=\"KRISTINA KANDRIKOVA, SLOVAKIA, 2022\" class=\"no-lazyload\" \/><img src=\"https:\/\/artcircle.si\/wp-content\/uploads\/2022\/04\/LEVENTE-HERMAN-ROMANIA_HUNGARY-2022.jpg\" alt=\"LEVENTE HERMAN, ROMANIA HUNGARY, 2022\" class=\"no-lazyload\" \/><img src=\"https:\/\/artcircle.si\/wp-content\/uploads\/2022\/04\/LIYA-GABITOVA-FRANCE-2022.jpg\" alt=\"LIYA GABITOVA, FRANCE, 2022\" class=\"no-lazyload\" \/><img src=\"https:\/\/artcircle.si\/wp-content\/uploads\/2022\/04\/MARTA-KISS-HUNGARY-2022.jpg\" alt=\"MARTA KISS, HUNGARY, 2022\" class=\"no-lazyload\" \/><img src=\"https:\/\/artcircle.si\/wp-content\/uploads\/2022\/04\/MARTIN-PRACHAR-CZECH-REPUBLIC-2022.jpg\" alt=\"\" class=\"no-lazyload\" \/><img src=\"https:\/\/artcircle.si\/wp-content\/uploads\/2022\/04\/MATEUSZ-PAWELCZYK-POLAND-IN-ITALY-2022.jpg\" alt=\"\" class=\"no-lazyload\" \/><img src=\"https:\/\/artcircle.si\/wp-content\/uploads\/2022\/04\/NILS-KNOTT-GERMANY-2022.jpg\" alt=\"\" class=\"no-lazyload\" \/><img src=\"https:\/\/artcircle.si\/wp-content\/uploads\/2022\/04\/NORIAKI-SANGAWA-JAPAN-2022.jpg\" alt=\"\" class=\"no-lazyload\" \/><img src=\"https:\/\/artcircle.si\/wp-content\/uploads\/2022\/04\/PIOTR-KORZENIOWSKI-POLAND_IN-ITALY-2022.jpg\" alt=\"\" class=\"no-lazyload\" \/><img src=\"https:\/\/artcircle.si\/wp-content\/uploads\/2022\/04\/PIOTR-KORZENIOWSKI-POLAND_MEXIO-2022.jpg\" alt=\"\" class=\"no-lazyload\" \/><img src=\"https:\/\/artcircle.si\/wp-content\/uploads\/2022\/04\/PIPPO-ALTOMARE-ITALY-2022.jpg\" alt=\"\" class=\"no-lazyload\" \/><img src=\"https:\/\/artcircle.si\/wp-content\/uploads\/2022\/04\/RADOVAN-KUNIC-CROATIA-2022.jpg\" alt=\"\" class=\"no-lazyload\" \/><img src=\"https:\/\/artcircle.si\/wp-content\/uploads\/2022\/04\/RUBI-JUAREZ-MEXICO-2022.jpg\" alt=\"\" class=\"no-lazyload\" \/><img src=\"https:\/\/artcircle.si\/wp-content\/uploads\/2022\/04\/SERGIU-MOISE-ROMANIA-2022.jpg\" alt=\"\" class=\"no-lazyload\" \/><img src=\"https:\/\/artcircle.si\/wp-content\/uploads\/2022\/04\/SIMONE-KESSLER-GERMANY-2022.jpg\" alt=\"\" class=\"no-lazyload\" \/><img src=\"https:\/\/artcircle.si\/wp-content\/uploads\/2022\/04\/STANO-BUBAN-SLOVAKIA-2022.jpg\" alt=\"\" class=\"no-lazyload\" \/><img src=\"https:\/\/artcircle.si\/wp-content\/uploads\/2022\/04\/SUZUKA-HISAMATSU-JAPAN-2022.jpg\" alt=\"\" class=\"no-lazyload\" \/><img src=\"https:\/\/artcircle.si\/wp-content\/uploads\/2022\/04\/SYLWIA-SZAFERT-POLAND-2022.jpg\" alt=\"\" class=\"no-lazyload\" \/><img src=\"https:\/\/artcircle.si\/wp-content\/uploads\/2022\/04\/TANJA-PRUSNIK-AUSTRIA-2022.jpg\" alt=\"\" class=\"no-lazyload\" \/><img src=\"https:\/\/artcircle.si\/wp-content\/uploads\/2022\/04\/VACLAV-RODEK-CZECH-REPUBLIC-2022-1.jpg\" alt=\"\" class=\"no-lazyload\" \/><img src=\"https:\/\/artcircle.si\/wp-content\/uploads\/2022\/04\/VERONICA-UGALDE-MEXICO-2022.jpg\" alt=\"\" class=\"no-lazyload\" \/><img src=\"https:\/\/artcircle.si\/wp-content\/uploads\/2022\/04\/ZDRAVKO-MILIC-CROATIA-2022.jpg\" alt=\"\" class=\"no-lazyload\" \/><img src=\"https:\/\/artcircle.si\/wp-content\/uploads\/2022\/04\/STANO-CERNY_SLOVAKIA-2022.jpg\" alt=\"\" class=\"no-lazyload\" \/><img src=\"https:\/\/artcircle.si\/wp-content\/uploads\/2022\/04\/HANA-RODKOVA-Ceska_2022.jpg\" alt=\"\" class=\"no-lazyload\" \/><img src=\"https:\/\/artcircle.si\/wp-content\/uploads\/2022\/04\/CEZAR-ALTAI-BRAZIL-2022.jpg\" alt=\"\" class=\"no-lazyload\" \/><\/noscript>[\/vc_column_text][\/vc_column][\/vc_row]\n","protected":false},"excerpt":{"rendered":"<p>[vc_row type=&#8221;in_container&#8221; full_screen_row_position=&#8221;middle&#8221; scene_position=&#8221;center&#8221; text_color=&#8221;dark&#8221; text_align=&#8221;left&#8221; overlay_strength=&#8221;0.3&#8243; shape_divider_position=&#8221;bottom&#8221; bg_image_animation=&#8221;none&#8221;][vc_column column_padding=&#8221;no-extra-padding&#8221; column_padding_position=&#8221;all&#8221; background_color_opacity=&#8221;1&#8243; background_hover_color_opacity=&#8221;1&#8243; column_link_target=&#8221;_self&#8221; column_shadow=&#8221;none&#8221; column_border_radius=&#8221;none&#8221; width=&#8221;1\/1&#8243; tablet_width_inherit=&#8221;default&#8221; tablet_text_alignment=&#8221;default&#8221; phone_text_alignment=&#8221;default&#8221; column_border_width=&#8221;none&#8221; column_border_style=&#8221;solid&#8221; bg_image_animation=&#8221;none&#8221;][vc_column_text] Art Collections 2022 [\/vc_column_text][\/vc_column][\/vc_row][vc_row type=&#8221;in_container&#8221; full_screen_row_position=&#8221;middle&#8221; scene_position=&#8221;center&#8221;&#8230;<\/p>\n","protected":false},"author":2,"featured_media":0,"parent":6243,"menu_order":0,"comment_status":"closed","ping_status":"closed","template":"","meta":{"inline_featured_image":false},"yoast_head":"<!-- This site is optimized with the Yoast SEO plugin v21.1 - https:\/\/yoast.com\/wordpress\/plugins\/seo\/ -->\n<title>Art Collections 2022 - ART CIRCLE International<\/title>\n<meta name=\"robots\" content=\"index, follow, max-snippet:-1, max-image-preview:large, max-video-preview:-1\" \/>\n<link rel=\"canonical\" href=\"https:\/\/artcircle.si\/en\/gallery\/art-collections-2022\/\" \/>\n<meta property=\"og:locale\" content=\"en_US\" \/>\n<meta property=\"og:type\" content=\"article\" \/>\n<meta property=\"og:title\" content=\"Art Collections 2022 - ART CIRCLE International\" \/>\n<meta property=\"og:description\" content=\"[vc_row type=&#8221;in_container&#8221; full_screen_row_position=&#8221;middle&#8221; scene_position=&#8221;center&#8221; text_color=&#8221;dark&#8221; text_align=&#8221;left&#8221; overlay_strength=&#8221;0.3&#8243; shape_divider_position=&#8221;bottom&#8221; bg_image_animation=&#8221;none&#8221;][vc_column column_padding=&#8221;no-extra-padding&#8221; column_padding_position=&#8221;all&#8221; background_color_opacity=&#8221;1&#8243; background_hover_color_opacity=&#8221;1&#8243; column_link_target=&#8221;_self&#8221; column_shadow=&#8221;none&#8221; column_border_radius=&#8221;none&#8221; width=&#8221;1\/1&#8243; tablet_width_inherit=&#8221;default&#8221; tablet_text_alignment=&#8221;default&#8221; phone_text_alignment=&#8221;default&#8221; column_border_width=&#8221;none&#8221; column_border_style=&#8221;solid&#8221; bg_image_animation=&#8221;none&#8221;][vc_column_text] Art Collections 2022 [\/vc_column_text][\/vc_column][\/vc_row][vc_row type=&#8221;in_container&#8221; full_screen_row_position=&#8221;middle&#8221; scene_position=&#8221;center&#8221;...\" \/>\n<meta property=\"og:url\" content=\"https:\/\/artcircle.si\/en\/gallery\/art-collections-2022\/\" \/>\n<meta property=\"og:site_name\" content=\"ART CIRCLE International\" \/>\n<meta name=\"twitter:card\" content=\"summary_large_image\" \/>\n<meta name=\"twitter:label1\" content=\"Est. reading time\" \/>\n\t<meta name=\"twitter:data1\" content=\"1 minute\" \/>\n<script type=\"application\/ld+json\" class=\"yoast-schema-graph\">{\"@context\":\"https:\/\/schema.org\",\"@graph\":[{\"@type\":\"WebPage\",\"@id\":\"https:\/\/artcircle.si\/en\/gallery\/art-collections-2022\/\",\"url\":\"https:\/\/artcircle.si\/en\/gallery\/art-collections-2022\/\",\"name\":\"Art Collections 2022 - ART CIRCLE International\",\"isPartOf\":{\"@id\":\"https:\/\/artcircle.si\/en\/#website\"},\"datePublished\":\"2022-04-15T08:21:56+00:00\",\"dateModified\":\"2022-04-15T08:21:56+00:00\",\"breadcrumb\":{\"@id\":\"https:\/\/artcircle.si\/en\/gallery\/art-collections-2022\/#breadcrumb\"},\"inLanguage\":\"en-US\",\"potentialAction\":[{\"@type\":\"ReadAction\",\"target\":[\"https:\/\/artcircle.si\/en\/gallery\/art-collections-2022\/\"]}]},{\"@type\":\"BreadcrumbList\",\"@id\":\"https:\/\/artcircle.si\/en\/gallery\/art-collections-2022\/#breadcrumb\",\"itemListElement\":[{\"@type\":\"ListItem\",\"position\":1,\"name\":\"Home\",\"item\":\"https:\/\/artcircle.si\/en\/\"},{\"@type\":\"ListItem\",\"position\":2,\"name\":\"Gallery\",\"item\":\"https:\/\/artcircle.si\/en\/gallery\/\"},{\"@type\":\"ListItem\",\"position\":3,\"name\":\"Art Collections 2022\"}]},{\"@type\":\"WebSite\",\"@id\":\"https:\/\/artcircle.si\/en\/#website\",\"url\":\"https:\/\/artcircle.si\/en\/\",\"name\":\"ART CIRCLE International\",\"description\":\"International Visual Arts Festival\",\"publisher\":{\"@id\":\"https:\/\/artcircle.si\/en\/#organization\"},\"potentialAction\":[{\"@type\":\"SearchAction\",\"target\":{\"@type\":\"EntryPoint\",\"urlTemplate\":\"https:\/\/artcircle.si\/en\/?s={search_term_string}\"},\"query-input\":\"required name=search_term_string\"}],\"inLanguage\":\"en-US\"},{\"@type\":\"Organization\",\"@id\":\"https:\/\/artcircle.si\/en\/#organization\",\"name\":\"ART CIRCLE International\",\"url\":\"https:\/\/artcircle.si\/en\/\",\"logo\":{\"@type\":\"ImageObject\",\"inLanguage\":\"en-US\",\"@id\":\"https:\/\/artcircle.si\/en\/#\/schema\/logo\/image\/\",\"url\":\"https:\/\/artcircle.si\/wp-content\/uploads\/2026\/04\/AC-Neutral__BLACK.png\",\"contentUrl\":\"https:\/\/artcircle.si\/wp-content\/uploads\/2026\/04\/AC-Neutral__BLACK.png\",\"width\":2000,\"height\":2000,\"caption\":\"ART CIRCLE International\"},\"image\":{\"@id\":\"https:\/\/artcircle.si\/en\/#\/schema\/logo\/image\/\"}}]}<\/script>\n<!-- \/ Yoast SEO plugin. -->","yoast_head_json":{"title":"Art Collections 2022 - ART CIRCLE International","robots":{"index":"index","follow":"follow","max-snippet":"max-snippet:-1","max-image-preview":"max-image-preview:large","max-video-preview":"max-video-preview:-1"},"canonical":"https:\/\/artcircle.si\/en\/gallery\/art-collections-2022\/","og_locale":"en_US","og_type":"article","og_title":"Art Collections 2022 - ART CIRCLE International","og_description":"[vc_row type=&#8221;in_container&#8221; full_screen_row_position=&#8221;middle&#8221; scene_position=&#8221;center&#8221; text_color=&#8221;dark&#8221; text_align=&#8221;left&#8221; overlay_strength=&#8221;0.3&#8243; shape_divider_position=&#8221;bottom&#8221; bg_image_animation=&#8221;none&#8221;][vc_column column_padding=&#8221;no-extra-padding&#8221; column_padding_position=&#8221;all&#8221; background_color_opacity=&#8221;1&#8243; background_hover_color_opacity=&#8221;1&#8243; column_link_target=&#8221;_self&#8221; column_shadow=&#8221;none&#8221; column_border_radius=&#8221;none&#8221; width=&#8221;1\/1&#8243; tablet_width_inherit=&#8221;default&#8221; tablet_text_alignment=&#8221;default&#8221; phone_text_alignment=&#8221;default&#8221; column_border_width=&#8221;none&#8221; column_border_style=&#8221;solid&#8221; bg_image_animation=&#8221;none&#8221;][vc_column_text] Art Collections 2022 [\/vc_column_text][\/vc_column][\/vc_row][vc_row type=&#8221;in_container&#8221; full_screen_row_position=&#8221;middle&#8221; scene_position=&#8221;center&#8221;...","og_url":"https:\/\/artcircle.si\/en\/gallery\/art-collections-2022\/","og_site_name":"ART CIRCLE International","twitter_card":"summary_large_image","twitter_misc":{"Est. reading time":"1 minute"},"schema":{"@context":"https:\/\/schema.org","@graph":[{"@type":"WebPage","@id":"https:\/\/artcircle.si\/en\/gallery\/art-collections-2022\/","url":"https:\/\/artcircle.si\/en\/gallery\/art-collections-2022\/","name":"Art Collections 2022 - ART CIRCLE International","isPartOf":{"@id":"https:\/\/artcircle.si\/en\/#website"},"datePublished":"2022-04-15T08:21:56+00:00","dateModified":"2022-04-15T08:21:56+00:00","breadcrumb":{"@id":"https:\/\/artcircle.si\/en\/gallery\/art-collections-2022\/#breadcrumb"},"inLanguage":"en-US","potentialAction":[{"@type":"ReadAction","target":["https:\/\/artcircle.si\/en\/gallery\/art-collections-2022\/"]}]},{"@type":"BreadcrumbList","@id":"https:\/\/artcircle.si\/en\/gallery\/art-collections-2022\/#breadcrumb","itemListElement":[{"@type":"ListItem","position":1,"name":"Home","item":"https:\/\/artcircle.si\/en\/"},{"@type":"ListItem","position":2,"name":"Gallery","item":"https:\/\/artcircle.si\/en\/gallery\/"},{"@type":"ListItem","position":3,"name":"Art Collections 2022"}]},{"@type":"WebSite","@id":"https:\/\/artcircle.si\/en\/#website","url":"https:\/\/artcircle.si\/en\/","name":"ART CIRCLE International","description":"International Visual Arts Festival","publisher":{"@id":"https:\/\/artcircle.si\/en\/#organization"},"potentialAction":[{"@type":"SearchAction","target":{"@type":"EntryPoint","urlTemplate":"https:\/\/artcircle.si\/en\/?s={search_term_string}"},"query-input":"required name=search_term_string"}],"inLanguage":"en-US"},{"@type":"Organization","@id":"https:\/\/artcircle.si\/en\/#organization","name":"ART CIRCLE International","url":"https:\/\/artcircle.si\/en\/","logo":{"@type":"ImageObject","inLanguage":"en-US","@id":"https:\/\/artcircle.si\/en\/#\/schema\/logo\/image\/","url":"https:\/\/artcircle.si\/wp-content\/uploads\/2026\/04\/AC-Neutral__BLACK.png","contentUrl":"https:\/\/artcircle.si\/wp-content\/uploads\/2026\/04\/AC-Neutral__BLACK.png","width":2000,"height":2000,"caption":"ART CIRCLE International"},"image":{"@id":"https:\/\/artcircle.si\/en\/#\/schema\/logo\/image\/"}}]}},"_links":{"self":[{"href":"https:\/\/artcircle.si\/en\/wp-json\/wp\/v2\/pages\/7851"}],"collection":[{"href":"https:\/\/artcircle.si\/en\/wp-json\/wp\/v2\/pages"}],"about":[{"href":"https:\/\/artcircle.si\/en\/wp-json\/wp\/v2\/types\/page"}],"author":[{"embeddable":true,"href":"https:\/\/artcircle.si\/en\/wp-json\/wp\/v2\/users\/2"}],"replies":[{"embeddable":true,"href":"https:\/\/artcircle.si\/en\/wp-json\/wp\/v2\/comments?post=7851"}],"version-history":[{"count":2,"href":"https:\/\/artcircle.si\/en\/wp-json\/wp\/v2\/pages\/7851\/revisions"}],"predecessor-version":[{"id":7853,"href":"https:\/\/artcircle.si\/en\/wp-json\/wp\/v2\/pages\/7851\/revisions\/7853"}],"up":[{"embeddable":true,"href":"https:\/\/artcircle.si\/en\/wp-json\/wp\/v2\/pages\/6243"}],"wp:attachment":[{"href":"https:\/\/artcircle.si\/en\/wp-json\/wp\/v2\/media?parent=7851"}],"curies":[{"name":"wp","href":"https:\/\/api.w.org\/{rel}","templated":true}]}}